{"id":1534,"date":"2024-08-16T11:50:21","date_gmt":"2024-08-16T11:50:21","guid":{"rendered":"https:\/\/www.visitsantamariadelcami.com\/patrimoni\/"},"modified":"2024-10-02T08:38:32","modified_gmt":"2024-10-02T08:38:32","slug":"patrimoni","status":"publish","type":"page","link":"https:\/\/www.visitsantamariadelcami.com\/es\/patrimoni\/","title":{"rendered":"Patrimonio"},"content":{"rendered":"\t\t<div data-elementor-type=\"wp-page\" data-elementor-id=\"1534\" class=\"elementor elementor-1534 elementor-87\" data-elementor-post-type=\"page\">\n\t\t\t\t<div class=\"elementor-element elementor-element-5e74ab3 e-flex e-con-boxed e-con e-parent\" data-id=\"5e74ab3\" data-element_type=\"container\" data-settings=\"{&quot;background_background&quot;:&quot;classic&quot;}\">\n\t\t\t\t\t<div class=\"e-con-inner\">\n\t\t\t\t<div class=\"elementor-element elementor-element-b05b299 elementor-widget elementor-widget-heading\" data-id=\"b05b299\" data-element_type=\"widget\" data-widget_type=\"heading.default\">\n\t\t\t\t<div class=\"elementor-widget-container\">\n\t\t\t<h1 class=\"elementor-heading-title elementor-size-default\">Patrimonio<\/h1>\t\t<\/div>\n\t\t\t\t<\/div>\n\t\t\t\t<div class=\"elementor-element elementor-element-67ee0b1 elementor-widget elementor-widget-heading\" data-id=\"67ee0b1\" data-element_type=\"widget\" data-widget_type=\"heading.default\">\n\t\t\t\t<div class=\"elementor-widget-container\">\n\t\t\t<h3 class=\"elementor-heading-title elementor-size-default\">un viaje por la historia y la cultura  <\/h3>\t\t<\/div>\n\t\t\t\t<\/div>\n\t\t\t\t\t<\/div>\n\t\t\t\t<\/div>\n\t\t<div class=\"elementor-element elementor-element-178c6b3 e-flex e-con-boxed e-con e-parent\" data-id=\"178c6b3\" data-element_type=\"container\">\n\t\t\t\t\t<div class=\"e-con-inner\">\n\t\t\t\t<div class=\"elementor-element elementor-element-975a32d elementor-view-default elementor-widget elementor-widget-icon\" data-id=\"975a32d\" data-element_type=\"widget\" data-widget_type=\"icon.default\">\n\t\t\t\t<div class=\"elementor-widget-container\">\n\t\t\t\t\t<div class=\"elementor-icon-wrapper\">\n\t\t\t<div class=\"elementor-icon\">\n\t\t\t<svg xmlns=\"http:\/\/www.w3.org\/2000\/svg\" id=\"Capa_1\" viewBox=\"0 0 163.56 212.16\"><defs><style>      .cls-1 {        fill: #1d1d1b;      }    <\/style><\/defs><path class=\"cls-1\" d=\"M135.1,63.17h0c-12.18,0-22.61,7.71-26.65,18.5-1.41-3.78-3.62-7.24-6.55-10.17-5.37-5.37-12.51-8.33-20.1-8.33h-.02c-12.19,0-22.62,7.72-26.65,18.52-1.41-3.78-3.63-7.25-6.56-10.19-5.37-5.37-12.51-8.33-20.1-8.33h-.02c-15.69,0-28.45,12.76-28.45,28.45s12.76,28.45,28.45,28.45c1.55,0,3.08-.12,4.57-.37-4.11,5.05-6.35,11.31-6.35,17.92,0,7.6,2.96,14.74,8.33,20.12,5.37,5.37,12.51,8.33,20.12,8.34h0c1.59,0,3.15-.14,4.69-.39-4.03,4.91-6.46,11.19-6.46,18.02,0,15.68,12.76,28.45,28.44,28.45h0c15.68,0,28.44-12.76,28.45-28.44h0c0-6.84-2.42-13.11-6.45-18.02,1.52.25,3.07.39,4.66.39,15.68,0,28.45-12.76,28.45-28.45h0c0-6.79-2.39-13.04-6.37-17.93,1.49.24,3.03.37,4.59.37h0c7.6,0,14.74-2.96,20.12-8.34,5.37-5.37,8.33-12.51,8.33-20.11v-.02c0-15.69-12.77-28.45-28.46-28.45ZM108.44,101.58c1.09,2.92,2.64,5.61,4.57,7.98-1.49-.25-3.03-.37-4.59-.37s-3.08.12-4.57.37c1.75-2.15,3.17-4.52,4.21-7.04.13-.31.25-.62.37-.94ZM81.78,66.75h.02c6.64,0,12.88,2.59,17.57,7.28,4.61,4.62,7.2,10.74,7.28,17.26,0,.11,0,.23,0,.34s0,.22,0,.33c-.09,6.52-2.67,12.63-7.29,17.25-1.08,1.08-2.23,2.04-3.46,2.88-1.19.58-2.33,1.25-3.42,1.99-3.3,1.58-6.94,2.41-10.71,2.41h0c-3.85,0-7.5-.88-10.77-2.46h0c-1.06-.72-2.15-1.35-3.28-1.91-6.53-4.48-10.82-12-10.81-20.51,0-13.71,11.16-24.87,24.87-24.87ZM86.37,119.7c-1.94,2.38-3.5,5.07-4.59,7.99-1.07-2.88-2.61-5.57-4.58-7.99,1.5.24,3.03.37,4.58.37h0c1.55,0,3.08-.12,4.58-.37ZM59.71,109.55c-1.51-.24-3.04-.37-4.59-.37h0c-1.55,0-3.09.12-4.59.37,1.94-2.38,3.5-5.08,4.59-8.01,1.07,2.88,2.61,5.58,4.59,8.01ZM28.45,116.5c-13.71,0-24.88-11.16-24.88-24.88s11.16-24.88,24.88-24.88h.02c6.64,0,12.87,2.59,17.57,7.28,4.7,4.7,7.29,10.95,7.29,17.6,0,8.46-4.25,15.95-10.72,20.45-1.2.58-2.35,1.25-3.46,2.01-3.24,1.55-6.87,2.42-10.7,2.42ZM55.11,162.5c-6.64,0-12.89-2.59-17.59-7.29-4.69-4.7-7.28-10.94-7.28-17.59,0-8.49,4.28-16.01,10.8-20.5,1.14-.56,2.24-1.2,3.29-1.91,0,0,0,0,.01,0,3.26-1.57,6.91-2.45,10.76-2.45h0c3.86,0,7.51.88,10.77,2.46h0c1.06.72,2.17,1.36,3.3,1.92,6.51,4.49,10.79,11.99,10.79,20.48h0c0,6.65-2.59,12.9-7.29,17.6-1.24,1.24-2.59,2.33-4.02,3.26-.76.39-1.49.82-2.21,1.28-3.47,1.78-7.34,2.74-11.35,2.74h0ZM81.78,147.57c1.11,2.97,2.71,5.69,4.69,8.09-1.53-.25-3.09-.39-4.68-.39-1.59,0-3.15.14-4.67.39,2.01-2.44,3.59-5.17,4.67-8.09ZM106.66,183.72h0c0,13.72-11.16,24.87-24.87,24.87h0c-13.71,0-24.87-11.16-24.87-24.88,0-8.71,4.51-16.38,11.3-20.82.76-.4,1.51-.83,2.23-1.3,3.4-1.75,7.25-2.74,11.33-2.74h0c4.11,0,7.98,1.01,11.4,2.78.69.44,1.39.85,2.12,1.23,6.83,4.44,11.36,12.13,11.36,20.86ZM133.31,137.63h0c0,13.72-11.16,24.88-24.87,24.88-4.07,0-7.91-.99-11.3-2.73-.73-.47-1.49-.91-2.27-1.32-6.8-4.45-11.31-12.12-11.31-20.83h0c0-8.48,4.26-15.98,10.75-20.46,1.18-.58,2.33-1.25,3.42-1.99,3.24-1.55,6.87-2.42,10.7-2.42h0c3.85,0,7.5.88,10.76,2.45,0,0,0,0,.01,0,1.06.72,2.17,1.36,3.31,1.93,6.51,4.49,10.79,12,10.79,20.49ZM135.1,116.51h0c-3.85,0-7.5-.88-10.76-2.45,0,0,0,0-.01,0-1.06-.72-2.17-1.36-3.31-1.93-6.42-4.43-10.68-11.8-10.79-20.16,0-.11,0-.23,0-.34s0-.22,0-.33c.18-13.57,11.27-24.55,24.87-24.55h0c13.72,0,24.88,11.16,24.89,24.88,0,13.72-11.16,24.89-24.88,24.89Z\"><\/path><path class=\"cls-1\" d=\"M33.45,45.97c2.89,1.22,5.89,1.8,8.84,1.8,8.91,0,17.39-5.24,21.06-13.95.38-.91-.04-1.96-.95-2.34-.91-.39-1.96.04-2.34.95-4.13,9.78-15.44,14.37-25.22,10.24-9.78-4.13-14.38-15.44-10.25-25.22.43-1.02.95-2,1.54-2.92.06-.07.12-.15.17-.24.05-.08.1-.16.15-.24,1.39-2.28,3.37-4.25,5.74-5.84,7.03-4.71,17.55-6.13,26.96-3.01,6.59,2.19,20.85,9.67,20.85,33.2v.06c0,2.28-.14,4.72-.43,7.31-.11.98.61,1.77,1.58,1.97.19.04,1.2,0,1.28,0,.99-.04,1.69-.99,1.58-1.97-.29-2.6-.43-5.02-.43-7.31v-.05c0-23.53,14.26-31.01,20.85-33.2,9.03-3.01,19.08-1.81,26.09,2.45.15.09.29.18.44.27.11.15.26.28.43.38.57.34,1.11.72,1.64,1.11.02,0,.03.02.05.04,1.97,1.5,3.62,3.36,4.88,5.48.44.74.83,1.52,1.17,2.32,4.13,9.78-.46,21.1-10.24,25.23-4.74,2-9.97,2.04-14.73.1s-8.49-5.61-10.49-10.34c-.38-.91-1.43-1.34-2.34-.95-.91.38-1.33,1.43-.95,2.34,3.68,8.7,12.16,13.94,21.06,13.94,2.96,0,5.97-.58,8.85-1.8,11.6-4.9,17.04-18.31,12.15-29.91-1.68-3.97-4.38-7.32-7.88-9.77-.01,0-.02-.02-.04-.03C126.53.17,114.2-1.81,103.29,1.83c-7.63,2.54-13.8,7.5-17.83,14.34-1.56,2.64-2.79,5.53-3.68,8.65-.89-3.12-2.12-6.01-3.68-8.66-4.03-6.84-10.2-11.79-17.83-14.33-14.03-4.67-30.41-.06-36.81,10.26-.01.01-.02.03-.03.04-.83,1.23-1.55,2.54-2.13,3.93-2.37,5.62-2.41,11.82-.12,17.47,2.29,5.65,6.65,10.06,12.27,12.43Z\"><\/path><\/svg>\t\t\t<\/div>\n\t\t<\/div>\n\t\t\t\t<\/div>\n\t\t\t\t<\/div>\n\t\t\t\t<div class=\"elementor-element elementor-element-6fbaf5d elementor-widget elementor-widget-heading\" data-id=\"6fbaf5d\" data-element_type=\"widget\" data-widget_type=\"heading.default\">\n\t\t\t\t<div class=\"elementor-widget-container\">\n\t\t\t<h4 class=\"elementor-heading-title elementor-size-default\">ELEMENTOS HIST\u00d3RICOS  <\/h4>\t\t<\/div>\n\t\t\t\t<\/div>\n\t\t\t\t<div class=\"elementor-element elementor-element-99fda2c elementor-widget elementor-widget-heading\" data-id=\"99fda2c\" data-element_type=\"widget\" data-widget_type=\"heading.default\">\n\t\t\t\t<div class=\"elementor-widget-container\">\n\t\t\t<h2 class=\"elementor-heading-title elementor-size-default\">Patrimonio de Santa Maria del Cam\u00ed<\/h2>\t\t<\/div>\n\t\t\t\t<\/div>\n\t\t\t\t<div class=\"elementor-element elementor-element-c3b32e8 elementor-widget elementor-widget-text-editor\" data-id=\"c3b32e8\" data-element_type=\"widget\" data-widget_type=\"text-editor.default\">\n\t\t\t\t<div class=\"elementor-widget-container\">\n\t\t\t\t\t\t\t<p>Bienvenidos a la secci\u00f3n de patrimonio de Santa Maria del Cam\u00ed, un lugar lleno de historia y encanto a pocos minutos de Palma, accesible tanto en veh\u00edculo propio como en transporte p\u00fablico, especialmente en tren. Explora los 21 elementos patrimoniales m\u00e1s emblem\u00e1ticos de este municipio tradicional de Mallorca, donde cada rinc\u00f3n cuenta una historia y cada edificio es testigo de \u00e9pocas pasadas.<\/p><p>Pasear por Santa Maria del Cam\u00ed es como viajar en el tiempo. Sus calles adoquinadas y edificaciones hist\u00f3ricas, como la Iglesia Parroquial de Santa Mar\u00eda, reflejan un patrimonio que ha sido cuidadosamente preservado en el tiempo. No te pierdas la Torre de Son Segu\u00ed y otros monumentos que narran la historia de este encantador lugar.<\/p>\t\t\t\t\t\t<\/div>\n\t\t\t\t<\/div>\n\t\t\t\t\t<\/div>\n\t\t\t\t<\/div>\n\t\t<div class=\"elementor-element elementor-element-5d77c0f e-flex e-con-boxed e-con e-parent\" data-id=\"5d77c0f\" data-element_type=\"container\" data-settings=\"{&quot;background_background&quot;:&quot;classic&quot;}\">\n\t\t\t\t\t<div class=\"e-con-inner\">\n\t\t<div class=\"elementor-element elementor-element-53b5798 e-con-full e-flex e-con e-child\" data-id=\"53b5798\" data-element_type=\"container\">\n\t\t\t\t<div class=\"elementor-element elementor-element-ac47603 elementor-view-default elementor-widget elementor-widget-icon\" data-id=\"ac47603\" data-element_type=\"widget\" data-widget_type=\"icon.default\">\n\t\t\t\t<div class=\"elementor-widget-container\">\n\t\t\t\t\t<div class=\"elementor-icon-wrapper\">\n\t\t\t<div class=\"elementor-icon\">\n\t\t\t<svg xmlns=\"http:\/\/www.w3.org\/2000\/svg\" xmlns:xlink=\"http:\/\/www.w3.org\/1999\/xlink\" id=\"Capa_1\" viewBox=\"0 0 380.8 214.15\"><defs><style>      .cls-1 {        fill: none;      }      .cls-2 {        isolation: isolate;        opacity: .25;      }      .cls-3 {        fill: #fff;      }      .cls-4 {        clip-path: url(#clippath);      }    <\/style><clipPath id=\"clippath\"><rect class=\"cls-1\" x=\"0\" width=\"380.8\" height=\"214.15\"><\/rect><\/clipPath><\/defs><g id=\"Grupo_45\" class=\"cls-2\"><g class=\"cls-4\"><g id=\"Grupo_44\"><path id=\"Trazado_59\" class=\"cls-3\" d=\"M190.4,214.15C106.11,214.15,31.62,173.16.61,109.72c-.81-1.67-.81-3.63,0-5.3C31.6,41,106.11,0,190.4,0c18.95-.02,37.84,2.11,56.3,6.36,3.25.75,5.27,3.99,4.52,7.24-.75,3.25-3.99,5.27-7.24,4.52h0c-17.57-4.05-35.55-6.08-53.58-6.06C111.88,12.07,42.54,49.27,12.78,107.07c29.76,57.82,99.1,95.01,177.62,95.01s147.86-37.2,177.62-95.01c-16.39-31.74-45.93-58.42-83.54-75.35-3-1.44-4.27-5.05-2.82-8.05,1.39-2.89,4.81-4.19,7.77-2.95,41.21,18.54,73.44,48.27,90.75,83.71.82,1.67.82,3.63,0,5.3-31,63.43-105.49,104.42-189.79,104.42\"><\/path><path id=\"Trazado_60\" class=\"cls-3\" d=\"M190.4,184.51c-83.92,0-158.24-29.05-189.33-74-1.43-2.06-1.43-4.8,0-6.86C32.16,58.7,106.47,29.65,190.4,29.65s158.25,29.05,189.33,74c1.43,2.06,1.43,4.8,0,6.86-31.08,44.96-105.4,74-189.33,74M13.49,107.07c30.01,39.25,100.27,65.37,176.91,65.37s146.9-26.13,176.91-65.37c-30.01-39.25-100.27-65.37-176.91-65.37S43.5,67.83,13.49,107.07\"><\/path><path id=\"Trazado_61\" class=\"cls-3\" d=\"M190.4,184.22c-42.61,0-77.14-34.54-77.14-77.15S147.8,29.93,190.4,29.93c42.6,0,77.14,34.54,77.14,77.14-.05,42.59-34.56,77.1-77.15,77.15M190.4,41.99c-35.94,0-65.08,29.14-65.07,65.09,0,35.94,29.14,65.08,65.09,65.07,35.94,0,65.07-29.14,65.07-65.08-.04-35.93-29.16-65.04-65.09-65.08\"><\/path><path id=\"Trazado_62\" class=\"cls-3\" d=\"M190.4,145.81c-21.39-.02-38.72-17.35-38.74-38.74.04-3.33,2.78-6,6.11-5.95,3.27.04,5.91,2.68,5.95,5.95,0,14.74,11.94,26.69,26.67,26.69,14.74,0,26.69-11.94,26.69-26.67,0-14.74-11.94-26.69-26.67-26.69,0,0,0,0-.01,0-3.33.04-6.07-2.62-6.11-5.95-.04-3.33,2.62-6.07,5.95-6.11.05,0,.1,0,.16,0,21.39-.11,38.83,17.15,38.93,38.54.11,21.39-17.15,38.83-38.54,38.93-.13,0-.26,0-.39,0\"><\/path><path id=\"Trazado_63\" class=\"cls-3\" d=\"M179.41,113.11c-3.33,0-6.03-2.7-6.03-6.03h0c.01-9.4,7.63-17.01,17.03-17.02,3.33-.04,6.07,2.62,6.11,5.95.04,3.33-2.62,6.07-5.95,6.11-.05,0-.1,0-.16,0-2.74,0-4.95,2.22-4.95,4.96,0,3.33-2.7,6.03-6.03,6.03h0\"><\/path><\/g><\/g><\/g><\/svg>\t\t\t<\/div>\n\t\t<\/div>\n\t\t\t\t<\/div>\n\t\t\t\t<\/div>\n\t\t\t\t<div class=\"elementor-element elementor-element-0fb8a0b elementor-widget elementor-widget-heading\" data-id=\"0fb8a0b\" data-element_type=\"widget\" data-widget_type=\"heading.default\">\n\t\t\t\t<div class=\"elementor-widget-container\">\n\t\t\t<h2 class=\"elementor-heading-title elementor-size-default\">vive la experiencia<\/h2>\t\t<\/div>\n\t\t\t\t<\/div>\n\t\t\t\t<\/div>\n\t\t<div class=\"elementor-element elementor-element-17481e3 e-con-full e-flex e-con e-child\" data-id=\"17481e3\" data-element_type=\"container\">\n\t\t\t\t<div class=\"elementor-element elementor-element-c67018a elementor-widget elementor-widget-video\" data-id=\"c67018a\" data-element_type=\"widget\" data-settings=\"{&quot;youtube_url&quot;:&quot;https:\\\/\\\/youtu.be\\\/kqRErum4ff0?feature=shared&quot;,&quot;video_type&quot;:&quot;youtube&quot;,&quot;controls&quot;:&quot;yes&quot;}\" data-widget_type=\"video.default\">\n\t\t\t\t<div class=\"elementor-widget-container\">\n\t\t\t\t\t<div class=\"elementor-wrapper elementor-open-inline\">\n\t\t\t<div class=\"elementor-video\"><\/div>\t\t<\/div>\n\t\t\t\t<\/div>\n\t\t\t\t<\/div>\n\t\t\t\t<\/div>\n\t\t\t\t\t<\/div>\n\t\t\t\t<\/div>\n\t\t<div class=\"elementor-element elementor-element-4733fd1 e-grid e-con-boxed e-con e-parent\" data-id=\"4733fd1\" data-element_type=\"container\">\n\t\t\t\t\t<div class=\"e-con-inner\">\n\t\t<div class=\"elementor-element elementor-element-36a97ce e-con-full e-flex e-con e-child\" data-id=\"36a97ce\" data-element_type=\"container\">\n\t\t\t\t<div class=\"elementor-element elementor-element-2b6eb41 elementor-flip-box--effect-fade elementor-widget elementor-widget-flip-box\" data-id=\"2b6eb41\" data-element_type=\"widget\" data-widget_type=\"flip-box.default\">\n\t\t\t\t<div class=\"elementor-widget-container\">\n\t\t\t\t\t<div class=\"elementor-flip-box\" tabindex=\"0\">\n\t\t\t<div class=\"elementor-flip-box__layer elementor-flip-box__front\">\n\t\t\t\t<div class=\"elementor-flip-box__layer__overlay\">\n\t\t\t\t\t<div class=\"elementor-flip-box__layer__inner\">\n\t\t\t\t\t\t\t\t\t\t\t\t\t<div class=\"elementor-icon-wrapper elementor-view-default\">\n\t\t\t\t\t\t\t\t<div class=\"elementor-icon\">\n\t\t\t\t\t\t\t\t\t\t\t\t\t\t\t\t\t<\/div>\n\t\t\t\t\t\t\t<\/div>\n\t\t\t\t\t\t\n\t\t\t\t\t\t\t\t\t\t\t\t\t<h3 class=\"elementor-flip-box__layer__title\">\n\t\t\t\t\t\t\t\tParroquia de Santa Mar\u00eda del Cam\u00ed\t\t\t\t\t\t\t<\/h3>\n\t\t\t\t\t\t\n\t\t\t\t\t\t\t\t\t\t\t<\/div>\n\t\t\t\t<\/div>\n\t\t\t<\/div>\n\t\t\t<div class=\"elementor-flip-box__layer elementor-flip-box__back\">\n\t\t\t<div class=\"elementor-flip-box__layer__overlay\">\n\t\t\t\t<div class=\"elementor-flip-box__layer__inner\">\n\t\t\t\t\t\t\t\t\t\t\t<h3 class=\"elementor-flip-box__layer__title\">\n\t\t\t\t\t\t\tParroquia de Santa Maria del Cam\u00ed\t\t\t\t\t\t<\/h3>\n\t\t\t\t\t\n\t\t\t\t\t\t\t\t\t\t\t<div class=\"elementor-flip-box__layer__description\">\n\t\t\t\t\t\t\tLa parroquia de Santa Maria del Cam\u00ed, como bien su nombre indica, est\u00e1 dedicada a Santa Mar\u00eda del Camino. El pueblo recibe esta denominaci\u00f3n porque se encuentra en un cruce de antiguos caminos que atravesaban la isla (Camino real de Muro, Camino de Palma, Camino de S\u00f3ller, Camino de Sant Jordi) y estaba delante de la parroquia donde conflu\u00edan. El edificio actual, de estilo barroco, est\u00e1 construido sobre una antigua ermita del siglo XIII. Las obras se iniciaron en 1707 y duraron hasta 1737.     \t\t\t\t\t\t<\/div>\n\t\t\t\t\t\n\t\t\t\t\t\t\t\t<\/div>\n\t\t<\/div>\n\t\t<\/div>\n\t\t<\/div>\n\t\t\t\t<\/div>\n\t\t\t\t<\/div>\n\t\t\t\t<\/div>\n\t\t<div class=\"elementor-element elementor-element-d1b31d3 e-con-full e-flex e-con e-child\" data-id=\"d1b31d3\" data-element_type=\"container\">\n\t\t\t\t<div class=\"elementor-element elementor-element-c45cc23 elementor-flip-box--effect-fade elementor-widget elementor-widget-flip-box\" data-id=\"c45cc23\" data-element_type=\"widget\" data-widget_type=\"flip-box.default\">\n\t\t\t\t<div class=\"elementor-widget-container\">\n\t\t\t\t\t<div class=\"elementor-flip-box\" tabindex=\"0\">\n\t\t\t<div class=\"elementor-flip-box__layer elementor-flip-box__front\">\n\t\t\t\t<div class=\"elementor-flip-box__layer__overlay\">\n\t\t\t\t\t<div class=\"elementor-flip-box__layer__inner\">\n\t\t\t\t\t\t\t\t\t\t\t\t\t<div class=\"elementor-icon-wrapper elementor-view-default\">\n\t\t\t\t\t\t\t\t<div class=\"elementor-icon\">\n\t\t\t\t\t\t\t\t\t\t\t\t\t\t\t\t\t<\/div>\n\t\t\t\t\t\t\t<\/div>\n\t\t\t\t\t\t\n\t\t\t\t\t\t\t\t\t\t\t\t\t<h3 class=\"elementor-flip-box__layer__title\">\n\t\t\t\t\t\t\t\tCasa de la Vila\t\t\t\t\t\t\t<\/h3>\n\t\t\t\t\t\t\n\t\t\t\t\t\t\t\t\t\t\t<\/div>\n\t\t\t\t<\/div>\n\t\t\t<\/div>\n\t\t\t<div class=\"elementor-flip-box__layer elementor-flip-box__back\">\n\t\t\t<div class=\"elementor-flip-box__layer__overlay\">\n\t\t\t\t<div class=\"elementor-flip-box__layer__inner\">\n\t\t\t\t\t\t\t\t\t\t\t<h3 class=\"elementor-flip-box__layer__title\">\n\t\t\t\t\t\t\tCasa de la Vila\t\t\t\t\t\t<\/h3>\n\t\t\t\t\t\n\t\t\t\t\t\t\t\t\t\t\t<div class=\"elementor-flip-box__layer__description\">\n\t\t\t\t\t\t\tConstruida en 1566, fue la antigua Curia del Alcalde y Escriban\u00eda de Santa Mar\u00eda. Dispon\u00eda de una sala de reuniones, una c\u00e1rcel, una cuartera y habitaciones por el Magn\u00edfico Juez de la Regia Corte. De estilo renacentista es un ejemplo de monumento de arquitectura civil santamariera.    \t\t\t\t\t\t<\/div>\n\t\t\t\t\t\n\t\t\t\t\t\t\t\t<\/div>\n\t\t<\/div>\n\t\t<\/div>\n\t\t<\/div>\n\t\t\t\t<\/div>\n\t\t\t\t<\/div>\n\t\t\t\t<\/div>\n\t\t<div class=\"elementor-element elementor-element-20b6f1d e-con-full e-flex e-con e-child\" data-id=\"20b6f1d\" data-element_type=\"container\">\n\t\t\t\t<div class=\"elementor-element elementor-element-f792fa9 elementor-flip-box--effect-fade elementor-widget elementor-widget-flip-box\" data-id=\"f792fa9\" data-element_type=\"widget\" data-widget_type=\"flip-box.default\">\n\t\t\t\t<div class=\"elementor-widget-container\">\n\t\t\t\t\t<div class=\"elementor-flip-box\" tabindex=\"0\">\n\t\t\t<div class=\"elementor-flip-box__layer elementor-flip-box__front\">\n\t\t\t\t<div class=\"elementor-flip-box__layer__overlay\">\n\t\t\t\t\t<div class=\"elementor-flip-box__layer__inner\">\n\t\t\t\t\t\t\t\t\t\t\t\t\t<div class=\"elementor-icon-wrapper elementor-view-default\">\n\t\t\t\t\t\t\t\t<div class=\"elementor-icon\">\n\t\t\t\t\t\t\t\t\t\t\t\t\t\t\t\t\t<\/div>\n\t\t\t\t\t\t\t<\/div>\n\t\t\t\t\t\t\n\t\t\t\t\t\t\t\t\t\t\t\t\t<h3 class=\"elementor-flip-box__layer__title\">\n\t\t\t\t\t\t\t\tCa s'Apotecari\t\t\t\t\t\t\t<\/h3>\n\t\t\t\t\t\t\n\t\t\t\t\t\t\t\t\t\t\t<\/div>\n\t\t\t\t<\/div>\n\t\t\t<\/div>\n\t\t\t<div class=\"elementor-flip-box__layer elementor-flip-box__back\">\n\t\t\t<div class=\"elementor-flip-box__layer__overlay\">\n\t\t\t\t<div class=\"elementor-flip-box__layer__inner\">\n\t\t\t\t\t\t\t\t\t\t\t<h3 class=\"elementor-flip-box__layer__title\">\n\t\t\t\t\t\t\tCa s'Apotecari\t\t\t\t\t\t<\/h3>\n\t\t\t\t\t\n\t\t\t\t\t\t\t\t\t\t\t<div class=\"elementor-flip-box__layer__description\">\n\t\t\t\t\t\t\tCa s'Apotecari, edificado en 1710, fue propiedad de la familia Far. Se ubic\u00f3 la botica de D. Mateu Calafat y Canyelles. Es de estilo se\u00f1orial y destacan el porche con las m\u00e9nsulas y balcones decorados y la azotea con empedrado con un banco de piedra natural y barandilla de hierro forjado. Actualmente aloja las oficinas del Ayuntamiento de Santa Maria     \t\t\t\t\t\t<\/div>\n\t\t\t\t\t\n\t\t\t\t\t\t\t\t<\/div>\n\t\t<\/div>\n\t\t<\/div>\n\t\t<\/div>\n\t\t\t\t<\/div>\n\t\t\t\t<\/div>\n\t\t\t\t<\/div>\n\t\t<div class=\"elementor-element elementor-element-ee19670 e-con-full e-flex e-con e-child\" data-id=\"ee19670\" data-element_type=\"container\">\n\t\t\t\t<div class=\"elementor-element elementor-element-f2f1159 elementor-flip-box--effect-fade elementor-widget elementor-widget-flip-box\" data-id=\"f2f1159\" data-element_type=\"widget\" data-widget_type=\"flip-box.default\">\n\t\t\t\t<div class=\"elementor-widget-container\">\n\t\t\t\t\t<div class=\"elementor-flip-box\" tabindex=\"0\">\n\t\t\t<div class=\"elementor-flip-box__layer elementor-flip-box__front\">\n\t\t\t\t<div class=\"elementor-flip-box__layer__overlay\">\n\t\t\t\t\t<div class=\"elementor-flip-box__layer__inner\">\n\t\t\t\t\t\t\t\t\t\t\t\t\t<div class=\"elementor-icon-wrapper elementor-view-default\">\n\t\t\t\t\t\t\t\t<div class=\"elementor-icon\">\n\t\t\t\t\t\t\t\t\t\t\t\t\t\t\t\t\t<\/div>\n\t\t\t\t\t\t\t<\/div>\n\t\t\t\t\t\t\n\t\t\t\t\t\t\t\t\t\t\t\t\t<h3 class=\"elementor-flip-box__layer__title\">\n\t\t\t\t\t\t\t\tCasa del M\u00e9dico Rei\t\t\t\t\t\t\t<\/h3>\n\t\t\t\t\t\t\n\t\t\t\t\t\t\t\t\t\t\t<\/div>\n\t\t\t\t<\/div>\n\t\t\t<\/div>\n\t\t\t<div class=\"elementor-flip-box__layer elementor-flip-box__back\">\n\t\t\t<div class=\"elementor-flip-box__layer__overlay\">\n\t\t\t\t<div class=\"elementor-flip-box__layer__inner\">\n\t\t\t\t\t\t\t\t\t\t\t<h3 class=\"elementor-flip-box__layer__title\">\n\t\t\t\t\t\t\tCasa del M\u00e9dico Rei\t\t\t\t\t\t<\/h3>\n\t\t\t\t\t\n\t\t\t\t\t\t\t\t\t\t\t<div class=\"elementor-flip-box__layer__description\">\n\t\t\t\t\t\t\tLa primera referencia documental de 1674, fue adquirida a principios del siglo XIX por la familia Cabot alias Rei, conocida por tener tres generaciones de m\u00e9dicos. En 1987, Pere Rossell\u00f3 i Far dio la casa al Ayuntamiento de Santa Maria. Actualmente, el edificio, remodelado, acoge la Biblioteca Municipal y la Residencia de Personas Mayores. Su fachada, \u00fanica en el centro urbano, destaca por las incrustaciones de piedras negras de basalto y una gran cruz, tambi\u00e9n de piedras negras, que se utilizaba durante el V\u00eda Crucis en Cuaresma. El portal es de estilo neocl\u00e1sico.    \t\t\t\t\t\t<\/div>\n\t\t\t\t\t\n\t\t\t\t\t\t\t\t<\/div>\n\t\t<\/div>\n\t\t<\/div>\n\t\t<\/div>\n\t\t\t\t<\/div>\n\t\t\t\t<\/div>\n\t\t\t\t<\/div>\n\t\t<div class=\"elementor-element elementor-element-a7eca44 e-con-full e-flex e-con e-child\" data-id=\"a7eca44\" data-element_type=\"container\">\n\t\t\t\t<div class=\"elementor-element elementor-element-b877c72 elementor-flip-box--effect-fade elementor-widget elementor-widget-flip-box\" data-id=\"b877c72\" data-element_type=\"widget\" data-widget_type=\"flip-box.default\">\n\t\t\t\t<div class=\"elementor-widget-container\">\n\t\t\t\t\t<div class=\"elementor-flip-box\" tabindex=\"0\">\n\t\t\t<div class=\"elementor-flip-box__layer elementor-flip-box__front\">\n\t\t\t\t<div class=\"elementor-flip-box__layer__overlay\">\n\t\t\t\t\t<div class=\"elementor-flip-box__layer__inner\">\n\t\t\t\t\t\t\t\t\t\t\t\t\t<div class=\"elementor-icon-wrapper elementor-view-default\">\n\t\t\t\t\t\t\t\t<div class=\"elementor-icon\">\n\t\t\t\t\t\t\t\t\t\t\t\t\t\t\t\t\t<\/div>\n\t\t\t\t\t\t\t<\/div>\n\t\t\t\t\t\t\n\t\t\t\t\t\t\t\t\t\t\t\t\t<h3 class=\"elementor-flip-box__layer__title\">\n\t\t\t\t\t\t\t\tSa Vileta - Baron\u00eda de Terrades\t\t\t\t\t\t\t<\/h3>\n\t\t\t\t\t\t\n\t\t\t\t\t\t\t\t\t\t\t<\/div>\n\t\t\t\t<\/div>\n\t\t\t<\/div>\n\t\t\t<div class=\"elementor-flip-box__layer elementor-flip-box__back\">\n\t\t\t<div class=\"elementor-flip-box__layer__overlay\">\n\t\t\t\t<div class=\"elementor-flip-box__layer__inner\">\n\t\t\t\t\t\t\t\t\t\t\t<h3 class=\"elementor-flip-box__layer__title\">\n\t\t\t\t\t\t\tSa Vileta - Baron\u00eda de Terrades\t\t\t\t\t\t<\/h3>\n\t\t\t\t\t\n\t\t\t\t\t\t\t\t\t\t\t<div class=\"elementor-flip-box__layer__description\">\n\t\t\t\t\t\t\tAntigua alquer\u00eda musulmana llamada Albiar, Sa Vileta fue propiedad de Bernat de Santa Eugenia, quien la hizo entrega a Jaume de Terrades, en 1246, por sus buenos servicios prestados en la conquista de Mallorca, bajo el t\u00edtulo de Baronia. La alquer\u00eda colindaba con quintanas comunes, con matorrales de Consell, el camino de Inca y el de Muro.   \t\t\t\t\t\t<\/div>\n\t\t\t\t\t\n\t\t\t\t\t\t\t\t<\/div>\n\t\t<\/div>\n\t\t<\/div>\n\t\t<\/div>\n\t\t\t\t<\/div>\n\t\t\t\t<\/div>\n\t\t\t\t<\/div>\n\t\t<div class=\"elementor-element elementor-element-eea6f21 e-con-full e-flex e-con e-child\" data-id=\"eea6f21\" data-element_type=\"container\">\n\t\t\t\t<div class=\"elementor-element elementor-element-0c89e5f elementor-flip-box--effect-fade elementor-widget elementor-widget-flip-box\" data-id=\"0c89e5f\" data-element_type=\"widget\" data-widget_type=\"flip-box.default\">\n\t\t\t\t<div class=\"elementor-widget-container\">\n\t\t\t\t\t<div class=\"elementor-flip-box\" tabindex=\"0\">\n\t\t\t<div class=\"elementor-flip-box__layer elementor-flip-box__front\">\n\t\t\t\t<div class=\"elementor-flip-box__layer__overlay\">\n\t\t\t\t\t<div class=\"elementor-flip-box__layer__inner\">\n\t\t\t\t\t\t\t\t\t\t\t\t\t<div class=\"elementor-icon-wrapper elementor-view-default\">\n\t\t\t\t\t\t\t\t<div class=\"elementor-icon\">\n\t\t\t\t\t\t\t\t\t\t\t\t\t\t\t\t\t<\/div>\n\t\t\t\t\t\t\t<\/div>\n\t\t\t\t\t\t\n\t\t\t\t\t\t\t\t\t\t\t\t\t<h3 class=\"elementor-flip-box__layer__title\">\n\t\t\t\t\t\t\t\tPosada de Son Segu\u00ed\t\t\t\t\t\t\t<\/h3>\n\t\t\t\t\t\t\n\t\t\t\t\t\t\t\t\t\t\t<\/div>\n\t\t\t\t<\/div>\n\t\t\t<\/div>\n\t\t\t<div class=\"elementor-flip-box__layer elementor-flip-box__back\">\n\t\t\t<div class=\"elementor-flip-box__layer__overlay\">\n\t\t\t\t<div class=\"elementor-flip-box__layer__inner\">\n\t\t\t\t\t\t\t\t\t\t\t<h3 class=\"elementor-flip-box__layer__title\">\n\t\t\t\t\t\t\tPosada de Son Segu\u00ed\t\t\t\t\t\t<\/h3>\n\t\t\t\t\t\n\t\t\t\t\t\t\t\t\t\t\t<div class=\"elementor-flip-box__layer__description\">\n\t\t\t\t\t\t\tLa Posada de Son Segu\u00ed, construida en 1840, fue la casa de veraneo de los se\u00f1ores de la emblem\u00e1tica posesi\u00f3n de Son Segu\u00ed. El edificio, situado en la plaza de la Vila, es un ejemplo del estilo de vida rural y aristocr\u00e1tico del siglo XIX.   \t\t\t\t\t\t<\/div>\n\t\t\t\t\t\n\t\t\t\t\t\t\t\t<\/div>\n\t\t<\/div>\n\t\t<\/div>\n\t\t<\/div>\n\t\t\t\t<\/div>\n\t\t\t\t<\/div>\n\t\t\t\t<\/div>\n\t\t<div class=\"elementor-element elementor-element-24993e0 e-con-full e-flex e-con e-child\" data-id=\"24993e0\" data-element_type=\"container\">\n\t\t\t\t<div class=\"elementor-element elementor-element-636774f elementor-flip-box--effect-fade elementor-widget elementor-widget-flip-box\" data-id=\"636774f\" data-element_type=\"widget\" data-widget_type=\"flip-box.default\">\n\t\t\t\t<div class=\"elementor-widget-container\">\n\t\t\t\t\t<div class=\"elementor-flip-box\" tabindex=\"0\">\n\t\t\t<div class=\"elementor-flip-box__layer elementor-flip-box__front\">\n\t\t\t\t<div class=\"elementor-flip-box__layer__overlay\">\n\t\t\t\t\t<div class=\"elementor-flip-box__layer__inner\">\n\t\t\t\t\t\t\t\t\t\t\t\t\t<div class=\"elementor-icon-wrapper elementor-view-default\">\n\t\t\t\t\t\t\t\t<div class=\"elementor-icon\">\n\t\t\t\t\t\t\t\t\t\t\t\t\t\t\t\t\t<\/div>\n\t\t\t\t\t\t\t<\/div>\n\t\t\t\t\t\t\n\t\t\t\t\t\t\t\t\t\t\t\t\t<h3 class=\"elementor-flip-box__layer__title\">\n\t\t\t\t\t\t\t\tPuesta de Son G\u00fcia - Son N\u00e9t\t\t\t\t\t\t\t<\/h3>\n\t\t\t\t\t\t\n\t\t\t\t\t\t\t\t\t\t\t<\/div>\n\t\t\t\t<\/div>\n\t\t\t<\/div>\n\t\t\t<div class=\"elementor-flip-box__layer elementor-flip-box__back\">\n\t\t\t<div class=\"elementor-flip-box__layer__overlay\">\n\t\t\t\t<div class=\"elementor-flip-box__layer__inner\">\n\t\t\t\t\t\t\t\t\t\t\t<h3 class=\"elementor-flip-box__layer__title\">\n\t\t\t\t\t\t\tPuesta de Son G\u00fcia - Son Ni\u00e9t\t\t\t\t\t\t<\/h3>\n\t\t\t\t\t\n\t\t\t\t\t\t\t\t\t\t\t<div class=\"elementor-flip-box__layer__description\">\n\t\t\t\t\t\t\tSon G\u00fcia, posesi\u00f3n que se encuentra en el Valle de Coanegra. Entre Son Berenguer, es Cab\u00e0s y Son Oliver En 1685, la casa era propiedad de Pere Antoni Villalonga G\u00fcia. Contaba con un molino harinero. Vivi\u00f3 el Conde Segnier a principios del s. XX y donde muri\u00f3 en 1915. En 1890 fue adquirida Miquel Amengual. Actualmente pertenece a la misma familia Amengual        \t\t\t\t\t\t<\/div>\n\t\t\t\t\t\n\t\t\t\t\t\t\t\t<\/div>\n\t\t<\/div>\n\t\t<\/div>\n\t\t<\/div>\n\t\t\t\t<\/div>\n\t\t\t\t<\/div>\n\t\t\t\t<\/div>\n\t\t<div class=\"elementor-element elementor-element-b804ae0 e-con-full e-flex e-con e-child\" data-id=\"b804ae0\" data-element_type=\"container\">\n\t\t\t\t<div class=\"elementor-element elementor-element-97faf0f elementor-flip-box--effect-fade elementor-widget elementor-widget-flip-box\" data-id=\"97faf0f\" data-element_type=\"widget\" data-widget_type=\"flip-box.default\">\n\t\t\t\t<div class=\"elementor-widget-container\">\n\t\t\t\t\t<div class=\"elementor-flip-box\" tabindex=\"0\">\n\t\t\t<div class=\"elementor-flip-box__layer elementor-flip-box__front\">\n\t\t\t\t<div class=\"elementor-flip-box__layer__overlay\">\n\t\t\t\t\t<div class=\"elementor-flip-box__layer__inner\">\n\t\t\t\t\t\t\t\t\t\t\t\t\t<div class=\"elementor-icon-wrapper elementor-view-default\">\n\t\t\t\t\t\t\t\t<div class=\"elementor-icon\">\n\t\t\t\t\t\t\t\t\t\t\t\t\t\t\t\t\t<\/div>\n\t\t\t\t\t\t\t<\/div>\n\t\t\t\t\t\t\n\t\t\t\t\t\t\t\t\t\t\t\t\t<h3 class=\"elementor-flip-box__layer__title\">\n\t\t\t\t\t\t\t\tConvento de Nuestra Se\u00f1ora de la Soledad o Convento de los M\u00ednimos\t\t\t\t\t\t\t<\/h3>\n\t\t\t\t\t\t\n\t\t\t\t\t\t\t\t\t\t\t<\/div>\n\t\t\t\t<\/div>\n\t\t\t<\/div>\n\t\t\t<div class=\"elementor-flip-box__layer elementor-flip-box__back\">\n\t\t\t<div class=\"elementor-flip-box__layer__overlay\">\n\t\t\t\t<div class=\"elementor-flip-box__layer__inner\">\n\t\t\t\t\t\t\t\t\t\t\t<h3 class=\"elementor-flip-box__layer__title\">\n\t\t\t\t\t\t\tConvento de Nuestra Se\u00f1ora de la Soledad o Convento de los M\u00ednimos  \t\t\t\t\t\t<\/h3>\n\t\t\t\t\t\n\t\t\t\t\t\t\t\t\t\t\t<div class=\"elementor-flip-box__layer__description\">\n\t\t\t\t\t\t\tEl convento de los frailes M\u00ednimos, fundado en 1682 y bendecido en 1683, cuenta con un claustro cuadrado rodeado de columnas que sostienen arcos rebajados. Conserva dos cisternas antiguas y una tercera de nueva construcci\u00f3n. La iglesia, de estilo barroco, tiene un portal con arco escarzano, un peque\u00f1o roset\u00f3n en el \u00e1bside y el escudo de la familia Conrado. En su interior hay diez capillas. Este convento es tambi\u00e9n el origen de la leche de almendra, una bebida tradicional de Santa Maria que se prepara \u00fanicamente en las fiestas de Navidad.    \t\t\t\t\t\t<\/div>\n\t\t\t\t\t\n\t\t\t\t\t\t\t\t<\/div>\n\t\t<\/div>\n\t\t<\/div>\n\t\t<\/div>\n\t\t\t\t<\/div>\n\t\t\t\t<\/div>\n\t\t\t\t<\/div>\n\t\t<div class=\"elementor-element elementor-element-3c26a4d e-con-full e-flex e-con e-child\" data-id=\"3c26a4d\" data-element_type=\"container\">\n\t\t\t\t<div class=\"elementor-element elementor-element-bd40665 elementor-flip-box--effect-fade elementor-widget elementor-widget-flip-box\" data-id=\"bd40665\" data-element_type=\"widget\" data-widget_type=\"flip-box.default\">\n\t\t\t\t<div class=\"elementor-widget-container\">\n\t\t\t\t\t<div class=\"elementor-flip-box\" tabindex=\"0\">\n\t\t\t<div class=\"elementor-flip-box__layer elementor-flip-box__front\">\n\t\t\t\t<div class=\"elementor-flip-box__layer__overlay\">\n\t\t\t\t\t<div class=\"elementor-flip-box__layer__inner\">\n\t\t\t\t\t\t\t\t\t\t\t\t\t<div class=\"elementor-icon-wrapper elementor-view-default\">\n\t\t\t\t\t\t\t\t<div class=\"elementor-icon\">\n\t\t\t\t\t\t\t\t\t\t\t\t\t\t\t\t\t<\/div>\n\t\t\t\t\t\t\t<\/div>\n\t\t\t\t\t\t\n\t\t\t\t\t\t\t\t\t\t\t\t\t<h3 class=\"elementor-flip-box__layer__title\">\n\t\t\t\t\t\t\t\tSon Torrelleta - Son Berenguer\t\t\t\t\t\t\t<\/h3>\n\t\t\t\t\t\t\n\t\t\t\t\t\t\t\t\t\t\t<\/div>\n\t\t\t\t<\/div>\n\t\t\t<\/div>\n\t\t\t<div class=\"elementor-flip-box__layer elementor-flip-box__back\">\n\t\t\t<div class=\"elementor-flip-box__layer__overlay\">\n\t\t\t\t<div class=\"elementor-flip-box__layer__inner\">\n\t\t\t\t\t\t\t\t\t\t\t<h3 class=\"elementor-flip-box__layer__title\">\n\t\t\t\t\t\t\tSon Torrelleta - Son Berenguer\t\t\t\t\t\t<\/h3>\n\t\t\t\t\t\n\t\t\t\t\t\t\t\t\t\t\t<div class=\"elementor-flip-box__layer__description\">\n\t\t\t\t\t\t\tSon Torrelleta, posesi\u00f3n de Santa Maria, que se encuentra en el Camino de Coanegra, que surge a partir de un afincado de Son Torrella (1896). La construcci\u00f3n actual data de 1940 y pertenece a la familia Pis\u00e0 Torrelletes La fachada est\u00e1 rebozada y se presenta esgrafiada imitando sillares. El patio o carrera elevada, cerrada por una balaustrada de balaustres, ornamentada con motivos geom\u00e9tricos, se accede a trav\u00e9s de un tramo de paso con tres escalones.    \t\t\t\t\t\t<\/div>\n\t\t\t\t\t\n\t\t\t\t\t\t\t\t<\/div>\n\t\t<\/div>\n\t\t<\/div>\n\t\t<\/div>\n\t\t\t\t<\/div>\n\t\t\t\t<\/div>\n\t\t\t\t<\/div>\n\t\t<div class=\"elementor-element elementor-element-df7d9f1 e-con-full e-flex e-con e-child\" data-id=\"df7d9f1\" data-element_type=\"container\">\n\t\t\t\t<div class=\"elementor-element elementor-element-281c1b8 elementor-flip-box--effect-fade elementor-widget elementor-widget-flip-box\" data-id=\"281c1b8\" data-element_type=\"widget\" data-widget_type=\"flip-box.default\">\n\t\t\t\t<div class=\"elementor-widget-container\">\n\t\t\t\t\t<div class=\"elementor-flip-box\" tabindex=\"0\">\n\t\t\t<div class=\"elementor-flip-box__layer elementor-flip-box__front\">\n\t\t\t\t<div class=\"elementor-flip-box__layer__overlay\">\n\t\t\t\t\t<div class=\"elementor-flip-box__layer__inner\">\n\t\t\t\t\t\t\t\t\t\t\t\t\t<div class=\"elementor-icon-wrapper elementor-view-default\">\n\t\t\t\t\t\t\t\t<div class=\"elementor-icon\">\n\t\t\t\t\t\t\t\t\t\t\t\t\t\t\t\t\t<\/div>\n\t\t\t\t\t\t\t<\/div>\n\t\t\t\t\t\t\n\t\t\t\t\t\t\t\t\t\t\t\t\t<h3 class=\"elementor-flip-box__layer__title\">\n\t\t\t\t\t\t\t\tLa Estaci\u00f3n\t\t\t\t\t\t\t<\/h3>\n\t\t\t\t\t\t\n\t\t\t\t\t\t\t\t\t\t\t<\/div>\n\t\t\t\t<\/div>\n\t\t\t<\/div>\n\t\t\t<div class=\"elementor-flip-box__layer elementor-flip-box__back\">\n\t\t\t<div class=\"elementor-flip-box__layer__overlay\">\n\t\t\t\t<div class=\"elementor-flip-box__layer__inner\">\n\t\t\t\t\t\t\t\t\t\t\t<h3 class=\"elementor-flip-box__layer__title\">\n\t\t\t\t\t\t\tLa Estaci\u00f3n\t\t\t\t\t\t<\/h3>\n\t\t\t\t\t\n\t\t\t\t\t\t\t\t\t\t\t<div class=\"elementor-flip-box__layer__description\">\n\t\t\t\t\t\t\tLa estaci\u00f3n del ferrocarril de Santa Maria fue inaugurada el 25 de febrero de 1875. El edificio sigue el mismo modelo que la estaci\u00f3n de Binissalem. Su fachada empedrada, se encuentra remarcada por cornisas, cantos y aberturas. De esta estaci\u00f3n nac\u00eda la l\u00ednea Santa Maria-Felanitx, que un\u00eda el centro y el sur de la isla, que, finalmente, fue clausurada por FEVE en 1967. A\u00fan se puede apreciar la localizaci\u00f3n de la antigua v\u00eda y el puente por el que se dirig\u00eda hacia Santa Eugenia. La compa\u00f1\u00eda de Servicios Ferroviarios de Mallorca cedi\u00f3 el uso de este edificio al Ayuntamiento de Santa Maria. Actualmente sus usos son de centro cultural, social y de esparcimiento.        \t\t\t\t\t\t<\/div>\n\t\t\t\t\t\n\t\t\t\t\t\t\t\t<\/div>\n\t\t<\/div>\n\t\t<\/div>\n\t\t<\/div>\n\t\t\t\t<\/div>\n\t\t\t\t<\/div>\n\t\t\t\t<\/div>\n\t\t<div class=\"elementor-element elementor-element-577e402 e-con-full e-flex e-con e-child\" data-id=\"577e402\" data-element_type=\"container\">\n\t\t\t\t<div class=\"elementor-element elementor-element-b75364d elementor-flip-box--effect-fade elementor-widget elementor-widget-flip-box\" data-id=\"b75364d\" data-element_type=\"widget\" data-widget_type=\"flip-box.default\">\n\t\t\t\t<div class=\"elementor-widget-container\">\n\t\t\t\t\t<div class=\"elementor-flip-box\" tabindex=\"0\">\n\t\t\t<div class=\"elementor-flip-box__layer elementor-flip-box__front\">\n\t\t\t\t<div class=\"elementor-flip-box__layer__overlay\">\n\t\t\t\t\t<div class=\"elementor-flip-box__layer__inner\">\n\t\t\t\t\t\t\t\t\t\t\t\t\t<div class=\"elementor-icon-wrapper elementor-view-default\">\n\t\t\t\t\t\t\t\t<div class=\"elementor-icon\">\n\t\t\t\t\t\t\t\t\t\t\t\t\t\t\t\t\t<\/div>\n\t\t\t\t\t\t\t<\/div>\n\t\t\t\t\t\t\n\t\t\t\t\t\t\t\t\t\t\t\t\t<h3 class=\"elementor-flip-box__layer__title\">\n\t\t\t\t\t\t\t\tPlaza Robiol\t\t\t\t\t\t\t<\/h3>\n\t\t\t\t\t\t\n\t\t\t\t\t\t\t\t\t\t\t<\/div>\n\t\t\t\t<\/div>\n\t\t\t<\/div>\n\t\t\t<div class=\"elementor-flip-box__layer elementor-flip-box__back\">\n\t\t\t<div class=\"elementor-flip-box__layer__overlay\">\n\t\t\t\t<div class=\"elementor-flip-box__layer__inner\">\n\t\t\t\t\t\t\t\t\t\t\t<h3 class=\"elementor-flip-box__layer__title\">\n\t\t\t\t\t\t\tPlaza Robiol\t\t\t\t\t\t<\/h3>\n\t\t\t\t\t\n\t\t\t\t\t\t\t\t\t\t\t<div class=\"elementor-flip-box__layer__description\">\n\t\t\t\t\t\t\tConstruida a finales del siglo XVIII y principios del XIX, la Plaza Robiol es un conjunto de edificaciones de est\u00e9tica y volumen diverso, en forma de letra C, que configuran un rinc\u00f3n singular.  \t\t\t\t\t\t<\/div>\n\t\t\t\t\t\n\t\t\t\t\t\t\t\t<\/div>\n\t\t<\/div>\n\t\t<\/div>\n\t\t<\/div>\n\t\t\t\t<\/div>\n\t\t\t\t<\/div>\n\t\t\t\t<\/div>\n\t\t<div class=\"elementor-element elementor-element-ebd6e50 e-con-full e-flex e-con e-child\" data-id=\"ebd6e50\" data-element_type=\"container\">\n\t\t\t\t<div class=\"elementor-element elementor-element-ec34d29 elementor-flip-box--effect-fade elementor-widget elementor-widget-flip-box\" data-id=\"ec34d29\" data-element_type=\"widget\" data-widget_type=\"flip-box.default\">\n\t\t\t\t<div class=\"elementor-widget-container\">\n\t\t\t\t\t<div class=\"elementor-flip-box\" tabindex=\"0\">\n\t\t\t<div class=\"elementor-flip-box__layer elementor-flip-box__front\">\n\t\t\t\t<div class=\"elementor-flip-box__layer__overlay\">\n\t\t\t\t\t<div class=\"elementor-flip-box__layer__inner\">\n\t\t\t\t\t\t\t\t\t\t\t\t\t<div class=\"elementor-icon-wrapper elementor-view-default\">\n\t\t\t\t\t\t\t\t<div class=\"elementor-icon\">\n\t\t\t\t\t\t\t\t\t\t\t\t\t\t\t\t\t<\/div>\n\t\t\t\t\t\t\t<\/div>\n\t\t\t\t\t\t\n\t\t\t\t\t\t\t\t\t\t\t\t\t<h3 class=\"elementor-flip-box__layer__title\">\n\t\t\t\t\t\t\t\tPosada de Son Lla\u00fct\t\t\t\t\t\t\t<\/h3>\n\t\t\t\t\t\t\n\t\t\t\t\t\t\t\t\t\t\t<\/div>\n\t\t\t\t<\/div>\n\t\t\t<\/div>\n\t\t\t<div class=\"elementor-flip-box__layer elementor-flip-box__back\">\n\t\t\t<div class=\"elementor-flip-box__layer__overlay\">\n\t\t\t\t<div class=\"elementor-flip-box__layer__inner\">\n\t\t\t\t\t\t\t\t\t\t\t<h3 class=\"elementor-flip-box__layer__title\">\n\t\t\t\t\t\t\tPosada de Son Lla\u00fct\t\t\t\t\t\t<\/h3>\n\t\t\t\t\t\n\t\t\t\t\t\t\t\t\t\t\t<div class=\"elementor-flip-box__layer__description\">\n\t\t\t\t\t\t\tData del a\u00f1o 1625 por parte de la mujer Quiteria Ballester. La posada se encuentra ubicada en un crucero de caminos: de Muro, S\u00f3ller y Ciudad. A lo largo del siglo XIX fue un hostal, caf\u00e9 y tienda y restaurada en 1882. Tambi\u00e9n destaca por ser la casa natal de D. Bartomeu Simonet y Canyelles, hijo ilustre de la villa de Santa Maria del Cam\u00ed.     \t\t\t\t\t\t<\/div>\n\t\t\t\t\t\n\t\t\t\t\t\t\t\t<\/div>\n\t\t<\/div>\n\t\t<\/div>\n\t\t<\/div>\n\t\t\t\t<\/div>\n\t\t\t\t<\/div>\n\t\t\t\t<\/div>\n\t\t<div class=\"elementor-element elementor-element-ad2b09b e-con-full e-flex e-con e-child\" data-id=\"ad2b09b\" data-element_type=\"container\">\n\t\t\t\t<div class=\"elementor-element elementor-element-b2d7986 elementor-flip-box--effect-fade elementor-widget elementor-widget-flip-box\" data-id=\"b2d7986\" data-element_type=\"widget\" data-widget_type=\"flip-box.default\">\n\t\t\t\t<div class=\"elementor-widget-container\">\n\t\t\t\t\t<div class=\"elementor-flip-box\" tabindex=\"0\">\n\t\t\t<div class=\"elementor-flip-box__layer elementor-flip-box__front\">\n\t\t\t\t<div class=\"elementor-flip-box__layer__overlay\">\n\t\t\t\t\t<div class=\"elementor-flip-box__layer__inner\">\n\t\t\t\t\t\t\t\t\t\t\t\t\t<div class=\"elementor-icon-wrapper elementor-view-default\">\n\t\t\t\t\t\t\t\t<div class=\"elementor-icon\">\n\t\t\t\t\t\t\t\t\t\t\t\t\t\t\t\t\t<\/div>\n\t\t\t\t\t\t\t<\/div>\n\t\t\t\t\t\t\n\t\t\t\t\t\t\t\t\t\t\t\t\t<h3 class=\"elementor-flip-box__layer__title\">\n\t\t\t\t\t\t\t\tHuerto y Molino de Can Salv\u00e0\t\t\t\t\t\t\t<\/h3>\n\t\t\t\t\t\t\n\t\t\t\t\t\t\t\t\t\t\t<\/div>\n\t\t\t\t<\/div>\n\t\t\t<\/div>\n\t\t\t<div class=\"elementor-flip-box__layer elementor-flip-box__back\">\n\t\t\t<div class=\"elementor-flip-box__layer__overlay\">\n\t\t\t\t<div class=\"elementor-flip-box__layer__inner\">\n\t\t\t\t\t\t\t\t\t\t\t<h3 class=\"elementor-flip-box__layer__title\">\n\t\t\t\t\t\t\tHuerto y Molino de Can Salv\u00e0\t\t\t\t\t\t<\/h3>\n\t\t\t\t\t\n\t\t\t\t\t\t\t\t\t\t\t<div class=\"elementor-flip-box__layer__description\">\n\t\t\t\t\t\t\tLa finca de Can Salv\u00e0 data del siglo XIX, propiedad de la familia Salv\u00e0, destac\u00f3 por sus cultivos, fundamentalmente, cereal\u00edcolas, lo que se pone de manifiesto en su molino de viento harinero.  \t\t\t\t\t\t<\/div>\n\t\t\t\t\t\n\t\t\t\t\t\t\t\t<\/div>\n\t\t<\/div>\n\t\t<\/div>\n\t\t<\/div>\n\t\t\t\t<\/div>\n\t\t\t\t<\/div>\n\t\t\t\t<\/div>\n\t\t<div class=\"elementor-element elementor-element-d32e51b e-con-full e-flex e-con e-child\" data-id=\"d32e51b\" data-element_type=\"container\">\n\t\t\t\t<div class=\"elementor-element elementor-element-2f3a25e elementor-flip-box--effect-fade elementor-widget elementor-widget-flip-box\" data-id=\"2f3a25e\" data-element_type=\"widget\" data-widget_type=\"flip-box.default\">\n\t\t\t\t<div class=\"elementor-widget-container\">\n\t\t\t\t\t<div class=\"elementor-flip-box\" tabindex=\"0\">\n\t\t\t<div class=\"elementor-flip-box__layer elementor-flip-box__front\">\n\t\t\t\t<div class=\"elementor-flip-box__layer__overlay\">\n\t\t\t\t\t<div class=\"elementor-flip-box__layer__inner\">\n\t\t\t\t\t\t\t\t\t\t\t\t\t<div class=\"elementor-icon-wrapper elementor-view-default\">\n\t\t\t\t\t\t\t\t<div class=\"elementor-icon\">\n\t\t\t\t\t\t\t\t\t\t\t\t\t\t\t\t\t<\/div>\n\t\t\t\t\t\t\t<\/div>\n\t\t\t\t\t\t\n\t\t\t\t\t\t\t\t\t\t\t\t\t<h3 class=\"elementor-flip-box__layer__title\">\n\t\t\t\t\t\t\t\tPlaza de Ca n'Orell\t\t\t\t\t\t\t<\/h3>\n\t\t\t\t\t\t\n\t\t\t\t\t\t\t\t\t\t\t<\/div>\n\t\t\t\t<\/div>\n\t\t\t<\/div>\n\t\t\t<div class=\"elementor-flip-box__layer elementor-flip-box__back\">\n\t\t\t<div class=\"elementor-flip-box__layer__overlay\">\n\t\t\t\t<div class=\"elementor-flip-box__layer__inner\">\n\t\t\t\t\t\t\t\t\t\t\t<h3 class=\"elementor-flip-box__layer__title\">\n\t\t\t\t\t\t\tPlaza de Ca n'Orell\t\t\t\t\t\t<\/h3>\n\t\t\t\t\t\n\t\t\t\t\t\t\t\t\t\t\t<div class=\"elementor-flip-box__layer__description\">\n\t\t\t\t\t\t\tFue una de las plazas que se construyeron en Santa Maria en el primer cuarto del siglo XX durante el nuevo proceso de urbanizaci\u00f3n. El entorno era conocido como la Plaza Real y en el siglo XX como plaza del General Goded. Formaba parte de la casa de Ca n'Orell (familia procedente de Bunyola). Los Orell vendieron la pieza de tierra en el Ayuntamiento de Santa Maria del Cam\u00ed para construir una plaza entre la estaci\u00f3n y la carretera de Inca.     \t\t\t\t\t\t<\/div>\n\t\t\t\t\t\n\t\t\t\t\t\t\t\t<\/div>\n\t\t<\/div>\n\t\t<\/div>\n\t\t<\/div>\n\t\t\t\t<\/div>\n\t\t\t\t<\/div>\n\t\t\t\t<\/div>\n\t\t<div class=\"elementor-element elementor-element-22e8a56 e-con-full e-flex e-con e-child\" data-id=\"22e8a56\" data-element_type=\"container\">\n\t\t\t\t<div class=\"elementor-element elementor-element-f02a237 elementor-flip-box--effect-fade elementor-widget elementor-widget-flip-box\" data-id=\"f02a237\" data-element_type=\"widget\" data-widget_type=\"flip-box.default\">\n\t\t\t\t<div class=\"elementor-widget-container\">\n\t\t\t\t\t<div class=\"elementor-flip-box\" tabindex=\"0\">\n\t\t\t<div class=\"elementor-flip-box__layer elementor-flip-box__front\">\n\t\t\t\t<div class=\"elementor-flip-box__layer__overlay\">\n\t\t\t\t\t<div class=\"elementor-flip-box__layer__inner\">\n\t\t\t\t\t\t\t\t\t\t\t\t\t<div class=\"elementor-icon-wrapper elementor-view-default\">\n\t\t\t\t\t\t\t\t<div class=\"elementor-icon\">\n\t\t\t\t\t\t\t\t\t\t\t\t\t\t\t\t\t<\/div>\n\t\t\t\t\t\t\t<\/div>\n\t\t\t\t\t\t\n\t\t\t\t\t\t\t\t\t\t\t\t\t<h3 class=\"elementor-flip-box__layer__title\">\n\t\t\t\t\t\t\t\tPlaza de Son Fango  \t\t\t\t\t\t\t<\/h3>\n\t\t\t\t\t\t\n\t\t\t\t\t\t\t\t\t\t\t<\/div>\n\t\t\t\t<\/div>\n\t\t\t<\/div>\n\t\t\t<div class=\"elementor-flip-box__layer elementor-flip-box__back\">\n\t\t\t<div class=\"elementor-flip-box__layer__overlay\">\n\t\t\t\t<div class=\"elementor-flip-box__layer__inner\">\n\t\t\t\t\t\t\t\t\t\t\t<h3 class=\"elementor-flip-box__layer__title\">\n\t\t\t\t\t\t\tPlaza de Son Fango  \t\t\t\t\t\t<\/h3>\n\t\t\t\t\t\n\t\t\t\t\t\t\t\t\t\t\t<div class=\"elementor-flip-box__layer__description\">\n\t\t\t\t\t\t\tLa plaza de Son Fango fue construida a partir de los a\u00f1os 30 del siglo XX. Se encuentra situada sobre los terrenos de cultivo de Ca n'Andria. Oficialmente, su top\u00f3nimo es Plaza Jaume II.    \t\t\t\t\t\t<\/div>\n\t\t\t\t\t\n\t\t\t\t\t\t\t\t<\/div>\n\t\t<\/div>\n\t\t<\/div>\n\t\t<\/div>\n\t\t\t\t<\/div>\n\t\t\t\t<\/div>\n\t\t\t\t<\/div>\n\t\t<div class=\"elementor-element elementor-element-b42e1b3 e-con-full e-flex e-con e-child\" data-id=\"b42e1b3\" data-element_type=\"container\">\n\t\t\t\t<div class=\"elementor-element elementor-element-21edabc elementor-flip-box--effect-fade elementor-widget elementor-widget-flip-box\" data-id=\"21edabc\" data-element_type=\"widget\" data-widget_type=\"flip-box.default\">\n\t\t\t\t<div class=\"elementor-widget-container\">\n\t\t\t\t\t<div class=\"elementor-flip-box\" tabindex=\"0\">\n\t\t\t<div class=\"elementor-flip-box__layer elementor-flip-box__front\">\n\t\t\t\t<div class=\"elementor-flip-box__layer__overlay\">\n\t\t\t\t\t<div class=\"elementor-flip-box__layer__inner\">\n\t\t\t\t\t\t\t\t\t\t\t\t\t<div class=\"elementor-icon-wrapper elementor-view-default\">\n\t\t\t\t\t\t\t\t<div class=\"elementor-icon\">\n\t\t\t\t\t\t\t\t\t\t\t\t\t\t\t\t\t<\/div>\n\t\t\t\t\t\t\t<\/div>\n\t\t\t\t\t\t\n\t\t\t\t\t\t\t\t\t\t\t\t\t<h3 class=\"elementor-flip-box__layer__title\">\n\t\t\t\t\t\t\t\tPassatemps y Camino de Passatemps\t\t\t\t\t\t\t<\/h3>\n\t\t\t\t\t\t\n\t\t\t\t\t\t\t\t\t\t\t<\/div>\n\t\t\t\t<\/div>\n\t\t\t<\/div>\n\t\t\t<div class=\"elementor-flip-box__layer elementor-flip-box__back\">\n\t\t\t<div class=\"elementor-flip-box__layer__overlay\">\n\t\t\t\t<div class=\"elementor-flip-box__layer__inner\">\n\t\t\t\t\t\t\t\t\t\t\t<h3 class=\"elementor-flip-box__layer__title\">\n\t\t\t\t\t\t\tPassatemps y Camino de Passatemps\t\t\t\t\t\t<\/h3>\n\t\t\t\t\t\n\t\t\t\t\t\t\t\t\t\t\t<div class=\"elementor-flip-box__layer__description\">\n\t\t\t\t\t\t\tPassatemps es una peque\u00f1a zona del municipio de Santa Mar\u00eda del Camino que incluye toda la ladera noroeste del Puig de Son Segu\u00ed hasta la carretera de Sencelles. Documentada desde el siglo XV, fue una antigua alquer\u00eda musulmana. \t\t\t\t\t\t<\/div>\n\t\t\t\t\t\n\t\t\t\t\t\t\t\t<\/div>\n\t\t<\/div>\n\t\t<\/div>\n\t\t<\/div>\n\t\t\t\t<\/div>\n\t\t\t\t<\/div>\n\t\t\t\t<\/div>\n\t\t<div class=\"elementor-element elementor-element-b1f2f04 e-con-full e-flex e-con e-child\" data-id=\"b1f2f04\" data-element_type=\"container\">\n\t\t\t\t<div class=\"elementor-element elementor-element-5d40561 elementor-flip-box--effect-fade elementor-widget elementor-widget-flip-box\" data-id=\"5d40561\" data-element_type=\"widget\" data-widget_type=\"flip-box.default\">\n\t\t\t\t<div class=\"elementor-widget-container\">\n\t\t\t\t\t<div class=\"elementor-flip-box\" tabindex=\"0\">\n\t\t\t<div class=\"elementor-flip-box__layer elementor-flip-box__front\">\n\t\t\t\t<div class=\"elementor-flip-box__layer__overlay\">\n\t\t\t\t\t<div class=\"elementor-flip-box__layer__inner\">\n\t\t\t\t\t\t\t\t\t\t\t\t\t<div class=\"elementor-icon-wrapper elementor-view-default\">\n\t\t\t\t\t\t\t\t<div class=\"elementor-icon\">\n\t\t\t\t\t\t\t\t\t\t\t\t\t\t\t\t\t<\/div>\n\t\t\t\t\t\t\t<\/div>\n\t\t\t\t\t\t\n\t\t\t\t\t\t\t\t\t\t\t\t\t<h3 class=\"elementor-flip-box__layer__title\">\n\t\t\t\t\t\t\t\tPlaza de Can Fuster\t\t\t\t\t\t\t<\/h3>\n\t\t\t\t\t\t\n\t\t\t\t\t\t\t\t\t\t\t<\/div>\n\t\t\t\t<\/div>\n\t\t\t<\/div>\n\t\t\t<div class=\"elementor-flip-box__layer elementor-flip-box__back\">\n\t\t\t<div class=\"elementor-flip-box__layer__overlay\">\n\t\t\t\t<div class=\"elementor-flip-box__layer__inner\">\n\t\t\t\t\t\t\t\t\t\t\t<h3 class=\"elementor-flip-box__layer__title\">\n\t\t\t\t\t\t\tPlaza de Can Fuster\t\t\t\t\t\t<\/h3>\n\t\t\t\t\t\n\t\t\t\t\t\t\t\t\t\t\t<div class=\"elementor-flip-box__layer__description\">\n\t\t\t\t\t\t\tCon referencias que datan de 1335, la Plaza de Can Fuster es un lugar hist\u00f3rico donde se encontraba la Casa de la Curia de la Caballer\u00eda de Santa Mar\u00eda del Cami, situada al principio del Camino de Passatemps. \t\t\t\t\t\t<\/div>\n\t\t\t\t\t\n\t\t\t\t\t\t\t\t<\/div>\n\t\t<\/div>\n\t\t<\/div>\n\t\t<\/div>\n\t\t\t\t<\/div>\n\t\t\t\t<\/div>\n\t\t\t\t<\/div>\n\t\t<div class=\"elementor-element elementor-element-b23cd29 e-con-full e-flex e-con e-child\" data-id=\"b23cd29\" data-element_type=\"container\">\n\t\t\t\t<div class=\"elementor-element elementor-element-b460ec9 elementor-flip-box--effect-fade elementor-widget elementor-widget-flip-box\" data-id=\"b460ec9\" data-element_type=\"widget\" data-widget_type=\"flip-box.default\">\n\t\t\t\t<div class=\"elementor-widget-container\">\n\t\t\t\t\t<div class=\"elementor-flip-box\" tabindex=\"0\">\n\t\t\t<div class=\"elementor-flip-box__layer elementor-flip-box__front\">\n\t\t\t\t<div class=\"elementor-flip-box__layer__overlay\">\n\t\t\t\t\t<div class=\"elementor-flip-box__layer__inner\">\n\t\t\t\t\t\t\t\t\t\t\t\t\t<div class=\"elementor-icon-wrapper elementor-view-default\">\n\t\t\t\t\t\t\t\t<div class=\"elementor-icon\">\n\t\t\t\t\t\t\t\t\t\t\t\t\t\t\t\t\t<\/div>\n\t\t\t\t\t\t\t<\/div>\n\t\t\t\t\t\t\n\t\t\t\t\t\t\t\t\t\t\t\t\t<h3 class=\"elementor-flip-box__layer__title\">\n\t\t\t\t\t\t\t\tSa Quintada de Terrades\t\t\t\t\t\t\t<\/h3>\n\t\t\t\t\t\t\n\t\t\t\t\t\t\t\t\t\t\t<\/div>\n\t\t\t\t<\/div>\n\t\t\t<\/div>\n\t\t\t<div class=\"elementor-flip-box__layer elementor-flip-box__back\">\n\t\t\t<div class=\"elementor-flip-box__layer__overlay\">\n\t\t\t\t<div class=\"elementor-flip-box__layer__inner\">\n\t\t\t\t\t\t\t\t\t\t\t<h3 class=\"elementor-flip-box__layer__title\">\n\t\t\t\t\t\t\tSa Quintada de Terrades\t\t\t\t\t\t<\/h3>\n\t\t\t\t\t\n\t\t\t\t\t\t\t\t\t\t\t<div class=\"elementor-flip-box__layer__description\">\n\t\t\t\t\t\t\tSa Quintana de Terrades es un cercado situado cerca de las casas de las posesiones de Son Barca, Terrades, Can Cerd\u00f3 y Son Lla\u00fct, y era destinada al pasto del ganado.  \t\t\t\t\t\t<\/div>\n\t\t\t\t\t\n\t\t\t\t\t\t\t\t<\/div>\n\t\t<\/div>\n\t\t<\/div>\n\t\t<\/div>\n\t\t\t\t<\/div>\n\t\t\t\t<\/div>\n\t\t\t\t<\/div>\n\t\t<div class=\"elementor-element elementor-element-61a13d8 e-con-full e-flex e-con e-child\" data-id=\"61a13d8\" data-element_type=\"container\">\n\t\t\t\t<div class=\"elementor-element elementor-element-bb70fd7 elementor-flip-box--effect-fade elementor-widget elementor-widget-flip-box\" data-id=\"bb70fd7\" data-element_type=\"widget\" data-widget_type=\"flip-box.default\">\n\t\t\t\t<div class=\"elementor-widget-container\">\n\t\t\t\t\t<div class=\"elementor-flip-box\" tabindex=\"0\">\n\t\t\t<div class=\"elementor-flip-box__layer elementor-flip-box__front\">\n\t\t\t\t<div class=\"elementor-flip-box__layer__overlay\">\n\t\t\t\t\t<div class=\"elementor-flip-box__layer__inner\">\n\t\t\t\t\t\t\t\t\t\t\t\t\t<div class=\"elementor-icon-wrapper elementor-view-default\">\n\t\t\t\t\t\t\t\t<div class=\"elementor-icon\">\n\t\t\t\t\t\t\t\t\t\t\t\t\t\t\t\t\t<\/div>\n\t\t\t\t\t\t\t<\/div>\n\t\t\t\t\t\t\n\t\t\t\t\t\t\t\t\t\t\t\t\t<h3 class=\"elementor-flip-box__layer__title\">\n\t\t\t\t\t\t\t\tCa Ses Monges o Can Mates\t\t\t\t\t\t\t<\/h3>\n\t\t\t\t\t\t\n\t\t\t\t\t\t\t\t\t\t\t<\/div>\n\t\t\t\t<\/div>\n\t\t\t<\/div>\n\t\t\t<div class=\"elementor-flip-box__layer elementor-flip-box__back\">\n\t\t\t<div class=\"elementor-flip-box__layer__overlay\">\n\t\t\t\t<div class=\"elementor-flip-box__layer__inner\">\n\t\t\t\t\t\t\t\t\t\t\t<h3 class=\"elementor-flip-box__layer__title\">\n\t\t\t\t\t\t\tCa Ses Monges o Can Mates\t\t\t\t\t\t<\/h3>\n\t\t\t\t\t\n\t\t\t\t\t\t\t\t\t\t\t<div class=\"elementor-flip-box__layer__description\">\n\t\t\t\t\t\t\tLa finca p\u00fablica de Can Ses Monges o Can Mates est\u00e1 ubicada en el Valle de Coanegra, est\u00e1 integrada en la Sierra de Tramuntana que fue declarada patrimonio mundial por la UNESCO. Esta finca es propiedad del Ayuntamiento y ha sido rehabilitada en distintas fases. Es un espacio emblem\u00e1tico que ofrece un magn\u00edfico sitio de contacto con la naturaleza.    \t\t\t\t\t\t<\/div>\n\t\t\t\t\t\n\t\t\t\t\t\t\t\t<\/div>\n\t\t<\/div>\n\t\t<\/div>\n\t\t<\/div>\n\t\t\t\t<\/div>\n\t\t\t\t<\/div>\n\t\t\t\t<\/div>\n\t\t<div class=\"elementor-element elementor-element-c32effa e-con-full e-flex e-con e-child\" data-id=\"c32effa\" data-element_type=\"container\">\n\t\t\t\t<div class=\"elementor-element elementor-element-f9c6bc6 elementor-flip-box--effect-fade elementor-widget elementor-widget-flip-box\" data-id=\"f9c6bc6\" data-element_type=\"widget\" data-widget_type=\"flip-box.default\">\n\t\t\t\t<div class=\"elementor-widget-container\">\n\t\t\t\t\t<div class=\"elementor-flip-box\" tabindex=\"0\">\n\t\t\t<div class=\"elementor-flip-box__layer elementor-flip-box__front\">\n\t\t\t\t<div class=\"elementor-flip-box__layer__overlay\">\n\t\t\t\t\t<div class=\"elementor-flip-box__layer__inner\">\n\t\t\t\t\t\t\t\t\t\t\t\t\t<div class=\"elementor-icon-wrapper elementor-view-default\">\n\t\t\t\t\t\t\t\t<div class=\"elementor-icon\">\n\t\t\t\t\t\t\t\t\t\t\t\t\t\t\t\t\t<\/div>\n\t\t\t\t\t\t\t<\/div>\n\t\t\t\t\t\t\n\t\t\t\t\t\t\t\t\t\t\t\t\t<h3 class=\"elementor-flip-box__layer__title\">\n\t\t\t\t\t\t\t\tS\u00e8quia Reial de Coanegra\t\t\t\t\t\t\t<\/h3>\n\t\t\t\t\t\t\n\t\t\t\t\t\t\t\t\t\t\t<\/div>\n\t\t\t\t<\/div>\n\t\t\t<\/div>\n\t\t\t<div class=\"elementor-flip-box__layer elementor-flip-box__back\">\n\t\t\t<div class=\"elementor-flip-box__layer__overlay\">\n\t\t\t\t<div class=\"elementor-flip-box__layer__inner\">\n\t\t\t\t\t\t\t\t\t\t\t<h3 class=\"elementor-flip-box__layer__title\">\n\t\t\t\t\t\t\tS\u00e8quia Reial de Coanegra\t\t\t\t\t\t<\/h3>\n\t\t\t\t\t\n\t\t\t\t\t\t\t\t\t\t\t<div class=\"elementor-flip-box__layer__description\">\n\t\t\t\t\t\t\tLa Sequia de Coanegra es una obra de ingenier\u00eda civil situada en el valle de Coanegra, en Santa Maria del Cam\u00ed, que llevaba el agua desde la Font de Son Pou hasta el casco urbano. Sus or\u00edgenes se remontan a la \u00e9poca romana. La primera regulaci\u00f3n escrita que ha pervivido son unas Ordenaciones del 7 de mayo de 1503. Est\u00e1 construida con piedra y mortero de cal y revestida de cemento hidr\u00e1ulico. Transcurre paralela y pr\u00f3xima al torrente de Coanegra y cuenta con 34 fibles o partidores a lo largo de su trazado. En 1743 se tom\u00f3 el acuerdo de hacer llegar la acequia hasta la Plaza de la Vila, donde se construy\u00f3 un dep\u00f3sito.       \t\t\t\t\t\t<\/div>\n\t\t\t\t\t\n\t\t\t\t\t\t\t\t<\/div>\n\t\t<\/div>\n\t\t<\/div>\n\t\t<\/div>\n\t\t\t\t<\/div>\n\t\t\t\t<\/div>\n\t\t\t\t<\/div>\n\t\t<div class=\"elementor-element elementor-element-89d4ce7 e-con-full e-flex e-con e-child\" data-id=\"89d4ce7\" data-element_type=\"container\">\n\t\t\t\t<div class=\"elementor-element elementor-element-75148e0 elementor-flip-box--effect-fade elementor-widget elementor-widget-flip-box\" data-id=\"75148e0\" data-element_type=\"widget\" data-widget_type=\"flip-box.default\">\n\t\t\t\t<div class=\"elementor-widget-container\">\n\t\t\t\t\t<div class=\"elementor-flip-box\" tabindex=\"0\">\n\t\t\t<div class=\"elementor-flip-box__layer elementor-flip-box__front\">\n\t\t\t\t<div class=\"elementor-flip-box__layer__overlay\">\n\t\t\t\t\t<div class=\"elementor-flip-box__layer__inner\">\n\t\t\t\t\t\t\t\t\t\t\t\t\t<div class=\"elementor-icon-wrapper elementor-view-default\">\n\t\t\t\t\t\t\t\t<div class=\"elementor-icon\">\n\t\t\t\t\t\t\t\t\t\t\t\t\t\t\t\t\t<\/div>\n\t\t\t\t\t\t\t<\/div>\n\t\t\t\t\t\t\n\t\t\t\t\t\t\t\t\t\t\t\t\t<h3 class=\"elementor-flip-box__layer__title\">\n\t\t\t\t\t\t\t\tLos Hostales\t\t\t\t\t\t\t<\/h3>\n\t\t\t\t\t\t\n\t\t\t\t\t\t\t\t\t\t\t<\/div>\n\t\t\t\t<\/div>\n\t\t\t<\/div>\n\t\t\t<div class=\"elementor-flip-box__layer elementor-flip-box__back\">\n\t\t\t<div class=\"elementor-flip-box__layer__overlay\">\n\t\t\t\t<div class=\"elementor-flip-box__layer__inner\">\n\t\t\t\t\t\t\t\t\t\t\t<h3 class=\"elementor-flip-box__layer__title\">\n\t\t\t\t\t\t\tLos Hostales\t\t\t\t\t\t<\/h3>\n\t\t\t\t\t\n\t\t\t\t\t\t\t\t\t\t\t<div class=\"elementor-flip-box__layer__description\">\n\t\t\t\t\t\t\tEls Hostals es una barriada de Santa Mar\u00eda nacida a principios de 1680, junto al camino que un\u00eda la ciudad de Mallorca (Palma) con Inca, a partir de establecidos de la Caballer\u00eda de Santa Mar\u00eda del Cam\u00ed del siglo XVII. Su nombre proviene del gran n\u00famero de hostales que exist\u00edan en la zona. El 22 de enero de 1639 aparece la primera referencia a la hospeder\u00eda de Santa Mar\u00eda que confronta con los caminos de Inca y Bunyola. En 1680 ya exist\u00edan dos hostales, uno de los cuales era conocido como el hostal de Morell (Can Calet), que colindaba con el camino de S\u00f3ller (Carrer Llarg).     \t\t\t\t\t\t<\/div>\n\t\t\t\t\t\n\t\t\t\t\t\t\t\t<\/div>\n\t\t<\/div>\n\t\t<\/div>\n\t\t<\/div>\n\t\t\t\t<\/div>\n\t\t\t\t<\/div>\n\t\t\t\t<\/div>\n\t\t\t\t\t<\/div>\n\t\t\t\t<\/div>\n\t\t\t\t<\/div>\n\t\t","protected":false},"excerpt":{"rendered":"<p>Patrimonio un viaje por la historia y la cultura ELEMENTOS HIST\u00d3RICOS Patrimonio de Santa Maria del Cam\u00ed Bienvenidos a la secci\u00f3n de patrimonio de Santa Maria del Cam\u00ed, un lugar lleno de historia y encanto a pocos minutos de Palma, accesible tanto en veh\u00edculo propio como en transporte p\u00fablico, especialmente en tren. Explora los 21 [&hellip;]<\/p>\n","protected":false},"author":1,"featured_media":0,"parent":0,"menu_order":0,"comment_status":"closed","ping_status":"closed","template":"","meta":{"_acf_changed":false,"footnotes":""},"class_list":["post-1534","page","type-page","status-publish","hentry"],"acf":[],"yoast_head":"<!-- This site is optimized with the Yoast SEO plugin v23.6 - https:\/\/yoast.com\/wordpress\/plugins\/seo\/ -->\n<title>Patrimonio - Visit Santa Maria del Cam\u00ed<\/title>\n<meta name=\"robots\" content=\"index, follow, max-snippet:-1, max-image-preview:large, max-video-preview:-1\" \/>\n<link rel=\"canonical\" href=\"https:\/\/www.visitsantamariadelcami.com\/es\/patrimoni\/\" \/>\n<meta property=\"og:locale\" content=\"es_ES\" \/>\n<meta property=\"og:type\" content=\"article\" \/>\n<meta property=\"og:title\" content=\"Patrimonio - Visit Santa Maria del Cam\u00ed\" \/>\n<meta property=\"og:description\" content=\"Patrimonio un viaje por la historia y la cultura ELEMENTOS HIST\u00d3RICOS Patrimonio de Santa Maria del Cam\u00ed Bienvenidos a la secci\u00f3n de patrimonio de Santa Maria del Cam\u00ed, un lugar lleno de historia y encanto a pocos minutos de Palma, accesible tanto en veh\u00edculo propio como en transporte p\u00fablico, especialmente en tren. Explora los 21 [&hellip;]\" \/>\n<meta property=\"og:url\" content=\"https:\/\/www.visitsantamariadelcami.com\/es\/patrimoni\/\" \/>\n<meta property=\"og:site_name\" content=\"Visit Santa Maria del Cam\u00ed\" \/>\n<meta property=\"article:publisher\" content=\"https:\/\/www.facebook.com\/ajuntament.santamariadelcami\" \/>\n<meta property=\"article:modified_time\" content=\"2024-10-02T08:38:32+00:00\" \/>\n<meta name=\"twitter:card\" content=\"summary_large_image\" \/>\n<meta name=\"twitter:label1\" content=\"Tiempo de lectura\" \/>\n\t<meta name=\"twitter:data1\" content=\"8 minutos\" \/>\n<script type=\"application\/ld+json\" class=\"yoast-schema-graph\">{\"@context\":\"https:\/\/schema.org\",\"@graph\":[{\"@type\":\"WebPage\",\"@id\":\"https:\/\/www.visitsantamariadelcami.com\/es\/patrimoni\/\",\"url\":\"https:\/\/www.visitsantamariadelcami.com\/es\/patrimoni\/\",\"name\":\"Patrimonio - Visit Santa Maria del Cam\u00ed\",\"isPartOf\":{\"@id\":\"https:\/\/www.visitsantamariadelcami.com\/#website\"},\"datePublished\":\"2024-08-16T11:50:21+00:00\",\"dateModified\":\"2024-10-02T08:38:32+00:00\",\"breadcrumb\":{\"@id\":\"https:\/\/www.visitsantamariadelcami.com\/es\/patrimoni\/#breadcrumb\"},\"inLanguage\":\"es\",\"potentialAction\":[{\"@type\":\"ReadAction\",\"target\":[\"https:\/\/www.visitsantamariadelcami.com\/es\/patrimoni\/\"]}]},{\"@type\":\"BreadcrumbList\",\"@id\":\"https:\/\/www.visitsantamariadelcami.com\/es\/patrimoni\/#breadcrumb\",\"itemListElement\":[{\"@type\":\"ListItem\",\"position\":1,\"name\":\"Inici\",\"item\":\"https:\/\/www.visitsantamariadelcami.com\/es\/inicio\/\"},{\"@type\":\"ListItem\",\"position\":2,\"name\":\"Patrimonio\"}]},{\"@type\":\"WebSite\",\"@id\":\"https:\/\/www.visitsantamariadelcami.com\/#website\",\"url\":\"https:\/\/www.visitsantamariadelcami.com\/\",\"name\":\"Visit Santa Maria del Cam\u00ed\",\"description\":\"Santa Maria et convida a descobrir la seva rica cultura, hist\u00f2ria, i tradicions. Des de vinyes i cellers de renom fins a una vibrant escena gastron\u00f2mica\",\"publisher\":{\"@id\":\"https:\/\/www.visitsantamariadelcami.com\/#organization\"},\"potentialAction\":[{\"@type\":\"SearchAction\",\"target\":{\"@type\":\"EntryPoint\",\"urlTemplate\":\"https:\/\/www.visitsantamariadelcami.com\/?s={search_term_string}\"},\"query-input\":{\"@type\":\"PropertyValueSpecification\",\"valueRequired\":true,\"valueName\":\"search_term_string\"}}],\"inLanguage\":\"es\"},{\"@type\":\"Organization\",\"@id\":\"https:\/\/www.visitsantamariadelcami.com\/#organization\",\"name\":\"Visit Santa Maria del Cam\u00ed\",\"url\":\"https:\/\/www.visitsantamariadelcami.com\/\",\"logo\":{\"@type\":\"ImageObject\",\"inLanguage\":\"es\",\"@id\":\"https:\/\/www.visitsantamariadelcami.com\/#\/schema\/logo\/image\/\",\"url\":\"https:\/\/www.visitsantamariadelcami.com\/wp-content\/uploads\/2024\/08\/uva-1.svg\",\"contentUrl\":\"https:\/\/www.visitsantamariadelcami.com\/wp-content\/uploads\/2024\/08\/uva-1.svg\",\"caption\":\"Visit Santa Maria del Cam\u00ed\"},\"image\":{\"@id\":\"https:\/\/www.visitsantamariadelcami.com\/#\/schema\/logo\/image\/\"},\"sameAs\":[\"https:\/\/www.facebook.com\/ajuntament.santamariadelcami\",\"https:\/\/www.instagram.com\/ajsantamariadelcami\/\"]}]}<\/script>\n<!-- \/ Yoast SEO plugin. -->","yoast_head_json":{"title":"Patrimonio - Visit Santa Maria del Cam\u00ed","robots":{"index":"index","follow":"follow","max-snippet":"max-snippet:-1","max-image-preview":"max-image-preview:large","max-video-preview":"max-video-preview:-1"},"canonical":"https:\/\/www.visitsantamariadelcami.com\/es\/patrimoni\/","og_locale":"es_ES","og_type":"article","og_title":"Patrimonio - Visit Santa Maria del Cam\u00ed","og_description":"Patrimonio un viaje por la historia y la cultura ELEMENTOS HIST\u00d3RICOS Patrimonio de Santa Maria del Cam\u00ed Bienvenidos a la secci\u00f3n de patrimonio de Santa Maria del Cam\u00ed, un lugar lleno de historia y encanto a pocos minutos de Palma, accesible tanto en veh\u00edculo propio como en transporte p\u00fablico, especialmente en tren. Explora los 21 [&hellip;]","og_url":"https:\/\/www.visitsantamariadelcami.com\/es\/patrimoni\/","og_site_name":"Visit Santa Maria del Cam\u00ed","article_publisher":"https:\/\/www.facebook.com\/ajuntament.santamariadelcami","article_modified_time":"2024-10-02T08:38:32+00:00","twitter_card":"summary_large_image","twitter_misc":{"Tiempo de lectura":"8 minutos"},"schema":{"@context":"https:\/\/schema.org","@graph":[{"@type":"WebPage","@id":"https:\/\/www.visitsantamariadelcami.com\/es\/patrimoni\/","url":"https:\/\/www.visitsantamariadelcami.com\/es\/patrimoni\/","name":"Patrimonio - Visit Santa Maria del Cam\u00ed","isPartOf":{"@id":"https:\/\/www.visitsantamariadelcami.com\/#website"},"datePublished":"2024-08-16T11:50:21+00:00","dateModified":"2024-10-02T08:38:32+00:00","breadcrumb":{"@id":"https:\/\/www.visitsantamariadelcami.com\/es\/patrimoni\/#breadcrumb"},"inLanguage":"es","potentialAction":[{"@type":"ReadAction","target":["https:\/\/www.visitsantamariadelcami.com\/es\/patrimoni\/"]}]},{"@type":"BreadcrumbList","@id":"https:\/\/www.visitsantamariadelcami.com\/es\/patrimoni\/#breadcrumb","itemListElement":[{"@type":"ListItem","position":1,"name":"Inici","item":"https:\/\/www.visitsantamariadelcami.com\/es\/inicio\/"},{"@type":"ListItem","position":2,"name":"Patrimonio"}]},{"@type":"WebSite","@id":"https:\/\/www.visitsantamariadelcami.com\/#website","url":"https:\/\/www.visitsantamariadelcami.com\/","name":"Visit Santa Maria del Cam\u00ed","description":"Santa Maria et convida a descobrir la seva rica cultura, hist\u00f2ria, i tradicions. Des de vinyes i cellers de renom fins a una vibrant escena gastron\u00f2mica","publisher":{"@id":"https:\/\/www.visitsantamariadelcami.com\/#organization"},"potentialAction":[{"@type":"SearchAction","target":{"@type":"EntryPoint","urlTemplate":"https:\/\/www.visitsantamariadelcami.com\/?s={search_term_string}"},"query-input":{"@type":"PropertyValueSpecification","valueRequired":true,"valueName":"search_term_string"}}],"inLanguage":"es"},{"@type":"Organization","@id":"https:\/\/www.visitsantamariadelcami.com\/#organization","name":"Visit Santa Maria del Cam\u00ed","url":"https:\/\/www.visitsantamariadelcami.com\/","logo":{"@type":"ImageObject","inLanguage":"es","@id":"https:\/\/www.visitsantamariadelcami.com\/#\/schema\/logo\/image\/","url":"https:\/\/www.visitsantamariadelcami.com\/wp-content\/uploads\/2024\/08\/uva-1.svg","contentUrl":"https:\/\/www.visitsantamariadelcami.com\/wp-content\/uploads\/2024\/08\/uva-1.svg","caption":"Visit Santa Maria del Cam\u00ed"},"image":{"@id":"https:\/\/www.visitsantamariadelcami.com\/#\/schema\/logo\/image\/"},"sameAs":["https:\/\/www.facebook.com\/ajuntament.santamariadelcami","https:\/\/www.instagram.com\/ajsantamariadelcami\/"]}]}},"_links":{"self":[{"href":"https:\/\/www.visitsantamariadelcami.com\/es\/wp-json\/wp\/v2\/pages\/1534","targetHints":{"allow":["GET"]}}],"collection":[{"href":"https:\/\/www.visitsantamariadelcami.com\/es\/wp-json\/wp\/v2\/pages"}],"about":[{"href":"https:\/\/www.visitsantamariadelcami.com\/es\/wp-json\/wp\/v2\/types\/page"}],"author":[{"embeddable":true,"href":"https:\/\/www.visitsantamariadelcami.com\/es\/wp-json\/wp\/v2\/users\/1"}],"replies":[{"embeddable":true,"href":"https:\/\/www.visitsantamariadelcami.com\/es\/wp-json\/wp\/v2\/comments?post=1534"}],"version-history":[{"count":9,"href":"https:\/\/www.visitsantamariadelcami.com\/es\/wp-json\/wp\/v2\/pages\/1534\/revisions"}],"predecessor-version":[{"id":4260,"href":"https:\/\/www.visitsantamariadelcami.com\/es\/wp-json\/wp\/v2\/pages\/1534\/revisions\/4260"}],"wp:attachment":[{"href":"https:\/\/www.visitsantamariadelcami.com\/es\/wp-json\/wp\/v2\/media?parent=1534"}],"curies":[{"name":"wp","href":"https:\/\/api.w.org\/{rel}","templated":true}]}}