{"id":1536,"date":"2024-08-16T11:50:21","date_gmt":"2024-08-16T11:50:21","guid":{"rendered":"https:\/\/www.visitsantamariadelcami.com\/heritage\/"},"modified":"2024-10-02T08:43:45","modified_gmt":"2024-10-02T08:43:45","slug":"heritage","status":"publish","type":"page","link":"https:\/\/www.visitsantamariadelcami.com\/en\/heritage\/","title":{"rendered":"heritage"},"content":{"rendered":"\t\t<div data-elementor-type=\"wp-page\" data-elementor-id=\"1536\" class=\"elementor elementor-1536 elementor-87\" data-elementor-post-type=\"page\">\n\t\t\t\t<div class=\"elementor-element elementor-element-5e74ab3 e-flex e-con-boxed e-con e-parent\" data-id=\"5e74ab3\" data-element_type=\"container\" data-settings=\"{&quot;background_background&quot;:&quot;classic&quot;}\">\n\t\t\t\t\t<div class=\"e-con-inner\">\n\t\t\t\t<div class=\"elementor-element elementor-element-b05b299 elementor-widget elementor-widget-heading\" data-id=\"b05b299\" data-element_type=\"widget\" data-widget_type=\"heading.default\">\n\t\t\t\t<div class=\"elementor-widget-container\">\n\t\t\t<h1 class=\"elementor-heading-title elementor-size-default\">Heritage<\/h1>\t\t<\/div>\n\t\t\t\t<\/div>\n\t\t\t\t<div class=\"elementor-element elementor-element-67ee0b1 elementor-widget elementor-widget-heading\" data-id=\"67ee0b1\" data-element_type=\"widget\" data-widget_type=\"heading.default\">\n\t\t\t\t<div class=\"elementor-widget-container\">\n\t\t\t<h3 class=\"elementor-heading-title elementor-size-default\">a journey through history and culture  <\/h3>\t\t<\/div>\n\t\t\t\t<\/div>\n\t\t\t\t\t<\/div>\n\t\t\t\t<\/div>\n\t\t<div class=\"elementor-element elementor-element-178c6b3 e-flex e-con-boxed e-con e-parent\" data-id=\"178c6b3\" data-element_type=\"container\">\n\t\t\t\t\t<div class=\"e-con-inner\">\n\t\t\t\t<div class=\"elementor-element elementor-element-975a32d elementor-view-default elementor-widget elementor-widget-icon\" data-id=\"975a32d\" data-element_type=\"widget\" data-widget_type=\"icon.default\">\n\t\t\t\t<div class=\"elementor-widget-container\">\n\t\t\t\t\t<div class=\"elementor-icon-wrapper\">\n\t\t\t<div class=\"elementor-icon\">\n\t\t\t<svg xmlns=\"http:\/\/www.w3.org\/2000\/svg\" id=\"Capa_1\" viewBox=\"0 0 163.56 212.16\"><defs><style>      .cls-1 {        fill: #1d1d1b;      }    <\/style><\/defs><path class=\"cls-1\" d=\"M135.1,63.17h0c-12.18,0-22.61,7.71-26.65,18.5-1.41-3.78-3.62-7.24-6.55-10.17-5.37-5.37-12.51-8.33-20.1-8.33h-.02c-12.19,0-22.62,7.72-26.65,18.52-1.41-3.78-3.63-7.25-6.56-10.19-5.37-5.37-12.51-8.33-20.1-8.33h-.02c-15.69,0-28.45,12.76-28.45,28.45s12.76,28.45,28.45,28.45c1.55,0,3.08-.12,4.57-.37-4.11,5.05-6.35,11.31-6.35,17.92,0,7.6,2.96,14.74,8.33,20.12,5.37,5.37,12.51,8.33,20.12,8.34h0c1.59,0,3.15-.14,4.69-.39-4.03,4.91-6.46,11.19-6.46,18.02,0,15.68,12.76,28.45,28.44,28.45h0c15.68,0,28.44-12.76,28.45-28.44h0c0-6.84-2.42-13.11-6.45-18.02,1.52.25,3.07.39,4.66.39,15.68,0,28.45-12.76,28.45-28.45h0c0-6.79-2.39-13.04-6.37-17.93,1.49.24,3.03.37,4.59.37h0c7.6,0,14.74-2.96,20.12-8.34,5.37-5.37,8.33-12.51,8.33-20.11v-.02c0-15.69-12.77-28.45-28.46-28.45ZM108.44,101.58c1.09,2.92,2.64,5.61,4.57,7.98-1.49-.25-3.03-.37-4.59-.37s-3.08.12-4.57.37c1.75-2.15,3.17-4.52,4.21-7.04.13-.31.25-.62.37-.94ZM81.78,66.75h.02c6.64,0,12.88,2.59,17.57,7.28,4.61,4.62,7.2,10.74,7.28,17.26,0,.11,0,.23,0,.34s0,.22,0,.33c-.09,6.52-2.67,12.63-7.29,17.25-1.08,1.08-2.23,2.04-3.46,2.88-1.19.58-2.33,1.25-3.42,1.99-3.3,1.58-6.94,2.41-10.71,2.41h0c-3.85,0-7.5-.88-10.77-2.46h0c-1.06-.72-2.15-1.35-3.28-1.91-6.53-4.48-10.82-12-10.81-20.51,0-13.71,11.16-24.87,24.87-24.87ZM86.37,119.7c-1.94,2.38-3.5,5.07-4.59,7.99-1.07-2.88-2.61-5.57-4.58-7.99,1.5.24,3.03.37,4.58.37h0c1.55,0,3.08-.12,4.58-.37ZM59.71,109.55c-1.51-.24-3.04-.37-4.59-.37h0c-1.55,0-3.09.12-4.59.37,1.94-2.38,3.5-5.08,4.59-8.01,1.07,2.88,2.61,5.58,4.59,8.01ZM28.45,116.5c-13.71,0-24.88-11.16-24.88-24.88s11.16-24.88,24.88-24.88h.02c6.64,0,12.87,2.59,17.57,7.28,4.7,4.7,7.29,10.95,7.29,17.6,0,8.46-4.25,15.95-10.72,20.45-1.2.58-2.35,1.25-3.46,2.01-3.24,1.55-6.87,2.42-10.7,2.42ZM55.11,162.5c-6.64,0-12.89-2.59-17.59-7.29-4.69-4.7-7.28-10.94-7.28-17.59,0-8.49,4.28-16.01,10.8-20.5,1.14-.56,2.24-1.2,3.29-1.91,0,0,0,0,.01,0,3.26-1.57,6.91-2.45,10.76-2.45h0c3.86,0,7.51.88,10.77,2.46h0c1.06.72,2.17,1.36,3.3,1.92,6.51,4.49,10.79,11.99,10.79,20.48h0c0,6.65-2.59,12.9-7.29,17.6-1.24,1.24-2.59,2.33-4.02,3.26-.76.39-1.49.82-2.21,1.28-3.47,1.78-7.34,2.74-11.35,2.74h0ZM81.78,147.57c1.11,2.97,2.71,5.69,4.69,8.09-1.53-.25-3.09-.39-4.68-.39-1.59,0-3.15.14-4.67.39,2.01-2.44,3.59-5.17,4.67-8.09ZM106.66,183.72h0c0,13.72-11.16,24.87-24.87,24.87h0c-13.71,0-24.87-11.16-24.87-24.88,0-8.71,4.51-16.38,11.3-20.82.76-.4,1.51-.83,2.23-1.3,3.4-1.75,7.25-2.74,11.33-2.74h0c4.11,0,7.98,1.01,11.4,2.78.69.44,1.39.85,2.12,1.23,6.83,4.44,11.36,12.13,11.36,20.86ZM133.31,137.63h0c0,13.72-11.16,24.88-24.87,24.88-4.07,0-7.91-.99-11.3-2.73-.73-.47-1.49-.91-2.27-1.32-6.8-4.45-11.31-12.12-11.31-20.83h0c0-8.48,4.26-15.98,10.75-20.46,1.18-.58,2.33-1.25,3.42-1.99,3.24-1.55,6.87-2.42,10.7-2.42h0c3.85,0,7.5.88,10.76,2.45,0,0,0,0,.01,0,1.06.72,2.17,1.36,3.31,1.93,6.51,4.49,10.79,12,10.79,20.49ZM135.1,116.51h0c-3.85,0-7.5-.88-10.76-2.45,0,0,0,0-.01,0-1.06-.72-2.17-1.36-3.31-1.93-6.42-4.43-10.68-11.8-10.79-20.16,0-.11,0-.23,0-.34s0-.22,0-.33c.18-13.57,11.27-24.55,24.87-24.55h0c13.72,0,24.88,11.16,24.89,24.88,0,13.72-11.16,24.89-24.88,24.89Z\"><\/path><path class=\"cls-1\" d=\"M33.45,45.97c2.89,1.22,5.89,1.8,8.84,1.8,8.91,0,17.39-5.24,21.06-13.95.38-.91-.04-1.96-.95-2.34-.91-.39-1.96.04-2.34.95-4.13,9.78-15.44,14.37-25.22,10.24-9.78-4.13-14.38-15.44-10.25-25.22.43-1.02.95-2,1.54-2.92.06-.07.12-.15.17-.24.05-.08.1-.16.15-.24,1.39-2.28,3.37-4.25,5.74-5.84,7.03-4.71,17.55-6.13,26.96-3.01,6.59,2.19,20.85,9.67,20.85,33.2v.06c0,2.28-.14,4.72-.43,7.31-.11.98.61,1.77,1.58,1.97.19.04,1.2,0,1.28,0,.99-.04,1.69-.99,1.58-1.97-.29-2.6-.43-5.02-.43-7.31v-.05c0-23.53,14.26-31.01,20.85-33.2,9.03-3.01,19.08-1.81,26.09,2.45.15.09.29.18.44.27.11.15.26.28.43.38.57.34,1.11.72,1.64,1.11.02,0,.03.02.05.04,1.97,1.5,3.62,3.36,4.88,5.48.44.74.83,1.52,1.17,2.32,4.13,9.78-.46,21.1-10.24,25.23-4.74,2-9.97,2.04-14.73.1s-8.49-5.61-10.49-10.34c-.38-.91-1.43-1.34-2.34-.95-.91.38-1.33,1.43-.95,2.34,3.68,8.7,12.16,13.94,21.06,13.94,2.96,0,5.97-.58,8.85-1.8,11.6-4.9,17.04-18.31,12.15-29.91-1.68-3.97-4.38-7.32-7.88-9.77-.01,0-.02-.02-.04-.03C126.53.17,114.2-1.81,103.29,1.83c-7.63,2.54-13.8,7.5-17.83,14.34-1.56,2.64-2.79,5.53-3.68,8.65-.89-3.12-2.12-6.01-3.68-8.66-4.03-6.84-10.2-11.79-17.83-14.33-14.03-4.67-30.41-.06-36.81,10.26-.01.01-.02.03-.03.04-.83,1.23-1.55,2.54-2.13,3.93-2.37,5.62-2.41,11.82-.12,17.47,2.29,5.65,6.65,10.06,12.27,12.43Z\"><\/path><\/svg>\t\t\t<\/div>\n\t\t<\/div>\n\t\t\t\t<\/div>\n\t\t\t\t<\/div>\n\t\t\t\t<div class=\"elementor-element elementor-element-6fbaf5d elementor-widget elementor-widget-heading\" data-id=\"6fbaf5d\" data-element_type=\"widget\" data-widget_type=\"heading.default\">\n\t\t\t\t<div class=\"elementor-widget-container\">\n\t\t\t<h4 class=\"elementor-heading-title elementor-size-default\">HISTORICAL ELEMENTS  <\/h4>\t\t<\/div>\n\t\t\t\t<\/div>\n\t\t\t\t<div class=\"elementor-element elementor-element-99fda2c elementor-widget elementor-widget-heading\" data-id=\"99fda2c\" data-element_type=\"widget\" data-widget_type=\"heading.default\">\n\t\t\t\t<div class=\"elementor-widget-container\">\n\t\t\t<h2 class=\"elementor-heading-title elementor-size-default\">Heritage of Santa Maria del Cam\u00ed<\/h2>\t\t<\/div>\n\t\t\t\t<\/div>\n\t\t\t\t<div class=\"elementor-element elementor-element-c3b32e8 elementor-widget elementor-widget-text-editor\" data-id=\"c3b32e8\" data-element_type=\"widget\" data-widget_type=\"text-editor.default\">\n\t\t\t\t<div class=\"elementor-widget-container\">\n\t\t\t\t\t\t\t<p>Welcome to the heritage section of Santa Maria del Cam\u00ed, a place full of history and charm a few minutes from Palma, accessible both by own vehicle and by public transport, especially by train. Explore the 21 most emblematic heritage elements of this traditional Mallorcan municipality, where every corner has a story and every building is a testament to bygone eras. <\/p>\n<p>Walking through Santa Maria del Cam\u00ed is like traveling back in time. Its cobbled streets and historic buildings, such as the Parish Church of Santa Maria, reflect a heritage that has been carefully preserved over time. Don&#8217;t miss the Torre de Son Segu\u00ed and other monuments that tell the story of this charming place.  <\/p>\n\t\t\t\t\t\t<\/div>\n\t\t\t\t<\/div>\n\t\t\t\t\t<\/div>\n\t\t\t\t<\/div>\n\t\t<div class=\"elementor-element elementor-element-5d77c0f e-flex e-con-boxed e-con e-parent\" data-id=\"5d77c0f\" data-element_type=\"container\" data-settings=\"{&quot;background_background&quot;:&quot;classic&quot;}\">\n\t\t\t\t\t<div class=\"e-con-inner\">\n\t\t<div class=\"elementor-element elementor-element-53b5798 e-con-full e-flex e-con e-child\" data-id=\"53b5798\" data-element_type=\"container\">\n\t\t\t\t<div class=\"elementor-element elementor-element-ac47603 elementor-view-default elementor-widget elementor-widget-icon\" data-id=\"ac47603\" data-element_type=\"widget\" data-widget_type=\"icon.default\">\n\t\t\t\t<div class=\"elementor-widget-container\">\n\t\t\t\t\t<div class=\"elementor-icon-wrapper\">\n\t\t\t<div class=\"elementor-icon\">\n\t\t\t<svg xmlns=\"http:\/\/www.w3.org\/2000\/svg\" xmlns:xlink=\"http:\/\/www.w3.org\/1999\/xlink\" id=\"Capa_1\" viewBox=\"0 0 380.8 214.15\"><defs><style>      .cls-1 {        fill: none;      }      .cls-2 {        isolation: isolate;        opacity: .25;      }      .cls-3 {        fill: #fff;      }      .cls-4 {        clip-path: url(#clippath);      }    <\/style><clipPath id=\"clippath\"><rect class=\"cls-1\" x=\"0\" width=\"380.8\" height=\"214.15\"><\/rect><\/clipPath><\/defs><g id=\"Grupo_45\" class=\"cls-2\"><g class=\"cls-4\"><g id=\"Grupo_44\"><path id=\"Trazado_59\" class=\"cls-3\" d=\"M190.4,214.15C106.11,214.15,31.62,173.16.61,109.72c-.81-1.67-.81-3.63,0-5.3C31.6,41,106.11,0,190.4,0c18.95-.02,37.84,2.11,56.3,6.36,3.25.75,5.27,3.99,4.52,7.24-.75,3.25-3.99,5.27-7.24,4.52h0c-17.57-4.05-35.55-6.08-53.58-6.06C111.88,12.07,42.54,49.27,12.78,107.07c29.76,57.82,99.1,95.01,177.62,95.01s147.86-37.2,177.62-95.01c-16.39-31.74-45.93-58.42-83.54-75.35-3-1.44-4.27-5.05-2.82-8.05,1.39-2.89,4.81-4.19,7.77-2.95,41.21,18.54,73.44,48.27,90.75,83.71.82,1.67.82,3.63,0,5.3-31,63.43-105.49,104.42-189.79,104.42\"><\/path><path id=\"Trazado_60\" class=\"cls-3\" d=\"M190.4,184.51c-83.92,0-158.24-29.05-189.33-74-1.43-2.06-1.43-4.8,0-6.86C32.16,58.7,106.47,29.65,190.4,29.65s158.25,29.05,189.33,74c1.43,2.06,1.43,4.8,0,6.86-31.08,44.96-105.4,74-189.33,74M13.49,107.07c30.01,39.25,100.27,65.37,176.91,65.37s146.9-26.13,176.91-65.37c-30.01-39.25-100.27-65.37-176.91-65.37S43.5,67.83,13.49,107.07\"><\/path><path id=\"Trazado_61\" class=\"cls-3\" d=\"M190.4,184.22c-42.61,0-77.14-34.54-77.14-77.15S147.8,29.93,190.4,29.93c42.6,0,77.14,34.54,77.14,77.14-.05,42.59-34.56,77.1-77.15,77.15M190.4,41.99c-35.94,0-65.08,29.14-65.07,65.09,0,35.94,29.14,65.08,65.09,65.07,35.94,0,65.07-29.14,65.07-65.08-.04-35.93-29.16-65.04-65.09-65.08\"><\/path><path id=\"Trazado_62\" class=\"cls-3\" d=\"M190.4,145.81c-21.39-.02-38.72-17.35-38.74-38.74.04-3.33,2.78-6,6.11-5.95,3.27.04,5.91,2.68,5.95,5.95,0,14.74,11.94,26.69,26.67,26.69,14.74,0,26.69-11.94,26.69-26.67,0-14.74-11.94-26.69-26.67-26.69,0,0,0,0-.01,0-3.33.04-6.07-2.62-6.11-5.95-.04-3.33,2.62-6.07,5.95-6.11.05,0,.1,0,.16,0,21.39-.11,38.83,17.15,38.93,38.54.11,21.39-17.15,38.83-38.54,38.93-.13,0-.26,0-.39,0\"><\/path><path id=\"Trazado_63\" class=\"cls-3\" d=\"M179.41,113.11c-3.33,0-6.03-2.7-6.03-6.03h0c.01-9.4,7.63-17.01,17.03-17.02,3.33-.04,6.07,2.62,6.11,5.95.04,3.33-2.62,6.07-5.95,6.11-.05,0-.1,0-.16,0-2.74,0-4.95,2.22-4.95,4.96,0,3.33-2.7,6.03-6.03,6.03h0\"><\/path><\/g><\/g><\/g><\/svg>\t\t\t<\/div>\n\t\t<\/div>\n\t\t\t\t<\/div>\n\t\t\t\t<\/div>\n\t\t\t\t<div class=\"elementor-element elementor-element-0fb8a0b elementor-widget elementor-widget-heading\" data-id=\"0fb8a0b\" data-element_type=\"widget\" data-widget_type=\"heading.default\">\n\t\t\t\t<div class=\"elementor-widget-container\">\n\t\t\t<h2 class=\"elementor-heading-title elementor-size-default\">live the experience<\/h2>\t\t<\/div>\n\t\t\t\t<\/div>\n\t\t\t\t<\/div>\n\t\t<div class=\"elementor-element elementor-element-17481e3 e-con-full e-flex e-con e-child\" data-id=\"17481e3\" data-element_type=\"container\">\n\t\t\t\t<div class=\"elementor-element elementor-element-c67018a elementor-widget elementor-widget-video\" data-id=\"c67018a\" data-element_type=\"widget\" data-settings=\"{&quot;youtube_url&quot;:&quot;https:\\\/\\\/youtu.be\\\/kqRErum4ff0?feature=shared&quot;,&quot;video_type&quot;:&quot;youtube&quot;,&quot;controls&quot;:&quot;yes&quot;}\" data-widget_type=\"video.default\">\n\t\t\t\t<div class=\"elementor-widget-container\">\n\t\t\t\t\t<div class=\"elementor-wrapper elementor-open-inline\">\n\t\t\t<div class=\"elementor-video\"><\/div>\t\t<\/div>\n\t\t\t\t<\/div>\n\t\t\t\t<\/div>\n\t\t\t\t<\/div>\n\t\t\t\t\t<\/div>\n\t\t\t\t<\/div>\n\t\t<div class=\"elementor-element elementor-element-4733fd1 e-grid e-con-boxed e-con e-parent\" data-id=\"4733fd1\" data-element_type=\"container\">\n\t\t\t\t\t<div class=\"e-con-inner\">\n\t\t<div class=\"elementor-element elementor-element-36a97ce e-con-full e-flex e-con e-child\" data-id=\"36a97ce\" data-element_type=\"container\">\n\t\t\t\t<div class=\"elementor-element elementor-element-2b6eb41 elementor-flip-box--effect-fade elementor-widget elementor-widget-flip-box\" data-id=\"2b6eb41\" data-element_type=\"widget\" data-widget_type=\"flip-box.default\">\n\t\t\t\t<div class=\"elementor-widget-container\">\n\t\t\t\t\t<div class=\"elementor-flip-box\" tabindex=\"0\">\n\t\t\t<div class=\"elementor-flip-box__layer elementor-flip-box__front\">\n\t\t\t\t<div class=\"elementor-flip-box__layer__overlay\">\n\t\t\t\t\t<div class=\"elementor-flip-box__layer__inner\">\n\t\t\t\t\t\t\t\t\t\t\t\t\t<div class=\"elementor-icon-wrapper elementor-view-default\">\n\t\t\t\t\t\t\t\t<div class=\"elementor-icon\">\n\t\t\t\t\t\t\t\t\t\t\t\t\t\t\t\t\t<\/div>\n\t\t\t\t\t\t\t<\/div>\n\t\t\t\t\t\t\n\t\t\t\t\t\t\t\t\t\t\t\t\t<h3 class=\"elementor-flip-box__layer__title\">\n\t\t\t\t\t\t\t\tParish of Santa Maria del Cam\u00ed\t\t\t\t\t\t\t<\/h3>\n\t\t\t\t\t\t\n\t\t\t\t\t\t\t\t\t\t\t<\/div>\n\t\t\t\t<\/div>\n\t\t\t<\/div>\n\t\t\t<div class=\"elementor-flip-box__layer elementor-flip-box__back\">\n\t\t\t<div class=\"elementor-flip-box__layer__overlay\">\n\t\t\t\t<div class=\"elementor-flip-box__layer__inner\">\n\t\t\t\t\t\t\t\t\t\t\t<h3 class=\"elementor-flip-box__layer__title\">\n\t\t\t\t\t\t\tParish of Santa Maria del Cam\u00ed\t\t\t\t\t\t<\/h3>\n\t\t\t\t\t\n\t\t\t\t\t\t\t\t\t\t\t<div class=\"elementor-flip-box__layer__description\">\n\t\t\t\t\t\t\tThe parish of Santa Maria del Cam\u00ed, as, well, its name suggests, is dedicated to Santa Maria del Cam\u00ed. The town receives this name because it is at a crossroads of old roads that crossed the island (Royal Way of Muro, Cam\u00ed de Palma, Cam\u00ed de S\u00f3ller, Cam\u00ed de Sant Jordi) and it was in front of the parish where they converged. The current building, in Baroque style, is built on top of an old hermitage from the 13th century. The works began in 1707 and lasted until 1737.     \t\t\t\t\t\t<\/div>\n\t\t\t\t\t\n\t\t\t\t\t\t\t\t<\/div>\n\t\t<\/div>\n\t\t<\/div>\n\t\t<\/div>\n\t\t\t\t<\/div>\n\t\t\t\t<\/div>\n\t\t\t\t<\/div>\n\t\t<div class=\"elementor-element elementor-element-d1b31d3 e-con-full e-flex e-con e-child\" data-id=\"d1b31d3\" data-element_type=\"container\">\n\t\t\t\t<div class=\"elementor-element elementor-element-c45cc23 elementor-flip-box--effect-fade elementor-widget elementor-widget-flip-box\" data-id=\"c45cc23\" data-element_type=\"widget\" data-widget_type=\"flip-box.default\">\n\t\t\t\t<div class=\"elementor-widget-container\">\n\t\t\t\t\t<div class=\"elementor-flip-box\" tabindex=\"0\">\n\t\t\t<div class=\"elementor-flip-box__layer elementor-flip-box__front\">\n\t\t\t\t<div class=\"elementor-flip-box__layer__overlay\">\n\t\t\t\t\t<div class=\"elementor-flip-box__layer__inner\">\n\t\t\t\t\t\t\t\t\t\t\t\t\t<div class=\"elementor-icon-wrapper elementor-view-default\">\n\t\t\t\t\t\t\t\t<div class=\"elementor-icon\">\n\t\t\t\t\t\t\t\t\t\t\t\t\t\t\t\t\t<\/div>\n\t\t\t\t\t\t\t<\/div>\n\t\t\t\t\t\t\n\t\t\t\t\t\t\t\t\t\t\t\t\t<h3 class=\"elementor-flip-box__layer__title\">\n\t\t\t\t\t\t\t\tCasa de la Vila\t\t\t\t\t\t\t<\/h3>\n\t\t\t\t\t\t\n\t\t\t\t\t\t\t\t\t\t\t<\/div>\n\t\t\t\t<\/div>\n\t\t\t<\/div>\n\t\t\t<div class=\"elementor-flip-box__layer elementor-flip-box__back\">\n\t\t\t<div class=\"elementor-flip-box__layer__overlay\">\n\t\t\t\t<div class=\"elementor-flip-box__layer__inner\">\n\t\t\t\t\t\t\t\t\t\t\t<h3 class=\"elementor-flip-box__layer__title\">\n\t\t\t\t\t\t\tCasa de la Vila\t\t\t\t\t\t<\/h3>\n\t\t\t\t\t\n\t\t\t\t\t\t\t\t\t\t\t<div class=\"elementor-flip-box__layer__description\">\n\t\t\t\t\t\t\tBuilt in 1566, it was the former Curia del Batlle and Escrivania de Santa Maria. It had a meeting room, a prison, a quarter and rooms for the Magnificent Judge of the Royal Court. In the Renaissance style, it is an example of a monument of civil architecture in Santa Maria.    \t\t\t\t\t\t<\/div>\n\t\t\t\t\t\n\t\t\t\t\t\t\t\t<\/div>\n\t\t<\/div>\n\t\t<\/div>\n\t\t<\/div>\n\t\t\t\t<\/div>\n\t\t\t\t<\/div>\n\t\t\t\t<\/div>\n\t\t<div class=\"elementor-element elementor-element-20b6f1d e-con-full e-flex e-con e-child\" data-id=\"20b6f1d\" data-element_type=\"container\">\n\t\t\t\t<div class=\"elementor-element elementor-element-f792fa9 elementor-flip-box--effect-fade elementor-widget elementor-widget-flip-box\" data-id=\"f792fa9\" data-element_type=\"widget\" data-widget_type=\"flip-box.default\">\n\t\t\t\t<div class=\"elementor-widget-container\">\n\t\t\t\t\t<div class=\"elementor-flip-box\" tabindex=\"0\">\n\t\t\t<div class=\"elementor-flip-box__layer elementor-flip-box__front\">\n\t\t\t\t<div class=\"elementor-flip-box__layer__overlay\">\n\t\t\t\t\t<div class=\"elementor-flip-box__layer__inner\">\n\t\t\t\t\t\t\t\t\t\t\t\t\t<div class=\"elementor-icon-wrapper elementor-view-default\">\n\t\t\t\t\t\t\t\t<div class=\"elementor-icon\">\n\t\t\t\t\t\t\t\t\t\t\t\t\t\t\t\t\t<\/div>\n\t\t\t\t\t\t\t<\/div>\n\t\t\t\t\t\t\n\t\t\t\t\t\t\t\t\t\t\t\t\t<h3 class=\"elementor-flip-box__layer__title\">\n\t\t\t\t\t\t\t\tCa s'Apotecari\t\t\t\t\t\t\t<\/h3>\n\t\t\t\t\t\t\n\t\t\t\t\t\t\t\t\t\t\t<\/div>\n\t\t\t\t<\/div>\n\t\t\t<\/div>\n\t\t\t<div class=\"elementor-flip-box__layer elementor-flip-box__back\">\n\t\t\t<div class=\"elementor-flip-box__layer__overlay\">\n\t\t\t\t<div class=\"elementor-flip-box__layer__inner\">\n\t\t\t\t\t\t\t\t\t\t\t<h3 class=\"elementor-flip-box__layer__title\">\n\t\t\t\t\t\t\tCa s'Apotecari\t\t\t\t\t\t<\/h3>\n\t\t\t\t\t\n\t\t\t\t\t\t\t\t\t\t\t<div class=\"elementor-flip-box__layer__description\">\n\t\t\t\t\t\t\tCa s'Apotecari, built in 1710, was owned by the Far family. The apothecary of D. Mateu Calafat i Canyelles was located there. It is of stately style and highlights the porch with the corbels and decorated balconies and the paved roof with a natural stone bench and wrought iron railing. It currently houses the offices of the Santa Maria City Council     \t\t\t\t\t\t<\/div>\n\t\t\t\t\t\n\t\t\t\t\t\t\t\t<\/div>\n\t\t<\/div>\n\t\t<\/div>\n\t\t<\/div>\n\t\t\t\t<\/div>\n\t\t\t\t<\/div>\n\t\t\t\t<\/div>\n\t\t<div class=\"elementor-element elementor-element-ee19670 e-con-full e-flex e-con e-child\" data-id=\"ee19670\" data-element_type=\"container\">\n\t\t\t\t<div class=\"elementor-element elementor-element-f2f1159 elementor-flip-box--effect-fade elementor-widget elementor-widget-flip-box\" data-id=\"f2f1159\" data-element_type=\"widget\" data-widget_type=\"flip-box.default\">\n\t\t\t\t<div class=\"elementor-widget-container\">\n\t\t\t\t\t<div class=\"elementor-flip-box\" tabindex=\"0\">\n\t\t\t<div class=\"elementor-flip-box__layer elementor-flip-box__front\">\n\t\t\t\t<div class=\"elementor-flip-box__layer__overlay\">\n\t\t\t\t\t<div class=\"elementor-flip-box__layer__inner\">\n\t\t\t\t\t\t\t\t\t\t\t\t\t<div class=\"elementor-icon-wrapper elementor-view-default\">\n\t\t\t\t\t\t\t\t<div class=\"elementor-icon\">\n\t\t\t\t\t\t\t\t\t\t\t\t\t\t\t\t\t<\/div>\n\t\t\t\t\t\t\t<\/div>\n\t\t\t\t\t\t\n\t\t\t\t\t\t\t\t\t\t\t\t\t<h3 class=\"elementor-flip-box__layer__title\">\n\t\t\t\t\t\t\t\tCas Metge Rei\t\t\t\t\t\t\t<\/h3>\n\t\t\t\t\t\t\n\t\t\t\t\t\t\t\t\t\t\t<\/div>\n\t\t\t\t<\/div>\n\t\t\t<\/div>\n\t\t\t<div class=\"elementor-flip-box__layer elementor-flip-box__back\">\n\t\t\t<div class=\"elementor-flip-box__layer__overlay\">\n\t\t\t\t<div class=\"elementor-flip-box__layer__inner\">\n\t\t\t\t\t\t\t\t\t\t\t<h3 class=\"elementor-flip-box__layer__title\">\n\t\t\t\t\t\t\tCas Metge Rei\t\t\t\t\t\t<\/h3>\n\t\t\t\t\t\n\t\t\t\t\t\t\t\t\t\t\t<div class=\"elementor-flip-box__layer__description\">\n\t\t\t\t\t\t\tThe first documentary reference from 1674, was acquired at the beginning of the 19th century by the Cabot alias Rei family, known for having three generations of doctors. In 1987, Pere Rossell\u00f3 i Far donated the house to Santa Maria City Council. Currently, the building, remodeled, houses the Municipal Library and the Residence for the Elderly. Its facade, unique in the urban center, stands out for the inlays of black basalt stones and a large cross, also of black stones, which was used during the Stations of the Cross in Lent. The portal is of neoclassical style.    \t\t\t\t\t\t<\/div>\n\t\t\t\t\t\n\t\t\t\t\t\t\t\t<\/div>\n\t\t<\/div>\n\t\t<\/div>\n\t\t<\/div>\n\t\t\t\t<\/div>\n\t\t\t\t<\/div>\n\t\t\t\t<\/div>\n\t\t<div class=\"elementor-element elementor-element-a7eca44 e-con-full e-flex e-con e-child\" data-id=\"a7eca44\" data-element_type=\"container\">\n\t\t\t\t<div class=\"elementor-element elementor-element-b877c72 elementor-flip-box--effect-fade elementor-widget elementor-widget-flip-box\" data-id=\"b877c72\" data-element_type=\"widget\" data-widget_type=\"flip-box.default\">\n\t\t\t\t<div class=\"elementor-widget-container\">\n\t\t\t\t\t<div class=\"elementor-flip-box\" tabindex=\"0\">\n\t\t\t<div class=\"elementor-flip-box__layer elementor-flip-box__front\">\n\t\t\t\t<div class=\"elementor-flip-box__layer__overlay\">\n\t\t\t\t\t<div class=\"elementor-flip-box__layer__inner\">\n\t\t\t\t\t\t\t\t\t\t\t\t\t<div class=\"elementor-icon-wrapper elementor-view-default\">\n\t\t\t\t\t\t\t\t<div class=\"elementor-icon\">\n\t\t\t\t\t\t\t\t\t\t\t\t\t\t\t\t\t<\/div>\n\t\t\t\t\t\t\t<\/div>\n\t\t\t\t\t\t\n\t\t\t\t\t\t\t\t\t\t\t\t\t<h3 class=\"elementor-flip-box__layer__title\">\n\t\t\t\t\t\t\t\tSa Vileta - Barony of Terrades\t\t\t\t\t\t\t<\/h3>\n\t\t\t\t\t\t\n\t\t\t\t\t\t\t\t\t\t\t<\/div>\n\t\t\t\t<\/div>\n\t\t\t<\/div>\n\t\t\t<div class=\"elementor-flip-box__layer elementor-flip-box__back\">\n\t\t\t<div class=\"elementor-flip-box__layer__overlay\">\n\t\t\t\t<div class=\"elementor-flip-box__layer__inner\">\n\t\t\t\t\t\t\t\t\t\t\t<h3 class=\"elementor-flip-box__layer__title\">\n\t\t\t\t\t\t\tSa Vileta - Barony of Terrades\t\t\t\t\t\t<\/h3>\n\t\t\t\t\t\n\t\t\t\t\t\t\t\t\t\t\t<div class=\"elementor-flip-box__layer__description\">\n\t\t\t\t\t\t\tAn old Muslim farmhouse called Albiar, Sa Vileta was owned by Bernat de Santa Eug\u00e8nia, who gave it to Jaume de Terrades in 1246, for his good services rendered in the conquest of Mallorca, under the title of Barony. The farmhouse faced communal quintanas, the Garrigues de Consell, the Inca and Muro trails.   \t\t\t\t\t\t<\/div>\n\t\t\t\t\t\n\t\t\t\t\t\t\t\t<\/div>\n\t\t<\/div>\n\t\t<\/div>\n\t\t<\/div>\n\t\t\t\t<\/div>\n\t\t\t\t<\/div>\n\t\t\t\t<\/div>\n\t\t<div class=\"elementor-element elementor-element-eea6f21 e-con-full e-flex e-con e-child\" data-id=\"eea6f21\" data-element_type=\"container\">\n\t\t\t\t<div class=\"elementor-element elementor-element-0c89e5f elementor-flip-box--effect-fade elementor-widget elementor-widget-flip-box\" data-id=\"0c89e5f\" data-element_type=\"widget\" data-widget_type=\"flip-box.default\">\n\t\t\t\t<div class=\"elementor-widget-container\">\n\t\t\t\t\t<div class=\"elementor-flip-box\" tabindex=\"0\">\n\t\t\t<div class=\"elementor-flip-box__layer elementor-flip-box__front\">\n\t\t\t\t<div class=\"elementor-flip-box__layer__overlay\">\n\t\t\t\t\t<div class=\"elementor-flip-box__layer__inner\">\n\t\t\t\t\t\t\t\t\t\t\t\t\t<div class=\"elementor-icon-wrapper elementor-view-default\">\n\t\t\t\t\t\t\t\t<div class=\"elementor-icon\">\n\t\t\t\t\t\t\t\t\t\t\t\t\t\t\t\t\t<\/div>\n\t\t\t\t\t\t\t<\/div>\n\t\t\t\t\t\t\n\t\t\t\t\t\t\t\t\t\t\t\t\t<h3 class=\"elementor-flip-box__layer__title\">\n\t\t\t\t\t\t\t\tPosada de Son Segu\u00ed\t\t\t\t\t\t\t<\/h3>\n\t\t\t\t\t\t\n\t\t\t\t\t\t\t\t\t\t\t<\/div>\n\t\t\t\t<\/div>\n\t\t\t<\/div>\n\t\t\t<div class=\"elementor-flip-box__layer elementor-flip-box__back\">\n\t\t\t<div class=\"elementor-flip-box__layer__overlay\">\n\t\t\t\t<div class=\"elementor-flip-box__layer__inner\">\n\t\t\t\t\t\t\t\t\t\t\t<h3 class=\"elementor-flip-box__layer__title\">\n\t\t\t\t\t\t\tPosada de Son Segu\u00ed\t\t\t\t\t\t<\/h3>\n\t\t\t\t\t\n\t\t\t\t\t\t\t\t\t\t\t<div class=\"elementor-flip-box__layer__description\">\n\t\t\t\t\t\t\tThe Posada de Son Segu\u00ed, built in 1840, was the summer house of the lords of the emblematic possession of Son Segu\u00ed. The building, located in Pla\u00e7a de la Vila, is an example of the rural and aristocratic lifestyle of the 19th century.   \t\t\t\t\t\t<\/div>\n\t\t\t\t\t\n\t\t\t\t\t\t\t\t<\/div>\n\t\t<\/div>\n\t\t<\/div>\n\t\t<\/div>\n\t\t\t\t<\/div>\n\t\t\t\t<\/div>\n\t\t\t\t<\/div>\n\t\t<div class=\"elementor-element elementor-element-24993e0 e-con-full e-flex e-con e-child\" data-id=\"24993e0\" data-element_type=\"container\">\n\t\t\t\t<div class=\"elementor-element elementor-element-636774f elementor-flip-box--effect-fade elementor-widget elementor-widget-flip-box\" data-id=\"636774f\" data-element_type=\"widget\" data-widget_type=\"flip-box.default\">\n\t\t\t\t<div class=\"elementor-widget-container\">\n\t\t\t\t\t<div class=\"elementor-flip-box\" tabindex=\"0\">\n\t\t\t<div class=\"elementor-flip-box__layer elementor-flip-box__front\">\n\t\t\t\t<div class=\"elementor-flip-box__layer__overlay\">\n\t\t\t\t\t<div class=\"elementor-flip-box__layer__inner\">\n\t\t\t\t\t\t\t\t\t\t\t\t\t<div class=\"elementor-icon-wrapper elementor-view-default\">\n\t\t\t\t\t\t\t\t<div class=\"elementor-icon\">\n\t\t\t\t\t\t\t\t\t\t\t\t\t\t\t\t\t<\/div>\n\t\t\t\t\t\t\t<\/div>\n\t\t\t\t\t\t\n\t\t\t\t\t\t\t\t\t\t\t\t\t<h3 class=\"elementor-flip-box__layer__title\">\n\t\t\t\t\t\t\t\tPosada de Son G\u00fcia - Son N\u00e9t\t\t\t\t\t\t\t<\/h3>\n\t\t\t\t\t\t\n\t\t\t\t\t\t\t\t\t\t\t<\/div>\n\t\t\t\t<\/div>\n\t\t\t<\/div>\n\t\t\t<div class=\"elementor-flip-box__layer elementor-flip-box__back\">\n\t\t\t<div class=\"elementor-flip-box__layer__overlay\">\n\t\t\t\t<div class=\"elementor-flip-box__layer__inner\">\n\t\t\t\t\t\t\t\t\t\t\t<h3 class=\"elementor-flip-box__layer__title\">\n\t\t\t\t\t\t\tPosada de Son G\u00fcia - Son N\u00e9t\t\t\t\t\t\t<\/h3>\n\t\t\t\t\t\n\t\t\t\t\t\t\t\t\t\t\t<div class=\"elementor-flip-box__layer__description\">\n\t\t\t\t\t\t\tSon G\u00fcia, property located in the Vall de Coanegra. Between Son Berenguer, es Cab\u00e0s and Son Oliver In 1685, the house was owned by Pere Antoni Villalonga G\u00fcia. It had a flour mill. Count Segnier lived there at the beginning of the s. XX and where he died in 1915. In 1890 Miquel Amengual was acquired. It currently belongs to the same Amengual family        \t\t\t\t\t\t<\/div>\n\t\t\t\t\t\n\t\t\t\t\t\t\t\t<\/div>\n\t\t<\/div>\n\t\t<\/div>\n\t\t<\/div>\n\t\t\t\t<\/div>\n\t\t\t\t<\/div>\n\t\t\t\t<\/div>\n\t\t<div class=\"elementor-element elementor-element-b804ae0 e-con-full e-flex e-con e-child\" data-id=\"b804ae0\" data-element_type=\"container\">\n\t\t\t\t<div class=\"elementor-element elementor-element-97faf0f elementor-flip-box--effect-fade elementor-widget elementor-widget-flip-box\" data-id=\"97faf0f\" data-element_type=\"widget\" data-widget_type=\"flip-box.default\">\n\t\t\t\t<div class=\"elementor-widget-container\">\n\t\t\t\t\t<div class=\"elementor-flip-box\" tabindex=\"0\">\n\t\t\t<div class=\"elementor-flip-box__layer elementor-flip-box__front\">\n\t\t\t\t<div class=\"elementor-flip-box__layer__overlay\">\n\t\t\t\t\t<div class=\"elementor-flip-box__layer__inner\">\n\t\t\t\t\t\t\t\t\t\t\t\t\t<div class=\"elementor-icon-wrapper elementor-view-default\">\n\t\t\t\t\t\t\t\t<div class=\"elementor-icon\">\n\t\t\t\t\t\t\t\t\t\t\t\t\t\t\t\t\t<\/div>\n\t\t\t\t\t\t\t<\/div>\n\t\t\t\t\t\t\n\t\t\t\t\t\t\t\t\t\t\t\t\t<h3 class=\"elementor-flip-box__layer__title\">\n\t\t\t\t\t\t\t\tConvent de Nostra Senyora de la Soledat o Convent dels M\u00ednims\t\t\t\t\t\t\t<\/h3>\n\t\t\t\t\t\t\n\t\t\t\t\t\t\t\t\t\t\t<\/div>\n\t\t\t\t<\/div>\n\t\t\t<\/div>\n\t\t\t<div class=\"elementor-flip-box__layer elementor-flip-box__back\">\n\t\t\t<div class=\"elementor-flip-box__layer__overlay\">\n\t\t\t\t<div class=\"elementor-flip-box__layer__inner\">\n\t\t\t\t\t\t\t\t\t\t\t<h3 class=\"elementor-flip-box__layer__title\">\n\t\t\t\t\t\t\tConvent de Nostra Senyora de la Soledat o Convent dels M\u00ednims\t\t\t\t\t\t<\/h3>\n\t\t\t\t\t\n\t\t\t\t\t\t\t\t\t\t\t<div class=\"elementor-flip-box__layer__description\">\n\t\t\t\t\t\t\tThe convent of the Minim friars, founded in 1682 and blessed in 1683, has a square cloister surrounded by columns supporting lowered arches. It preserves two old cisterns and a third newly built one. The baroque-style church has a thin arched portal, a small rose window in the apse and the coat of arms of the Conrado family. Inside there are ten chapels. This convent is also the origin of almond milk, a traditional Santa Maria drink that is only prepared during the Christmas holidays.    \t\t\t\t\t\t<\/div>\n\t\t\t\t\t\n\t\t\t\t\t\t\t\t<\/div>\n\t\t<\/div>\n\t\t<\/div>\n\t\t<\/div>\n\t\t\t\t<\/div>\n\t\t\t\t<\/div>\n\t\t\t\t<\/div>\n\t\t<div class=\"elementor-element elementor-element-3c26a4d e-con-full e-flex e-con e-child\" data-id=\"3c26a4d\" data-element_type=\"container\">\n\t\t\t\t<div class=\"elementor-element elementor-element-bd40665 elementor-flip-box--effect-fade elementor-widget elementor-widget-flip-box\" data-id=\"bd40665\" data-element_type=\"widget\" data-widget_type=\"flip-box.default\">\n\t\t\t\t<div class=\"elementor-widget-container\">\n\t\t\t\t\t<div class=\"elementor-flip-box\" tabindex=\"0\">\n\t\t\t<div class=\"elementor-flip-box__layer elementor-flip-box__front\">\n\t\t\t\t<div class=\"elementor-flip-box__layer__overlay\">\n\t\t\t\t\t<div class=\"elementor-flip-box__layer__inner\">\n\t\t\t\t\t\t\t\t\t\t\t\t\t<div class=\"elementor-icon-wrapper elementor-view-default\">\n\t\t\t\t\t\t\t\t<div class=\"elementor-icon\">\n\t\t\t\t\t\t\t\t\t\t\t\t\t\t\t\t\t<\/div>\n\t\t\t\t\t\t\t<\/div>\n\t\t\t\t\t\t\n\t\t\t\t\t\t\t\t\t\t\t\t\t<h3 class=\"elementor-flip-box__layer__title\">\n\t\t\t\t\t\t\t\tSon Torrelleta - Son Berenguer\t\t\t\t\t\t\t<\/h3>\n\t\t\t\t\t\t\n\t\t\t\t\t\t\t\t\t\t\t<\/div>\n\t\t\t\t<\/div>\n\t\t\t<\/div>\n\t\t\t<div class=\"elementor-flip-box__layer elementor-flip-box__back\">\n\t\t\t<div class=\"elementor-flip-box__layer__overlay\">\n\t\t\t\t<div class=\"elementor-flip-box__layer__inner\">\n\t\t\t\t\t\t\t\t\t\t\t<h3 class=\"elementor-flip-box__layer__title\">\n\t\t\t\t\t\t\tSon Torrelleta - Son Berenguer\t\t\t\t\t\t<\/h3>\n\t\t\t\t\t\n\t\t\t\t\t\t\t\t\t\t\t<div class=\"elementor-flip-box__layer__description\">\n\t\t\t\t\t\t\tSon Torrelleta, possession of Santa Maria, which is located on the Cam\u00ed de Coanegra, which arose from an establishment of Son Torrella (1896). The current construction dates from 1940 and belongs to the Pisa Torrelletes family. The facade is plastered and has sgraffito imitating limestone. The clastra or elevated run, enclosed by a balustrade, ornamented with geometric motifs, is accessed through a section of passage with three steps.    \t\t\t\t\t\t<\/div>\n\t\t\t\t\t\n\t\t\t\t\t\t\t\t<\/div>\n\t\t<\/div>\n\t\t<\/div>\n\t\t<\/div>\n\t\t\t\t<\/div>\n\t\t\t\t<\/div>\n\t\t\t\t<\/div>\n\t\t<div class=\"elementor-element elementor-element-df7d9f1 e-con-full e-flex e-con e-child\" data-id=\"df7d9f1\" data-element_type=\"container\">\n\t\t\t\t<div class=\"elementor-element elementor-element-281c1b8 elementor-flip-box--effect-fade elementor-widget elementor-widget-flip-box\" data-id=\"281c1b8\" data-element_type=\"widget\" data-widget_type=\"flip-box.default\">\n\t\t\t\t<div class=\"elementor-widget-container\">\n\t\t\t\t\t<div class=\"elementor-flip-box\" tabindex=\"0\">\n\t\t\t<div class=\"elementor-flip-box__layer elementor-flip-box__front\">\n\t\t\t\t<div class=\"elementor-flip-box__layer__overlay\">\n\t\t\t\t\t<div class=\"elementor-flip-box__layer__inner\">\n\t\t\t\t\t\t\t\t\t\t\t\t\t<div class=\"elementor-icon-wrapper elementor-view-default\">\n\t\t\t\t\t\t\t\t<div class=\"elementor-icon\">\n\t\t\t\t\t\t\t\t\t\t\t\t\t\t\t\t\t<\/div>\n\t\t\t\t\t\t\t<\/div>\n\t\t\t\t\t\t\n\t\t\t\t\t\t\t\t\t\t\t\t\t<h3 class=\"elementor-flip-box__layer__title\">\n\t\t\t\t\t\t\t\tStation\t\t\t\t\t\t\t<\/h3>\n\t\t\t\t\t\t\n\t\t\t\t\t\t\t\t\t\t\t<\/div>\n\t\t\t\t<\/div>\n\t\t\t<\/div>\n\t\t\t<div class=\"elementor-flip-box__layer elementor-flip-box__back\">\n\t\t\t<div class=\"elementor-flip-box__layer__overlay\">\n\t\t\t\t<div class=\"elementor-flip-box__layer__inner\">\n\t\t\t\t\t\t\t\t\t\t\t<h3 class=\"elementor-flip-box__layer__title\">\n\t\t\t\t\t\t\tStation\t\t\t\t\t\t<\/h3>\n\t\t\t\t\t\n\t\t\t\t\t\t\t\t\t\t\t<div class=\"elementor-flip-box__layer__description\">\n\t\t\t\t\t\t\tThe Santa Maria railway station was inaugurated on February 25, 1875. The building follows the same model as the Binissalem station. Its cobbled facade is highlighted by cornices, edges and openings. From this station was born the Santa Maria-Felanitx line, which connected the center and the south of the island, which was finally closed by FEVE in 1967. You can still see the location of the old road and the bridge over which he headed towards Santa Eug\u00e8nia. The Mallorca Railway Services company ceded the use of this building to the Santa Maria Town Council. Currently, its uses are cultural, social and leisure centers.        \t\t\t\t\t\t<\/div>\n\t\t\t\t\t\n\t\t\t\t\t\t\t\t<\/div>\n\t\t<\/div>\n\t\t<\/div>\n\t\t<\/div>\n\t\t\t\t<\/div>\n\t\t\t\t<\/div>\n\t\t\t\t<\/div>\n\t\t<div class=\"elementor-element elementor-element-577e402 e-con-full e-flex e-con e-child\" data-id=\"577e402\" data-element_type=\"container\">\n\t\t\t\t<div class=\"elementor-element elementor-element-b75364d elementor-flip-box--effect-fade elementor-widget elementor-widget-flip-box\" data-id=\"b75364d\" data-element_type=\"widget\" data-widget_type=\"flip-box.default\">\n\t\t\t\t<div class=\"elementor-widget-container\">\n\t\t\t\t\t<div class=\"elementor-flip-box\" tabindex=\"0\">\n\t\t\t<div class=\"elementor-flip-box__layer elementor-flip-box__front\">\n\t\t\t\t<div class=\"elementor-flip-box__layer__overlay\">\n\t\t\t\t\t<div class=\"elementor-flip-box__layer__inner\">\n\t\t\t\t\t\t\t\t\t\t\t\t\t<div class=\"elementor-icon-wrapper elementor-view-default\">\n\t\t\t\t\t\t\t\t<div class=\"elementor-icon\">\n\t\t\t\t\t\t\t\t\t\t\t\t\t\t\t\t\t<\/div>\n\t\t\t\t\t\t\t<\/div>\n\t\t\t\t\t\t\n\t\t\t\t\t\t\t\t\t\t\t\t\t<h3 class=\"elementor-flip-box__layer__title\">\n\t\t\t\t\t\t\t\tRobiol Square\t\t\t\t\t\t\t<\/h3>\n\t\t\t\t\t\t\n\t\t\t\t\t\t\t\t\t\t\t<\/div>\n\t\t\t\t<\/div>\n\t\t\t<\/div>\n\t\t\t<div class=\"elementor-flip-box__layer elementor-flip-box__back\">\n\t\t\t<div class=\"elementor-flip-box__layer__overlay\">\n\t\t\t\t<div class=\"elementor-flip-box__layer__inner\">\n\t\t\t\t\t\t\t\t\t\t\t<h3 class=\"elementor-flip-box__layer__title\">\n\t\t\t\t\t\t\tRobiol Square\t\t\t\t\t\t<\/h3>\n\t\t\t\t\t\n\t\t\t\t\t\t\t\t\t\t\t<div class=\"elementor-flip-box__layer__description\">\n\t\t\t\t\t\t\tBuilt at the end of the 18th and beginning of the 19th century, Pla\u00e7a Robiol is a set of buildings of various aesthetics and volume, in the shape of the letter C, which make up a unique corner.  \t\t\t\t\t\t<\/div>\n\t\t\t\t\t\n\t\t\t\t\t\t\t\t<\/div>\n\t\t<\/div>\n\t\t<\/div>\n\t\t<\/div>\n\t\t\t\t<\/div>\n\t\t\t\t<\/div>\n\t\t\t\t<\/div>\n\t\t<div class=\"elementor-element elementor-element-ebd6e50 e-con-full e-flex e-con e-child\" data-id=\"ebd6e50\" data-element_type=\"container\">\n\t\t\t\t<div class=\"elementor-element elementor-element-ec34d29 elementor-flip-box--effect-fade elementor-widget elementor-widget-flip-box\" data-id=\"ec34d29\" data-element_type=\"widget\" data-widget_type=\"flip-box.default\">\n\t\t\t\t<div class=\"elementor-widget-container\">\n\t\t\t\t\t<div class=\"elementor-flip-box\" tabindex=\"0\">\n\t\t\t<div class=\"elementor-flip-box__layer elementor-flip-box__front\">\n\t\t\t\t<div class=\"elementor-flip-box__layer__overlay\">\n\t\t\t\t\t<div class=\"elementor-flip-box__layer__inner\">\n\t\t\t\t\t\t\t\t\t\t\t\t\t<div class=\"elementor-icon-wrapper elementor-view-default\">\n\t\t\t\t\t\t\t\t<div class=\"elementor-icon\">\n\t\t\t\t\t\t\t\t\t\t\t\t\t\t\t\t\t<\/div>\n\t\t\t\t\t\t\t<\/div>\n\t\t\t\t\t\t\n\t\t\t\t\t\t\t\t\t\t\t\t\t<h3 class=\"elementor-flip-box__layer__title\">\n\t\t\t\t\t\t\t\tPosada de Son Lla\u00fct\t\t\t\t\t\t\t<\/h3>\n\t\t\t\t\t\t\n\t\t\t\t\t\t\t\t\t\t\t<\/div>\n\t\t\t\t<\/div>\n\t\t\t<\/div>\n\t\t\t<div class=\"elementor-flip-box__layer elementor-flip-box__back\">\n\t\t\t<div class=\"elementor-flip-box__layer__overlay\">\n\t\t\t\t<div class=\"elementor-flip-box__layer__inner\">\n\t\t\t\t\t\t\t\t\t\t\t<h3 class=\"elementor-flip-box__layer__title\">\n\t\t\t\t\t\t\tPosada de Son Lla\u00fct\t\t\t\t\t\t<\/h3>\n\t\t\t\t\t\n\t\t\t\t\t\t\t\t\t\t\t<div class=\"elementor-flip-box__layer__description\">\n\t\t\t\t\t\t\tIt was established in 1625 by the woman Quiteria Ballester. The inn is located at a crossroads: de Muro, S\u00f3ller and Ciutat. Throughout the 19th century it was a hostel, cafe and shop and restored in 1882. It also stands out for being the birthplace of D. Bartomeu Simonet i Canyelles, an illustrious son of the town of Santa Maria del Cam\u00ed.     \t\t\t\t\t\t<\/div>\n\t\t\t\t\t\n\t\t\t\t\t\t\t\t<\/div>\n\t\t<\/div>\n\t\t<\/div>\n\t\t<\/div>\n\t\t\t\t<\/div>\n\t\t\t\t<\/div>\n\t\t\t\t<\/div>\n\t\t<div class=\"elementor-element elementor-element-ad2b09b e-con-full e-flex e-con e-child\" data-id=\"ad2b09b\" data-element_type=\"container\">\n\t\t\t\t<div class=\"elementor-element elementor-element-b2d7986 elementor-flip-box--effect-fade elementor-widget elementor-widget-flip-box\" data-id=\"b2d7986\" data-element_type=\"widget\" data-widget_type=\"flip-box.default\">\n\t\t\t\t<div class=\"elementor-widget-container\">\n\t\t\t\t\t<div class=\"elementor-flip-box\" tabindex=\"0\">\n\t\t\t<div class=\"elementor-flip-box__layer elementor-flip-box__front\">\n\t\t\t\t<div class=\"elementor-flip-box__layer__overlay\">\n\t\t\t\t\t<div class=\"elementor-flip-box__layer__inner\">\n\t\t\t\t\t\t\t\t\t\t\t\t\t<div class=\"elementor-icon-wrapper elementor-view-default\">\n\t\t\t\t\t\t\t\t<div class=\"elementor-icon\">\n\t\t\t\t\t\t\t\t\t\t\t\t\t\t\t\t\t<\/div>\n\t\t\t\t\t\t\t<\/div>\n\t\t\t\t\t\t\n\t\t\t\t\t\t\t\t\t\t\t\t\t<h3 class=\"elementor-flip-box__layer__title\">\n\t\t\t\t\t\t\t\tHort i Mol\u00ed de Can Salv\u00e0\t\t\t\t\t\t\t<\/h3>\n\t\t\t\t\t\t\n\t\t\t\t\t\t\t\t\t\t\t<\/div>\n\t\t\t\t<\/div>\n\t\t\t<\/div>\n\t\t\t<div class=\"elementor-flip-box__layer elementor-flip-box__back\">\n\t\t\t<div class=\"elementor-flip-box__layer__overlay\">\n\t\t\t\t<div class=\"elementor-flip-box__layer__inner\">\n\t\t\t\t\t\t\t\t\t\t\t<h3 class=\"elementor-flip-box__layer__title\">\n\t\t\t\t\t\t\tHort i Mol\u00ed de Can Salv\u00e0\t\t\t\t\t\t<\/h3>\n\t\t\t\t\t\n\t\t\t\t\t\t\t\t\t\t\t<div class=\"elementor-flip-box__layer__description\">\n\t\t\t\t\t\t\tThe Can Salv\u00e0 farm dates back to the 19th century, owned by the Salv\u00e0 family, and stood out for its crops, mainly cereals, which is evident in its flour windmill.  \t\t\t\t\t\t<\/div>\n\t\t\t\t\t\n\t\t\t\t\t\t\t\t<\/div>\n\t\t<\/div>\n\t\t<\/div>\n\t\t<\/div>\n\t\t\t\t<\/div>\n\t\t\t\t<\/div>\n\t\t\t\t<\/div>\n\t\t<div class=\"elementor-element elementor-element-d32e51b e-con-full e-flex e-con e-child\" data-id=\"d32e51b\" data-element_type=\"container\">\n\t\t\t\t<div class=\"elementor-element elementor-element-2f3a25e elementor-flip-box--effect-fade elementor-widget elementor-widget-flip-box\" data-id=\"2f3a25e\" data-element_type=\"widget\" data-widget_type=\"flip-box.default\">\n\t\t\t\t<div class=\"elementor-widget-container\">\n\t\t\t\t\t<div class=\"elementor-flip-box\" tabindex=\"0\">\n\t\t\t<div class=\"elementor-flip-box__layer elementor-flip-box__front\">\n\t\t\t\t<div class=\"elementor-flip-box__layer__overlay\">\n\t\t\t\t\t<div class=\"elementor-flip-box__layer__inner\">\n\t\t\t\t\t\t\t\t\t\t\t\t\t<div class=\"elementor-icon-wrapper elementor-view-default\">\n\t\t\t\t\t\t\t\t<div class=\"elementor-icon\">\n\t\t\t\t\t\t\t\t\t\t\t\t\t\t\t\t\t<\/div>\n\t\t\t\t\t\t\t<\/div>\n\t\t\t\t\t\t\n\t\t\t\t\t\t\t\t\t\t\t\t\t<h3 class=\"elementor-flip-box__layer__title\">\n\t\t\t\t\t\t\t\tCa n'Orell square\t\t\t\t\t\t\t<\/h3>\n\t\t\t\t\t\t\n\t\t\t\t\t\t\t\t\t\t\t<\/div>\n\t\t\t\t<\/div>\n\t\t\t<\/div>\n\t\t\t<div class=\"elementor-flip-box__layer elementor-flip-box__back\">\n\t\t\t<div class=\"elementor-flip-box__layer__overlay\">\n\t\t\t\t<div class=\"elementor-flip-box__layer__inner\">\n\t\t\t\t\t\t\t\t\t\t\t<h3 class=\"elementor-flip-box__layer__title\">\n\t\t\t\t\t\t\tCa n'Orell square\t\t\t\t\t\t<\/h3>\n\t\t\t\t\t\n\t\t\t\t\t\t\t\t\t\t\t<div class=\"elementor-flip-box__layer__description\">\n\t\t\t\t\t\t\tIt was one of the squares that were built in Santa Maria in the first quarter of the 20th century, during the new urbanization process. The area was known as Pla\u00e7a Reial and in the 20th century as General Goded Square. It was part of the house of Ca n'Orell (family from Bunyola). The Orells sold the piece of land to the Santa Maria del Cam\u00ed City Council to build a square between the station and the Inca road.     \t\t\t\t\t\t<\/div>\n\t\t\t\t\t\n\t\t\t\t\t\t\t\t<\/div>\n\t\t<\/div>\n\t\t<\/div>\n\t\t<\/div>\n\t\t\t\t<\/div>\n\t\t\t\t<\/div>\n\t\t\t\t<\/div>\n\t\t<div class=\"elementor-element elementor-element-22e8a56 e-con-full e-flex e-con e-child\" data-id=\"22e8a56\" data-element_type=\"container\">\n\t\t\t\t<div class=\"elementor-element elementor-element-f02a237 elementor-flip-box--effect-fade elementor-widget elementor-widget-flip-box\" data-id=\"f02a237\" data-element_type=\"widget\" data-widget_type=\"flip-box.default\">\n\t\t\t\t<div class=\"elementor-widget-container\">\n\t\t\t\t\t<div class=\"elementor-flip-box\" tabindex=\"0\">\n\t\t\t<div class=\"elementor-flip-box__layer elementor-flip-box__front\">\n\t\t\t\t<div class=\"elementor-flip-box__layer__overlay\">\n\t\t\t\t\t<div class=\"elementor-flip-box__layer__inner\">\n\t\t\t\t\t\t\t\t\t\t\t\t\t<div class=\"elementor-icon-wrapper elementor-view-default\">\n\t\t\t\t\t\t\t\t<div class=\"elementor-icon\">\n\t\t\t\t\t\t\t\t\t\t\t\t\t\t\t\t\t<\/div>\n\t\t\t\t\t\t\t<\/div>\n\t\t\t\t\t\t\n\t\t\t\t\t\t\t\t\t\t\t\t\t<h3 class=\"elementor-flip-box__layer__title\">\n\t\t\t\t\t\t\t\tSon Fango square  \t\t\t\t\t\t\t<\/h3>\n\t\t\t\t\t\t\n\t\t\t\t\t\t\t\t\t\t\t<\/div>\n\t\t\t\t<\/div>\n\t\t\t<\/div>\n\t\t\t<div class=\"elementor-flip-box__layer elementor-flip-box__back\">\n\t\t\t<div class=\"elementor-flip-box__layer__overlay\">\n\t\t\t\t<div class=\"elementor-flip-box__layer__inner\">\n\t\t\t\t\t\t\t\t\t\t\t<h3 class=\"elementor-flip-box__layer__title\">\n\t\t\t\t\t\t\tSon Fango square  \t\t\t\t\t\t<\/h3>\n\t\t\t\t\t\n\t\t\t\t\t\t\t\t\t\t\t<div class=\"elementor-flip-box__layer__description\">\n\t\t\t\t\t\t\tPla\u00e7a de Son Fango was built in the 1930s. It is located on the farmland of Ca n'Andria. Officially, its place name is Pla\u00e7a Jaume II.    \t\t\t\t\t\t<\/div>\n\t\t\t\t\t\n\t\t\t\t\t\t\t\t<\/div>\n\t\t<\/div>\n\t\t<\/div>\n\t\t<\/div>\n\t\t\t\t<\/div>\n\t\t\t\t<\/div>\n\t\t\t\t<\/div>\n\t\t<div class=\"elementor-element elementor-element-b42e1b3 e-con-full e-flex e-con e-child\" data-id=\"b42e1b3\" data-element_type=\"container\">\n\t\t\t\t<div class=\"elementor-element elementor-element-21edabc elementor-flip-box--effect-fade elementor-widget elementor-widget-flip-box\" data-id=\"21edabc\" data-element_type=\"widget\" data-widget_type=\"flip-box.default\">\n\t\t\t\t<div class=\"elementor-widget-container\">\n\t\t\t\t\t<div class=\"elementor-flip-box\" tabindex=\"0\">\n\t\t\t<div class=\"elementor-flip-box__layer elementor-flip-box__front\">\n\t\t\t\t<div class=\"elementor-flip-box__layer__overlay\">\n\t\t\t\t\t<div class=\"elementor-flip-box__layer__inner\">\n\t\t\t\t\t\t\t\t\t\t\t\t\t<div class=\"elementor-icon-wrapper elementor-view-default\">\n\t\t\t\t\t\t\t\t<div class=\"elementor-icon\">\n\t\t\t\t\t\t\t\t\t\t\t\t\t\t\t\t\t<\/div>\n\t\t\t\t\t\t\t<\/div>\n\t\t\t\t\t\t\n\t\t\t\t\t\t\t\t\t\t\t\t\t<h3 class=\"elementor-flip-box__layer__title\">\n\t\t\t\t\t\t\t\tPassatemps i Cam\u00ed de Passatemps\t\t\t\t\t\t\t<\/h3>\n\t\t\t\t\t\t\n\t\t\t\t\t\t\t\t\t\t\t<\/div>\n\t\t\t\t<\/div>\n\t\t\t<\/div>\n\t\t\t<div class=\"elementor-flip-box__layer elementor-flip-box__back\">\n\t\t\t<div class=\"elementor-flip-box__layer__overlay\">\n\t\t\t\t<div class=\"elementor-flip-box__layer__inner\">\n\t\t\t\t\t\t\t\t\t\t\t<h3 class=\"elementor-flip-box__layer__title\">\n\t\t\t\t\t\t\tPassatemps i Cam\u00ed de Passatemps\t\t\t\t\t\t<\/h3>\n\t\t\t\t\t\n\t\t\t\t\t\t\t\t\t\t\t<div class=\"elementor-flip-box__layer__description\">\n\t\t\t\t\t\t\tPassatemps is a small area of \u200b\u200bthe municipality of Santa Maria del Cam\u00ed that includes the entire northwest coast of Puig de Son Segu\u00ed up to the Sencelles road. Documented since the 15th century, it was an old Muslim farmhouse. \t\t\t\t\t\t<\/div>\n\t\t\t\t\t\n\t\t\t\t\t\t\t\t<\/div>\n\t\t<\/div>\n\t\t<\/div>\n\t\t<\/div>\n\t\t\t\t<\/div>\n\t\t\t\t<\/div>\n\t\t\t\t<\/div>\n\t\t<div class=\"elementor-element elementor-element-b1f2f04 e-con-full e-flex e-con e-child\" data-id=\"b1f2f04\" data-element_type=\"container\">\n\t\t\t\t<div class=\"elementor-element elementor-element-5d40561 elementor-flip-box--effect-fade elementor-widget elementor-widget-flip-box\" data-id=\"5d40561\" data-element_type=\"widget\" data-widget_type=\"flip-box.default\">\n\t\t\t\t<div class=\"elementor-widget-container\">\n\t\t\t\t\t<div class=\"elementor-flip-box\" tabindex=\"0\">\n\t\t\t<div class=\"elementor-flip-box__layer elementor-flip-box__front\">\n\t\t\t\t<div class=\"elementor-flip-box__layer__overlay\">\n\t\t\t\t\t<div class=\"elementor-flip-box__layer__inner\">\n\t\t\t\t\t\t\t\t\t\t\t\t\t<div class=\"elementor-icon-wrapper elementor-view-default\">\n\t\t\t\t\t\t\t\t<div class=\"elementor-icon\">\n\t\t\t\t\t\t\t\t\t\t\t\t\t\t\t\t\t<\/div>\n\t\t\t\t\t\t\t<\/div>\n\t\t\t\t\t\t\n\t\t\t\t\t\t\t\t\t\t\t\t\t<h3 class=\"elementor-flip-box__layer__title\">\n\t\t\t\t\t\t\t\tCan Fuster square\t\t\t\t\t\t\t<\/h3>\n\t\t\t\t\t\t\n\t\t\t\t\t\t\t\t\t\t\t<\/div>\n\t\t\t\t<\/div>\n\t\t\t<\/div>\n\t\t\t<div class=\"elementor-flip-box__layer elementor-flip-box__back\">\n\t\t\t<div class=\"elementor-flip-box__layer__overlay\">\n\t\t\t\t<div class=\"elementor-flip-box__layer__inner\">\n\t\t\t\t\t\t\t\t\t\t\t<h3 class=\"elementor-flip-box__layer__title\">\n\t\t\t\t\t\t\tCan Fuster square\t\t\t\t\t\t<\/h3>\n\t\t\t\t\t\n\t\t\t\t\t\t\t\t\t\t\t<div class=\"elementor-flip-box__layer__description\">\n\t\t\t\t\t\t\tWith references dating back to 1335, Pla\u00e7a de Can Fuster is a historic site where the House of the Curia of the Cavalleria de Santa Maria del Cam\u00ed was located, located at the beginning of the Cam\u00ed de Passatemps.  \t\t\t\t\t\t<\/div>\n\t\t\t\t\t\n\t\t\t\t\t\t\t\t<\/div>\n\t\t<\/div>\n\t\t<\/div>\n\t\t<\/div>\n\t\t\t\t<\/div>\n\t\t\t\t<\/div>\n\t\t\t\t<\/div>\n\t\t<div class=\"elementor-element elementor-element-b23cd29 e-con-full e-flex e-con e-child\" data-id=\"b23cd29\" data-element_type=\"container\">\n\t\t\t\t<div class=\"elementor-element elementor-element-b460ec9 elementor-flip-box--effect-fade elementor-widget elementor-widget-flip-box\" data-id=\"b460ec9\" data-element_type=\"widget\" data-widget_type=\"flip-box.default\">\n\t\t\t\t<div class=\"elementor-widget-container\">\n\t\t\t\t\t<div class=\"elementor-flip-box\" tabindex=\"0\">\n\t\t\t<div class=\"elementor-flip-box__layer elementor-flip-box__front\">\n\t\t\t\t<div class=\"elementor-flip-box__layer__overlay\">\n\t\t\t\t\t<div class=\"elementor-flip-box__layer__inner\">\n\t\t\t\t\t\t\t\t\t\t\t\t\t<div class=\"elementor-icon-wrapper elementor-view-default\">\n\t\t\t\t\t\t\t\t<div class=\"elementor-icon\">\n\t\t\t\t\t\t\t\t\t\t\t\t\t\t\t\t\t<\/div>\n\t\t\t\t\t\t\t<\/div>\n\t\t\t\t\t\t\n\t\t\t\t\t\t\t\t\t\t\t\t\t<h3 class=\"elementor-flip-box__layer__title\">\n\t\t\t\t\t\t\t\tSa Quintada de Terrades\t\t\t\t\t\t\t<\/h3>\n\t\t\t\t\t\t\n\t\t\t\t\t\t\t\t\t\t\t<\/div>\n\t\t\t\t<\/div>\n\t\t\t<\/div>\n\t\t\t<div class=\"elementor-flip-box__layer elementor-flip-box__back\">\n\t\t\t<div class=\"elementor-flip-box__layer__overlay\">\n\t\t\t\t<div class=\"elementor-flip-box__layer__inner\">\n\t\t\t\t\t\t\t\t\t\t\t<h3 class=\"elementor-flip-box__layer__title\">\n\t\t\t\t\t\t\tSa Quintada de Terrades\t\t\t\t\t\t<\/h3>\n\t\t\t\t\t\n\t\t\t\t\t\t\t\t\t\t\t<div class=\"elementor-flip-box__layer__description\">\n\t\t\t\t\t\t\tSa Quintana de Terrades is a meadow located near the houses of the possessions of Son Barca, Terrades, Can Cerd\u00f3 and Son Lla\u00fct, and was intended for cattle grazing.  \t\t\t\t\t\t<\/div>\n\t\t\t\t\t\n\t\t\t\t\t\t\t\t<\/div>\n\t\t<\/div>\n\t\t<\/div>\n\t\t<\/div>\n\t\t\t\t<\/div>\n\t\t\t\t<\/div>\n\t\t\t\t<\/div>\n\t\t<div class=\"elementor-element elementor-element-61a13d8 e-con-full e-flex e-con e-child\" data-id=\"61a13d8\" data-element_type=\"container\">\n\t\t\t\t<div class=\"elementor-element elementor-element-bb70fd7 elementor-flip-box--effect-fade elementor-widget elementor-widget-flip-box\" data-id=\"bb70fd7\" data-element_type=\"widget\" data-widget_type=\"flip-box.default\">\n\t\t\t\t<div class=\"elementor-widget-container\">\n\t\t\t\t\t<div class=\"elementor-flip-box\" tabindex=\"0\">\n\t\t\t<div class=\"elementor-flip-box__layer elementor-flip-box__front\">\n\t\t\t\t<div class=\"elementor-flip-box__layer__overlay\">\n\t\t\t\t\t<div class=\"elementor-flip-box__layer__inner\">\n\t\t\t\t\t\t\t\t\t\t\t\t\t<div class=\"elementor-icon-wrapper elementor-view-default\">\n\t\t\t\t\t\t\t\t<div class=\"elementor-icon\">\n\t\t\t\t\t\t\t\t\t\t\t\t\t\t\t\t\t<\/div>\n\t\t\t\t\t\t\t<\/div>\n\t\t\t\t\t\t\n\t\t\t\t\t\t\t\t\t\t\t\t\t<h3 class=\"elementor-flip-box__layer__title\">\n\t\t\t\t\t\t\t\tCa Ses Monges or Can Mates\t\t\t\t\t\t\t<\/h3>\n\t\t\t\t\t\t\n\t\t\t\t\t\t\t\t\t\t\t<\/div>\n\t\t\t\t<\/div>\n\t\t\t<\/div>\n\t\t\t<div class=\"elementor-flip-box__layer elementor-flip-box__back\">\n\t\t\t<div class=\"elementor-flip-box__layer__overlay\">\n\t\t\t\t<div class=\"elementor-flip-box__layer__inner\">\n\t\t\t\t\t\t\t\t\t\t\t<h3 class=\"elementor-flip-box__layer__title\">\n\t\t\t\t\t\t\tCa Ses Monges or Can Mates\t\t\t\t\t\t<\/h3>\n\t\t\t\t\t\n\t\t\t\t\t\t\t\t\t\t\t<div class=\"elementor-flip-box__layer__description\">\n\t\t\t\t\t\t\tThe public estate of Ca Ses Monges or Can Mates is located in the Vall de Coanegra, it is integrated into the Serra de Tramuntana which was declared world heritage by UNESCO. This property is owned by the City Council and has been rehabilitated in different phases. It is an emblematic space that offers a magnificent place of contact with nature.    \t\t\t\t\t\t<\/div>\n\t\t\t\t\t\n\t\t\t\t\t\t\t\t<\/div>\n\t\t<\/div>\n\t\t<\/div>\n\t\t<\/div>\n\t\t\t\t<\/div>\n\t\t\t\t<\/div>\n\t\t\t\t<\/div>\n\t\t<div class=\"elementor-element elementor-element-c32effa e-con-full e-flex e-con e-child\" data-id=\"c32effa\" data-element_type=\"container\">\n\t\t\t\t<div class=\"elementor-element elementor-element-f9c6bc6 elementor-flip-box--effect-fade elementor-widget elementor-widget-flip-box\" data-id=\"f9c6bc6\" data-element_type=\"widget\" data-widget_type=\"flip-box.default\">\n\t\t\t\t<div class=\"elementor-widget-container\">\n\t\t\t\t\t<div class=\"elementor-flip-box\" tabindex=\"0\">\n\t\t\t<div class=\"elementor-flip-box__layer elementor-flip-box__front\">\n\t\t\t\t<div class=\"elementor-flip-box__layer__overlay\">\n\t\t\t\t\t<div class=\"elementor-flip-box__layer__inner\">\n\t\t\t\t\t\t\t\t\t\t\t\t\t<div class=\"elementor-icon-wrapper elementor-view-default\">\n\t\t\t\t\t\t\t\t<div class=\"elementor-icon\">\n\t\t\t\t\t\t\t\t\t\t\t\t\t\t\t\t\t<\/div>\n\t\t\t\t\t\t\t<\/div>\n\t\t\t\t\t\t\n\t\t\t\t\t\t\t\t\t\t\t\t\t<h3 class=\"elementor-flip-box__layer__title\">\n\t\t\t\t\t\t\t\tCoanegra Royal Ditch\t\t\t\t\t\t\t<\/h3>\n\t\t\t\t\t\t\n\t\t\t\t\t\t\t\t\t\t\t<\/div>\n\t\t\t\t<\/div>\n\t\t\t<\/div>\n\t\t\t<div class=\"elementor-flip-box__layer elementor-flip-box__back\">\n\t\t\t<div class=\"elementor-flip-box__layer__overlay\">\n\t\t\t\t<div class=\"elementor-flip-box__layer__inner\">\n\t\t\t\t\t\t\t\t\t\t\t<h3 class=\"elementor-flip-box__layer__title\">\n\t\t\t\t\t\t\tCoanegra Royal Ditch\t\t\t\t\t\t<\/h3>\n\t\t\t\t\t\n\t\t\t\t\t\t\t\t\t\t\t<div class=\"elementor-flip-box__layer__description\">\n\t\t\t\t\t\t\tThe S\u00edquia de Coanegra is a civil engineering work located in the Coanegra valley, in Santa Maria del Cam\u00ed, which carried the water from the Son Pou Spring to the town centre. Its origins go back to Roman times. The first written regulations that have survived are the Ordinances of May 7, 1503. It is built with stone and lime mortar and covered with hydraulic cement. It runs parallel to and close to the Coanegra stream and has 34 splits or splits along its route. In 1743, an agreement was reached to bring the sewer to Pla\u00e7a de la Vila, where a reservoir was built.       \t\t\t\t\t\t<\/div>\n\t\t\t\t\t\n\t\t\t\t\t\t\t\t<\/div>\n\t\t<\/div>\n\t\t<\/div>\n\t\t<\/div>\n\t\t\t\t<\/div>\n\t\t\t\t<\/div>\n\t\t\t\t<\/div>\n\t\t<div class=\"elementor-element elementor-element-89d4ce7 e-con-full e-flex e-con e-child\" data-id=\"89d4ce7\" data-element_type=\"container\">\n\t\t\t\t<div class=\"elementor-element elementor-element-75148e0 elementor-flip-box--effect-fade elementor-widget elementor-widget-flip-box\" data-id=\"75148e0\" data-element_type=\"widget\" data-widget_type=\"flip-box.default\">\n\t\t\t\t<div class=\"elementor-widget-container\">\n\t\t\t\t\t<div class=\"elementor-flip-box\" tabindex=\"0\">\n\t\t\t<div class=\"elementor-flip-box__layer elementor-flip-box__front\">\n\t\t\t\t<div class=\"elementor-flip-box__layer__overlay\">\n\t\t\t\t\t<div class=\"elementor-flip-box__layer__inner\">\n\t\t\t\t\t\t\t\t\t\t\t\t\t<div class=\"elementor-icon-wrapper elementor-view-default\">\n\t\t\t\t\t\t\t\t<div class=\"elementor-icon\">\n\t\t\t\t\t\t\t\t\t\t\t\t\t\t\t\t\t<\/div>\n\t\t\t\t\t\t\t<\/div>\n\t\t\t\t\t\t\n\t\t\t\t\t\t\t\t\t\t\t\t\t<h3 class=\"elementor-flip-box__layer__title\">\n\t\t\t\t\t\t\t\tThe Hostels\t\t\t\t\t\t\t<\/h3>\n\t\t\t\t\t\t\n\t\t\t\t\t\t\t\t\t\t\t<\/div>\n\t\t\t\t<\/div>\n\t\t\t<\/div>\n\t\t\t<div class=\"elementor-flip-box__layer elementor-flip-box__back\">\n\t\t\t<div class=\"elementor-flip-box__layer__overlay\">\n\t\t\t\t<div class=\"elementor-flip-box__layer__inner\">\n\t\t\t\t\t\t\t\t\t\t\t<h3 class=\"elementor-flip-box__layer__title\">\n\t\t\t\t\t\t\tThe Hostels\t\t\t\t\t\t<\/h3>\n\t\t\t\t\t\n\t\t\t\t\t\t\t\t\t\t\t<div class=\"elementor-flip-box__layer__description\">\n\t\t\t\t\t\t\tEls Hostals is a neighborhood of Santa Maria born at the beginning of 1680, next to the road that joined the city of Mallorca (Palma) with Inca, from the establishment of the Cavalleria de Santa Maria del Cam\u00ed in the 17th century. Its name comes from the large number of hostels in the area. On January 22, 1639, the first reference appears to the Santa Maria hostel that faces the Inca and Bunyola roads. In 1680 there were already two hostels, one of which was known as Morell's hostel (Can Calet), which faced the S\u00f3ller road (Carrer Llarg).     \t\t\t\t\t\t<\/div>\n\t\t\t\t\t\n\t\t\t\t\t\t\t\t<\/div>\n\t\t<\/div>\n\t\t<\/div>\n\t\t<\/div>\n\t\t\t\t<\/div>\n\t\t\t\t<\/div>\n\t\t\t\t<\/div>\n\t\t\t\t\t<\/div>\n\t\t\t\t<\/div>\n\t\t\t\t<\/div>\n\t\t","protected":false},"excerpt":{"rendered":"<p>Heritage a journey through history and culture HISTORICAL ELEMENTS Heritage of Santa Maria del Cam\u00ed Welcome to the heritage section of Santa Maria del Cam\u00ed, a place full of history and charm a few minutes from Palma, accessible both by own vehicle and by public transport, especially by train. Explore the 21 most emblematic heritage [&hellip;]<\/p>\n","protected":false},"author":1,"featured_media":0,"parent":0,"menu_order":0,"comment_status":"closed","ping_status":"closed","template":"","meta":{"_acf_changed":false,"footnotes":""},"class_list":["post-1536","page","type-page","status-publish","hentry"],"acf":[],"yoast_head":"<!-- This site is optimized with the Yoast SEO plugin v23.6 - https:\/\/yoast.com\/wordpress\/plugins\/seo\/ -->\n<title>heritage - Visit Santa Maria del Cam\u00ed<\/title>\n<meta name=\"robots\" content=\"index, follow, max-snippet:-1, max-image-preview:large, max-video-preview:-1\" \/>\n<link rel=\"canonical\" href=\"https:\/\/www.visitsantamariadelcami.com\/en\/heritage\/\" \/>\n<meta property=\"og:locale\" content=\"en_US\" \/>\n<meta property=\"og:type\" content=\"article\" \/>\n<meta property=\"og:title\" content=\"heritage - Visit Santa Maria del Cam\u00ed\" \/>\n<meta property=\"og:description\" content=\"Heritage a journey through history and culture HISTORICAL ELEMENTS Heritage of Santa Maria del Cam\u00ed Welcome to the heritage section of Santa Maria del Cam\u00ed, a place full of history and charm a few minutes from Palma, accessible both by own vehicle and by public transport, especially by train. Explore the 21 most emblematic heritage [&hellip;]\" \/>\n<meta property=\"og:url\" content=\"https:\/\/www.visitsantamariadelcami.com\/en\/heritage\/\" \/>\n<meta property=\"og:site_name\" content=\"Visit Santa Maria del Cam\u00ed\" \/>\n<meta property=\"article:publisher\" content=\"https:\/\/www.facebook.com\/ajuntament.santamariadelcami\" \/>\n<meta property=\"article:modified_time\" content=\"2024-10-02T08:43:45+00:00\" \/>\n<meta name=\"twitter:card\" content=\"summary_large_image\" \/>\n<meta name=\"twitter:label1\" content=\"Est. reading time\" \/>\n\t<meta name=\"twitter:data1\" content=\"8 minutes\" \/>\n<script type=\"application\/ld+json\" class=\"yoast-schema-graph\">{\"@context\":\"https:\/\/schema.org\",\"@graph\":[{\"@type\":\"WebPage\",\"@id\":\"https:\/\/www.visitsantamariadelcami.com\/en\/heritage\/\",\"url\":\"https:\/\/www.visitsantamariadelcami.com\/en\/heritage\/\",\"name\":\"heritage - Visit Santa Maria del Cam\u00ed\",\"isPartOf\":{\"@id\":\"https:\/\/www.visitsantamariadelcami.com\/#website\"},\"datePublished\":\"2024-08-16T11:50:21+00:00\",\"dateModified\":\"2024-10-02T08:43:45+00:00\",\"breadcrumb\":{\"@id\":\"https:\/\/www.visitsantamariadelcami.com\/en\/heritage\/#breadcrumb\"},\"inLanguage\":\"en-US\",\"potentialAction\":[{\"@type\":\"ReadAction\",\"target\":[\"https:\/\/www.visitsantamariadelcami.com\/en\/heritage\/\"]}]},{\"@type\":\"BreadcrumbList\",\"@id\":\"https:\/\/www.visitsantamariadelcami.com\/en\/heritage\/#breadcrumb\",\"itemListElement\":[{\"@type\":\"ListItem\",\"position\":1,\"name\":\"Inici\",\"item\":\"https:\/\/www.visitsantamariadelcami.com\/en\/home\/\"},{\"@type\":\"ListItem\",\"position\":2,\"name\":\"heritage\"}]},{\"@type\":\"WebSite\",\"@id\":\"https:\/\/www.visitsantamariadelcami.com\/#website\",\"url\":\"https:\/\/www.visitsantamariadelcami.com\/\",\"name\":\"Visit Santa Maria del Cam\u00ed\",\"description\":\"Santa Maria et convida a descobrir la seva rica cultura, hist\u00f2ria, i tradicions. Des de vinyes i cellers de renom fins a una vibrant escena gastron\u00f2mica\",\"publisher\":{\"@id\":\"https:\/\/www.visitsantamariadelcami.com\/#organization\"},\"potentialAction\":[{\"@type\":\"SearchAction\",\"target\":{\"@type\":\"EntryPoint\",\"urlTemplate\":\"https:\/\/www.visitsantamariadelcami.com\/?s={search_term_string}\"},\"query-input\":{\"@type\":\"PropertyValueSpecification\",\"valueRequired\":true,\"valueName\":\"search_term_string\"}}],\"inLanguage\":\"en-US\"},{\"@type\":\"Organization\",\"@id\":\"https:\/\/www.visitsantamariadelcami.com\/#organization\",\"name\":\"Visit Santa Maria del Cam\u00ed\",\"url\":\"https:\/\/www.visitsantamariadelcami.com\/\",\"logo\":{\"@type\":\"ImageObject\",\"inLanguage\":\"en-US\",\"@id\":\"https:\/\/www.visitsantamariadelcami.com\/#\/schema\/logo\/image\/\",\"url\":\"https:\/\/www.visitsantamariadelcami.com\/wp-content\/uploads\/2024\/08\/uva-1.svg\",\"contentUrl\":\"https:\/\/www.visitsantamariadelcami.com\/wp-content\/uploads\/2024\/08\/uva-1.svg\",\"caption\":\"Visit Santa Maria del Cam\u00ed\"},\"image\":{\"@id\":\"https:\/\/www.visitsantamariadelcami.com\/#\/schema\/logo\/image\/\"},\"sameAs\":[\"https:\/\/www.facebook.com\/ajuntament.santamariadelcami\",\"https:\/\/www.instagram.com\/ajsantamariadelcami\/\"]}]}<\/script>\n<!-- \/ Yoast SEO plugin. -->","yoast_head_json":{"title":"heritage - Visit Santa Maria del Cam\u00ed","robots":{"index":"index","follow":"follow","max-snippet":"max-snippet:-1","max-image-preview":"max-image-preview:large","max-video-preview":"max-video-preview:-1"},"canonical":"https:\/\/www.visitsantamariadelcami.com\/en\/heritage\/","og_locale":"en_US","og_type":"article","og_title":"heritage - Visit Santa Maria del Cam\u00ed","og_description":"Heritage a journey through history and culture HISTORICAL ELEMENTS Heritage of Santa Maria del Cam\u00ed Welcome to the heritage section of Santa Maria del Cam\u00ed, a place full of history and charm a few minutes from Palma, accessible both by own vehicle and by public transport, especially by train. Explore the 21 most emblematic heritage [&hellip;]","og_url":"https:\/\/www.visitsantamariadelcami.com\/en\/heritage\/","og_site_name":"Visit Santa Maria del Cam\u00ed","article_publisher":"https:\/\/www.facebook.com\/ajuntament.santamariadelcami","article_modified_time":"2024-10-02T08:43:45+00:00","twitter_card":"summary_large_image","twitter_misc":{"Est. reading time":"8 minutes"},"schema":{"@context":"https:\/\/schema.org","@graph":[{"@type":"WebPage","@id":"https:\/\/www.visitsantamariadelcami.com\/en\/heritage\/","url":"https:\/\/www.visitsantamariadelcami.com\/en\/heritage\/","name":"heritage - Visit Santa Maria del Cam\u00ed","isPartOf":{"@id":"https:\/\/www.visitsantamariadelcami.com\/#website"},"datePublished":"2024-08-16T11:50:21+00:00","dateModified":"2024-10-02T08:43:45+00:00","breadcrumb":{"@id":"https:\/\/www.visitsantamariadelcami.com\/en\/heritage\/#breadcrumb"},"inLanguage":"en-US","potentialAction":[{"@type":"ReadAction","target":["https:\/\/www.visitsantamariadelcami.com\/en\/heritage\/"]}]},{"@type":"BreadcrumbList","@id":"https:\/\/www.visitsantamariadelcami.com\/en\/heritage\/#breadcrumb","itemListElement":[{"@type":"ListItem","position":1,"name":"Inici","item":"https:\/\/www.visitsantamariadelcami.com\/en\/home\/"},{"@type":"ListItem","position":2,"name":"heritage"}]},{"@type":"WebSite","@id":"https:\/\/www.visitsantamariadelcami.com\/#website","url":"https:\/\/www.visitsantamariadelcami.com\/","name":"Visit Santa Maria del Cam\u00ed","description":"Santa Maria et convida a descobrir la seva rica cultura, hist\u00f2ria, i tradicions. Des de vinyes i cellers de renom fins a una vibrant escena gastron\u00f2mica","publisher":{"@id":"https:\/\/www.visitsantamariadelcami.com\/#organization"},"potentialAction":[{"@type":"SearchAction","target":{"@type":"EntryPoint","urlTemplate":"https:\/\/www.visitsantamariadelcami.com\/?s={search_term_string}"},"query-input":{"@type":"PropertyValueSpecification","valueRequired":true,"valueName":"search_term_string"}}],"inLanguage":"en-US"},{"@type":"Organization","@id":"https:\/\/www.visitsantamariadelcami.com\/#organization","name":"Visit Santa Maria del Cam\u00ed","url":"https:\/\/www.visitsantamariadelcami.com\/","logo":{"@type":"ImageObject","inLanguage":"en-US","@id":"https:\/\/www.visitsantamariadelcami.com\/#\/schema\/logo\/image\/","url":"https:\/\/www.visitsantamariadelcami.com\/wp-content\/uploads\/2024\/08\/uva-1.svg","contentUrl":"https:\/\/www.visitsantamariadelcami.com\/wp-content\/uploads\/2024\/08\/uva-1.svg","caption":"Visit Santa Maria del Cam\u00ed"},"image":{"@id":"https:\/\/www.visitsantamariadelcami.com\/#\/schema\/logo\/image\/"},"sameAs":["https:\/\/www.facebook.com\/ajuntament.santamariadelcami","https:\/\/www.instagram.com\/ajsantamariadelcami\/"]}]}},"_links":{"self":[{"href":"https:\/\/www.visitsantamariadelcami.com\/en\/wp-json\/wp\/v2\/pages\/1536","targetHints":{"allow":["GET"]}}],"collection":[{"href":"https:\/\/www.visitsantamariadelcami.com\/en\/wp-json\/wp\/v2\/pages"}],"about":[{"href":"https:\/\/www.visitsantamariadelcami.com\/en\/wp-json\/wp\/v2\/types\/page"}],"author":[{"embeddable":true,"href":"https:\/\/www.visitsantamariadelcami.com\/en\/wp-json\/wp\/v2\/users\/1"}],"replies":[{"embeddable":true,"href":"https:\/\/www.visitsantamariadelcami.com\/en\/wp-json\/wp\/v2\/comments?post=1536"}],"version-history":[{"count":10,"href":"https:\/\/www.visitsantamariadelcami.com\/en\/wp-json\/wp\/v2\/pages\/1536\/revisions"}],"predecessor-version":[{"id":4263,"href":"https:\/\/www.visitsantamariadelcami.com\/en\/wp-json\/wp\/v2\/pages\/1536\/revisions\/4263"}],"wp:attachment":[{"href":"https:\/\/www.visitsantamariadelcami.com\/en\/wp-json\/wp\/v2\/media?parent=1536"}],"curies":[{"name":"wp","href":"https:\/\/api.w.org\/{rel}","templated":true}]}}