{"id":1523,"date":"2024-08-16T11:50:58","date_gmt":"2024-08-16T11:50:58","guid":{"rendered":"https:\/\/www.visitsantamariadelcami.com\/santa-maria\/"},"modified":"2024-10-14T09:25:16","modified_gmt":"2024-10-14T09:25:16","slug":"santa-maria","status":"publish","type":"page","link":"https:\/\/www.visitsantamariadelcami.com\/de\/santa-maria\/","title":{"rendered":"Santa Maria"},"content":{"rendered":"\t\t<div data-elementor-type=\"wp-page\" data-elementor-id=\"1523\" class=\"elementor elementor-1523 elementor-91\" data-elementor-post-type=\"page\">\n\t\t\t\t<div class=\"elementor-element elementor-element-26309392 e-flex e-con-boxed e-con e-parent\" data-id=\"26309392\" data-element_type=\"container\" data-settings=\"{&quot;background_background&quot;:&quot;classic&quot;}\">\n\t\t\t\t\t<div class=\"e-con-inner\">\n\t\t\t\t<div class=\"elementor-element elementor-element-69b2712 elementor-widget elementor-widget-menu-anchor\" data-id=\"69b2712\" data-element_type=\"widget\" data-widget_type=\"menu-anchor.default\">\n\t\t\t\t<div class=\"elementor-widget-container\">\n\t\t\t\t\t<div class=\"elementor-menu-anchor\" id=\"arriba\"><\/div>\n\t\t\t\t<\/div>\n\t\t\t\t<\/div>\n\t\t\t\t<div class=\"elementor-element elementor-element-33dea9cc elementor-widget elementor-widget-heading\" data-id=\"33dea9cc\" data-element_type=\"widget\" data-widget_type=\"heading.default\">\n\t\t\t\t<div class=\"elementor-widget-container\">\n\t\t\t<h1 class=\"elementor-heading-title elementor-size-default\">Santa Maria del Cam\u00ed<\/h1>\t\t<\/div>\n\t\t\t\t<\/div>\n\t\t\t\t<div class=\"elementor-element elementor-element-3f43cded elementor-widget elementor-widget-heading\" data-id=\"3f43cded\" data-element_type=\"widget\" data-widget_type=\"heading.default\">\n\t\t\t\t<div class=\"elementor-widget-container\">\n\t\t\t<h3 class=\"elementor-heading-title elementor-size-default\">Santa Maria voller Kultur<\/h3>\t\t<\/div>\n\t\t\t\t<\/div>\n\t\t\t\t\t<\/div>\n\t\t\t\t<\/div>\n\t\t<div class=\"elementor-element elementor-element-b5d1016 e-flex e-con-boxed e-con e-parent\" data-id=\"b5d1016\" data-element_type=\"container\">\n\t\t\t\t\t<div class=\"e-con-inner\">\n\t\t<div class=\"elementor-element elementor-element-61a6104 e-con-full e-flex e-con e-child\" data-id=\"61a6104\" data-element_type=\"container\">\n\t\t\t\t<div class=\"elementor-element elementor-element-380b3d6 elementor-align-center elementor-widget elementor-widget-button\" data-id=\"380b3d6\" data-element_type=\"widget\" data-widget_type=\"button.default\">\n\t\t\t\t<div class=\"elementor-widget-container\">\n\t\t\t\t\t<div class=\"elementor-button-wrapper\">\n\t\t\t<a class=\"elementor-button elementor-button-link elementor-size-sm\" href=\"#festes\">\n\t\t\t\t\t\t<span class=\"elementor-button-content-wrapper\">\n\t\t\t\t\t\t\t\t\t<span class=\"elementor-button-text\">Parteien<\/span>\n\t\t\t\t\t<\/span>\n\t\t\t\t\t<\/a>\n\t\t<\/div>\n\t\t\t\t<\/div>\n\t\t\t\t<\/div>\n\t\t\t\t<\/div>\n\t\t<div class=\"elementor-element elementor-element-ee2e327 e-con-full e-flex e-con e-child\" data-id=\"ee2e327\" data-element_type=\"container\">\n\t\t\t\t<div class=\"elementor-element elementor-element-dd7a1c3 elementor-align-center elementor-widget elementor-widget-button\" data-id=\"dd7a1c3\" data-element_type=\"widget\" data-widget_type=\"button.default\">\n\t\t\t\t<div class=\"elementor-widget-container\">\n\t\t\t\t\t<div class=\"elementor-button-wrapper\">\n\t\t\t<a class=\"elementor-button elementor-button-link elementor-size-sm\" href=\"#mercat\">\n\t\t\t\t\t\t<span class=\"elementor-button-content-wrapper\">\n\t\t\t\t\t\t\t\t\t<span class=\"elementor-button-text\">Markt<\/span>\n\t\t\t\t\t<\/span>\n\t\t\t\t\t<\/a>\n\t\t<\/div>\n\t\t\t\t<\/div>\n\t\t\t\t<\/div>\n\t\t\t\t<\/div>\n\t\t<div class=\"elementor-element elementor-element-f8bee2e e-con-full e-flex e-con e-child\" data-id=\"f8bee2e\" data-element_type=\"container\">\n\t\t\t\t<div class=\"elementor-element elementor-element-bc30ef6 elementor-align-center elementor-widget elementor-widget-button\" data-id=\"bc30ef6\" data-element_type=\"widget\" data-widget_type=\"button.default\">\n\t\t\t\t<div class=\"elementor-widget-container\">\n\t\t\t\t\t<div class=\"elementor-button-wrapper\">\n\t\t\t<a class=\"elementor-button elementor-button-link elementor-size-sm\" href=\"#actividades\">\n\t\t\t\t\t\t<span class=\"elementor-button-content-wrapper\">\n\t\t\t\t\t\t\t\t\t<span class=\"elementor-button-text\">Aktivit\u00e4ten<\/span>\n\t\t\t\t\t<\/span>\n\t\t\t\t\t<\/a>\n\t\t<\/div>\n\t\t\t\t<\/div>\n\t\t\t\t<\/div>\n\t\t\t\t<\/div>\n\t\t<div class=\"elementor-element elementor-element-726232c e-con-full e-flex e-con e-child\" data-id=\"726232c\" data-element_type=\"container\">\n\t\t\t\t<div class=\"elementor-element elementor-element-9de3948 elementor-align-center elementor-widget elementor-widget-button\" data-id=\"9de3948\" data-element_type=\"widget\" data-widget_type=\"button.default\">\n\t\t\t\t<div class=\"elementor-widget-container\">\n\t\t\t\t\t<div class=\"elementor-button-wrapper\">\n\t\t\t<a class=\"elementor-button elementor-button-link elementor-size-sm\" href=\"#instalaciones\">\n\t\t\t\t\t\t<span class=\"elementor-button-content-wrapper\">\n\t\t\t\t\t\t\t\t\t<span class=\"elementor-button-text\">Einrichtungen<\/span>\n\t\t\t\t\t<\/span>\n\t\t\t\t\t<\/a>\n\t\t<\/div>\n\t\t\t\t<\/div>\n\t\t\t\t<\/div>\n\t\t\t\t<\/div>\n\t\t\t\t\t<\/div>\n\t\t\t\t<\/div>\n\t\t<div class=\"elementor-element elementor-element-1126da7b e-flex e-con-boxed e-con e-parent\" data-id=\"1126da7b\" data-element_type=\"container\" data-settings=\"{&quot;background_background&quot;:&quot;classic&quot;}\">\n\t\t\t\t\t<div class=\"e-con-inner\">\n\t\t<div class=\"elementor-element elementor-element-271a9fb2 e-con-full e-flex e-con e-child\" data-id=\"271a9fb2\" data-element_type=\"container\" data-settings=\"{&quot;background_background&quot;:&quot;classic&quot;}\">\n\t\t\t\t<div class=\"elementor-element elementor-element-2411c6dc elementor-widget elementor-widget-heading\" data-id=\"2411c6dc\" data-element_type=\"widget\" data-widget_type=\"heading.default\">\n\t\t\t\t<div class=\"elementor-widget-container\">\n\t\t\t<h2 class=\"elementor-heading-title elementor-size-default\">Wie komme ich nach Santa Maria del Cam\u00ed?<\/h2>\t\t<\/div>\n\t\t\t\t<\/div>\n\t\t\t\t<div class=\"elementor-element elementor-element-3a6f39fe elementor-widget elementor-widget-text-editor\" data-id=\"3a6f39fe\" data-element_type=\"widget\" data-widget_type=\"text-editor.default\">\n\t\t\t\t<div class=\"elementor-widget-container\">\n\t\t\t\t\t\t\t<p><span style=\"font-weight: 400;\">Santa Maria ist sehr gut angebunden, vor allem mit der Bahn ist die Anreise sehr einfach. Der Bahnhof liegt in der Stadt, nur wenige Minuten von Gesch\u00e4ften, Restaurants, dem Markt oder der Pla\u00e7a de la Vila entfernt. Wir ermutigen alle Menschen, die uns besuchen, diese kosteng\u00fcnstige, schnelle, saubere und komfortable Transportmethode zu nutzen.  <\/span><\/p>\n\t\t\t\t\t\t<\/div>\n\t\t\t\t<\/div>\n\t\t\t\t<div class=\"elementor-element elementor-element-79ea8deb elementor-widget elementor-widget-button\" data-id=\"79ea8deb\" data-element_type=\"widget\" data-widget_type=\"button.default\">\n\t\t\t\t<div class=\"elementor-widget-container\">\n\t\t\t\t\t<div class=\"elementor-button-wrapper\">\n\t\t\t<a class=\"elementor-button elementor-button-link elementor-size-sm\" href=\"https:\/\/maps.app.goo.gl\/32UZ8GL9ffj1kYXs9\" target=\"_blank\">\n\t\t\t\t\t\t<span class=\"elementor-button-content-wrapper\">\n\t\t\t\t\t\t\t\t\t<span class=\"elementor-button-text\">Karten<\/span>\n\t\t\t\t\t<\/span>\n\t\t\t\t\t<\/a>\n\t\t<\/div>\n\t\t\t\t<\/div>\n\t\t\t\t<\/div>\n\t\t\t\t<\/div>\n\t\t<div class=\"elementor-element elementor-element-1cffb729 e-con-full e-flex e-con e-child\" data-id=\"1cffb729\" data-element_type=\"container\" data-settings=\"{&quot;background_background&quot;:&quot;classic&quot;}\">\n\t\t\t\t<\/div>\n\t\t\t\t\t<\/div>\n\t\t\t\t<\/div>\n\t\t<div class=\"elementor-element elementor-element-267ddeb8 e-flex e-con-boxed e-con e-parent\" data-id=\"267ddeb8\" data-element_type=\"container\">\n\t\t\t\t\t<div class=\"e-con-inner\">\n\t\t\t\t<div class=\"elementor-element elementor-element-ae5e6d3 elementor-widget elementor-widget-menu-anchor\" data-id=\"ae5e6d3\" data-element_type=\"widget\" data-widget_type=\"menu-anchor.default\">\n\t\t\t\t<div class=\"elementor-widget-container\">\n\t\t\t\t\t<div class=\"elementor-menu-anchor\" id=\"Parteien\"><\/div>\n\t\t\t\t<\/div>\n\t\t\t\t<\/div>\n\t\t\t\t<div class=\"elementor-element elementor-element-3000428b elementor-view-default elementor-widget elementor-widget-icon\" data-id=\"3000428b\" data-element_type=\"widget\" data-widget_type=\"icon.default\">\n\t\t\t\t<div class=\"elementor-widget-container\">\n\t\t\t\t\t<div class=\"elementor-icon-wrapper\">\n\t\t\t<div class=\"elementor-icon\">\n\t\t\t<svg xmlns=\"http:\/\/www.w3.org\/2000\/svg\" id=\"Capa_1\" viewBox=\"0 0 163.56 212.16\"><defs><style>      .cls-1 {        fill: #1d1d1b;      }    <\/style><\/defs><path class=\"cls-1\" d=\"M135.1,63.17h0c-12.18,0-22.61,7.71-26.65,18.5-1.41-3.78-3.62-7.24-6.55-10.17-5.37-5.37-12.51-8.33-20.1-8.33h-.02c-12.19,0-22.62,7.72-26.65,18.52-1.41-3.78-3.63-7.25-6.56-10.19-5.37-5.37-12.51-8.33-20.1-8.33h-.02c-15.69,0-28.45,12.76-28.45,28.45s12.76,28.45,28.45,28.45c1.55,0,3.08-.12,4.57-.37-4.11,5.05-6.35,11.31-6.35,17.92,0,7.6,2.96,14.74,8.33,20.12,5.37,5.37,12.51,8.33,20.12,8.34h0c1.59,0,3.15-.14,4.69-.39-4.03,4.91-6.46,11.19-6.46,18.02,0,15.68,12.76,28.45,28.44,28.45h0c15.68,0,28.44-12.76,28.45-28.44h0c0-6.84-2.42-13.11-6.45-18.02,1.52.25,3.07.39,4.66.39,15.68,0,28.45-12.76,28.45-28.45h0c0-6.79-2.39-13.04-6.37-17.93,1.49.24,3.03.37,4.59.37h0c7.6,0,14.74-2.96,20.12-8.34,5.37-5.37,8.33-12.51,8.33-20.11v-.02c0-15.69-12.77-28.45-28.46-28.45ZM108.44,101.58c1.09,2.92,2.64,5.61,4.57,7.98-1.49-.25-3.03-.37-4.59-.37s-3.08.12-4.57.37c1.75-2.15,3.17-4.52,4.21-7.04.13-.31.25-.62.37-.94ZM81.78,66.75h.02c6.64,0,12.88,2.59,17.57,7.28,4.61,4.62,7.2,10.74,7.28,17.26,0,.11,0,.23,0,.34s0,.22,0,.33c-.09,6.52-2.67,12.63-7.29,17.25-1.08,1.08-2.23,2.04-3.46,2.88-1.19.58-2.33,1.25-3.42,1.99-3.3,1.58-6.94,2.41-10.71,2.41h0c-3.85,0-7.5-.88-10.77-2.46h0c-1.06-.72-2.15-1.35-3.28-1.91-6.53-4.48-10.82-12-10.81-20.51,0-13.71,11.16-24.87,24.87-24.87ZM86.37,119.7c-1.94,2.38-3.5,5.07-4.59,7.99-1.07-2.88-2.61-5.57-4.58-7.99,1.5.24,3.03.37,4.58.37h0c1.55,0,3.08-.12,4.58-.37ZM59.71,109.55c-1.51-.24-3.04-.37-4.59-.37h0c-1.55,0-3.09.12-4.59.37,1.94-2.38,3.5-5.08,4.59-8.01,1.07,2.88,2.61,5.58,4.59,8.01ZM28.45,116.5c-13.71,0-24.88-11.16-24.88-24.88s11.16-24.88,24.88-24.88h.02c6.64,0,12.87,2.59,17.57,7.28,4.7,4.7,7.29,10.95,7.29,17.6,0,8.46-4.25,15.95-10.72,20.45-1.2.58-2.35,1.25-3.46,2.01-3.24,1.55-6.87,2.42-10.7,2.42ZM55.11,162.5c-6.64,0-12.89-2.59-17.59-7.29-4.69-4.7-7.28-10.94-7.28-17.59,0-8.49,4.28-16.01,10.8-20.5,1.14-.56,2.24-1.2,3.29-1.91,0,0,0,0,.01,0,3.26-1.57,6.91-2.45,10.76-2.45h0c3.86,0,7.51.88,10.77,2.46h0c1.06.72,2.17,1.36,3.3,1.92,6.51,4.49,10.79,11.99,10.79,20.48h0c0,6.65-2.59,12.9-7.29,17.6-1.24,1.24-2.59,2.33-4.02,3.26-.76.39-1.49.82-2.21,1.28-3.47,1.78-7.34,2.74-11.35,2.74h0ZM81.78,147.57c1.11,2.97,2.71,5.69,4.69,8.09-1.53-.25-3.09-.39-4.68-.39-1.59,0-3.15.14-4.67.39,2.01-2.44,3.59-5.17,4.67-8.09ZM106.66,183.72h0c0,13.72-11.16,24.87-24.87,24.87h0c-13.71,0-24.87-11.16-24.87-24.88,0-8.71,4.51-16.38,11.3-20.82.76-.4,1.51-.83,2.23-1.3,3.4-1.75,7.25-2.74,11.33-2.74h0c4.11,0,7.98,1.01,11.4,2.78.69.44,1.39.85,2.12,1.23,6.83,4.44,11.36,12.13,11.36,20.86ZM133.31,137.63h0c0,13.72-11.16,24.88-24.87,24.88-4.07,0-7.91-.99-11.3-2.73-.73-.47-1.49-.91-2.27-1.32-6.8-4.45-11.31-12.12-11.31-20.83h0c0-8.48,4.26-15.98,10.75-20.46,1.18-.58,2.33-1.25,3.42-1.99,3.24-1.55,6.87-2.42,10.7-2.42h0c3.85,0,7.5.88,10.76,2.45,0,0,0,0,.01,0,1.06.72,2.17,1.36,3.31,1.93,6.51,4.49,10.79,12,10.79,20.49ZM135.1,116.51h0c-3.85,0-7.5-.88-10.76-2.45,0,0,0,0-.01,0-1.06-.72-2.17-1.36-3.31-1.93-6.42-4.43-10.68-11.8-10.79-20.16,0-.11,0-.23,0-.34s0-.22,0-.33c.18-13.57,11.27-24.55,24.87-24.55h0c13.72,0,24.88,11.16,24.89,24.88,0,13.72-11.16,24.89-24.88,24.89Z\"><\/path><path class=\"cls-1\" d=\"M33.45,45.97c2.89,1.22,5.89,1.8,8.84,1.8,8.91,0,17.39-5.24,21.06-13.95.38-.91-.04-1.96-.95-2.34-.91-.39-1.96.04-2.34.95-4.13,9.78-15.44,14.37-25.22,10.24-9.78-4.13-14.38-15.44-10.25-25.22.43-1.02.95-2,1.54-2.92.06-.07.12-.15.17-.24.05-.08.1-.16.15-.24,1.39-2.28,3.37-4.25,5.74-5.84,7.03-4.71,17.55-6.13,26.96-3.01,6.59,2.19,20.85,9.67,20.85,33.2v.06c0,2.28-.14,4.72-.43,7.31-.11.98.61,1.77,1.58,1.97.19.04,1.2,0,1.28,0,.99-.04,1.69-.99,1.58-1.97-.29-2.6-.43-5.02-.43-7.31v-.05c0-23.53,14.26-31.01,20.85-33.2,9.03-3.01,19.08-1.81,26.09,2.45.15.09.29.18.44.27.11.15.26.28.43.38.57.34,1.11.72,1.64,1.11.02,0,.03.02.05.04,1.97,1.5,3.62,3.36,4.88,5.48.44.74.83,1.52,1.17,2.32,4.13,9.78-.46,21.1-10.24,25.23-4.74,2-9.97,2.04-14.73.1s-8.49-5.61-10.49-10.34c-.38-.91-1.43-1.34-2.34-.95-.91.38-1.33,1.43-.95,2.34,3.68,8.7,12.16,13.94,21.06,13.94,2.96,0,5.97-.58,8.85-1.8,11.6-4.9,17.04-18.31,12.15-29.91-1.68-3.97-4.38-7.32-7.88-9.77-.01,0-.02-.02-.04-.03C126.53.17,114.2-1.81,103.29,1.83c-7.63,2.54-13.8,7.5-17.83,14.34-1.56,2.64-2.79,5.53-3.68,8.65-.89-3.12-2.12-6.01-3.68-8.66-4.03-6.84-10.2-11.79-17.83-14.33-14.03-4.67-30.41-.06-36.81,10.26-.01.01-.02.03-.03.04-.83,1.23-1.55,2.54-2.13,3.93-2.37,5.62-2.41,11.82-.12,17.47,2.29,5.65,6.65,10.06,12.27,12.43Z\"><\/path><\/svg>\t\t\t<\/div>\n\t\t<\/div>\n\t\t\t\t<\/div>\n\t\t\t\t<\/div>\n\t\t\t\t\t<\/div>\n\t\t\t\t<\/div>\n\t\t<div class=\"elementor-element elementor-element-3923256 e-flex e-con-boxed e-con e-parent\" data-id=\"3923256\" data-element_type=\"container\">\n\t\t\t\t\t<div class=\"e-con-inner\">\n\t\t<div class=\"elementor-element elementor-element-74abfe9 e-con-full e-flex e-con e-child\" data-id=\"74abfe9\" data-element_type=\"container\">\n\t\t\t\t<div class=\"elementor-element elementor-element-944bec8 elementor-widget elementor-widget-heading\" data-id=\"944bec8\" data-element_type=\"widget\" data-widget_type=\"heading.default\">\n\t\t\t\t<div class=\"elementor-widget-container\">\n\t\t\t<h4 class=\"elementor-heading-title elementor-size-default\">Kultur und Feste in Santa Maria del Cam\u00ed<\/h4>\t\t<\/div>\n\t\t\t\t<\/div>\n\t\t\t\t<\/div>\n\t\t<div class=\"elementor-element elementor-element-eb07c94 e-con-full e-flex e-con e-child\" data-id=\"eb07c94\" data-element_type=\"container\">\n\t\t\t\t<div class=\"elementor-element elementor-element-a55af22 elementor-button-info elementor-align-right elementor-hidden-mobile elementor-widget elementor-widget-button\" data-id=\"a55af22\" data-element_type=\"widget\" data-widget_type=\"button.default\">\n\t\t\t\t<div class=\"elementor-widget-container\">\n\t\t\t\t\t<div class=\"elementor-button-wrapper\">\n\t\t\t<a class=\"elementor-button elementor-button-link elementor-size-sm\" href=\"#arriba\">\n\t\t\t\t\t\t<span class=\"elementor-button-content-wrapper\">\n\t\t\t\t\t\t<span class=\"elementor-button-icon\">\n\t\t\t\t<svg aria-hidden=\"true\" class=\"e-font-icon-svg e-fas-arrow-up\" viewBox=\"0 0 448 512\" xmlns=\"http:\/\/www.w3.org\/2000\/svg\"><path d=\"M34.9 289.5l-22.2-22.2c-9.4-9.4-9.4-24.6 0-33.9L207 39c9.4-9.4 24.6-9.4 33.9 0l194.3 194.3c9.4 9.4 9.4 24.6 0 33.9L413 289.4c-9.5 9.5-25 9.3-34.3-.4L264 168.6V456c0 13.3-10.7 24-24 24h-32c-13.3 0-24-10.7-24-24V168.6L69.2 289.1c-9.3 9.8-24.8 10-34.3.4z\"><\/path><\/svg>\t\t\t<\/span>\n\t\t\t\t\t\t\t\t<\/span>\n\t\t\t\t\t<\/a>\n\t\t<\/div>\n\t\t\t\t<\/div>\n\t\t\t\t<\/div>\n\t\t\t\t<\/div>\n\t\t\t\t\t<\/div>\n\t\t\t\t<\/div>\n\t\t<div class=\"elementor-element elementor-element-ea1afb0 e-flex e-con-boxed e-con e-parent\" data-id=\"ea1afb0\" data-element_type=\"container\">\n\t\t\t\t\t<div class=\"e-con-inner\">\n\t\t\t\t<div class=\"elementor-element elementor-element-cb1fe3e elementor-widget elementor-widget-heading\" data-id=\"cb1fe3e\" data-element_type=\"widget\" data-widget_type=\"heading.default\">\n\t\t\t\t<div class=\"elementor-widget-container\">\n\t\t\t<h2 class=\"elementor-heading-title elementor-size-default\">Messen und Festivals<\/h2>\t\t<\/div>\n\t\t\t\t<\/div>\n\t\t\t\t<div class=\"elementor-element elementor-element-767a1a5 elementor-widget elementor-widget-text-editor\" data-id=\"767a1a5\" data-element_type=\"widget\" data-widget_type=\"text-editor.default\">\n\t\t\t\t<div class=\"elementor-widget-container\">\n\t\t\t\t\t\t\t<p><span style=\"font-weight: 400;\">Die Messe Santa Maria ist eine der \u00e4ltesten auf Mallorca. Die Messe wurde am 27. Mai 1866 offiziell er\u00f6ffnet und 1971 wurde der letzte Sonntag im April als Datum f\u00fcr ihre Feier festgelegt. Seitdem feiert die ganze Stadt es mit Begeisterung und Stolz. So ist die Messe Santa Maria del Cam\u00ed zum R\u00fcckgrat einer breiten Palette von Veranstaltungen und Ausstellungen geworden, die den kulturellen, gastronomischen, wirtschaftlichen, sportlichen und sozialen Reichtum der Gemeinde zeigen.   <\/span><\/p>\n\t\t\t\t\t\t<\/div>\n\t\t\t\t<\/div>\n\t\t\t\t\t<\/div>\n\t\t\t\t<\/div>\n\t\t<div class=\"elementor-element elementor-element-93826e2 e-flex e-con-boxed e-con e-parent\" data-id=\"93826e2\" data-element_type=\"container\">\n\t\t\t\t\t<div class=\"e-con-inner\">\n\t\t<div class=\"elementor-element elementor-element-2f34dbb e-con-full e-flex e-con e-child\" data-id=\"2f34dbb\" data-element_type=\"container\">\n\t\t\t\t<div class=\"elementor-element elementor-element-a7a7fe8 elementor-widget elementor-widget-heading\" data-id=\"a7a7fe8\" data-element_type=\"widget\" data-widget_type=\"heading.default\">\n\t\t\t\t<div class=\"elementor-widget-container\">\n\t\t\t<h2 class=\"elementor-heading-title elementor-size-default\">Die Messe von Santa Maria del Cam\u00ed  <\/h2>\t\t<\/div>\n\t\t\t\t<\/div>\n\t\t\t\t<div class=\"elementor-element elementor-element-a727109 elementor-widget elementor-widget-text-editor\" data-id=\"a727109\" data-element_type=\"widget\" data-widget_type=\"text-editor.default\">\n\t\t\t\t<div class=\"elementor-widget-container\">\n\t\t\t\t\t\t\t<p><span style=\"font-weight: 400;\">Die Messe Santa Maria ist eine der \u00e4ltesten auf Mallorca. Die Messe wurde am 27. Mai 1866 offiziell er\u00f6ffnet und 1971 wurde der letzte Sonntag im April als Datum f\u00fcr ihre Feier festgelegt. Seitdem feiert die ganze Stadt es mit Begeisterung und Stolz. So ist die Messe Santa Maria del Cam\u00ed zum R\u00fcckgrat einer breiten Palette von Veranstaltungen und Ausstellungen geworden, die den kulturellen, gastronomischen, wirtschaftlichen, sportlichen und sozialen Reichtum der Gemeinde zeigen.   <\/span><\/p>\n\t\t\t\t\t\t<\/div>\n\t\t\t\t<\/div>\n\t\t\t\t<\/div>\n\t\t<div class=\"elementor-element elementor-element-8c90466 e-con-full e-flex e-con e-child\" data-id=\"8c90466\" data-element_type=\"container\">\n\t\t\t\t<div class=\"elementor-element elementor-element-dc630f5 elementor-widget elementor-widget-heading\" data-id=\"dc630f5\" data-element_type=\"widget\" data-widget_type=\"heading.default\">\n\t\t\t\t<div class=\"elementor-widget-container\">\n\t\t\t<h2 class=\"elementor-heading-title elementor-size-default\">Schutzpatronfeste von Santa Margalida  <\/h2>\t\t<\/div>\n\t\t\t\t<\/div>\n\t\t\t\t<div class=\"elementor-element elementor-element-dddd004 elementor-widget elementor-widget-text-editor\" data-id=\"dddd004\" data-element_type=\"widget\" data-widget_type=\"text-editor.default\">\n\t\t\t\t<div class=\"elementor-widget-container\">\n\t\t\t\t\t\t\t<p><span style=\"font-weight: 400;\">Die Patronatsfeierlichkeiten f\u00fcr Santa Margalida am 20. Juli. Neben kulturellen, festlichen und religi\u00f6sen Aktivit\u00e4ten sind die traditionellen Schmuckmessen erhalten geblieben. Die Eingliederung von Banden in die Partei war ein wichtiges Element der Erneuerung und Dynamik.  <\/span><\/p>\n\t\t\t\t\t\t<\/div>\n\t\t\t\t<\/div>\n\t\t\t\t<\/div>\n\t\t\t\t\t<\/div>\n\t\t\t\t<\/div>\n\t\t<div class=\"elementor-element elementor-element-bef9fe9 e-flex e-con-boxed e-con e-parent\" data-id=\"bef9fe9\" data-element_type=\"container\">\n\t\t\t\t\t<div class=\"e-con-inner\">\n\t\t<div class=\"elementor-element elementor-element-41a5dc7 e-con-full e-flex e-con e-child\" data-id=\"41a5dc7\" data-element_type=\"container\">\n\t\t\t\t<div class=\"elementor-element elementor-element-f8723d4 elementor-widget elementor-widget-image\" data-id=\"f8723d4\" data-element_type=\"widget\" data-widget_type=\"image.default\">\n\t\t\t\t<div class=\"elementor-widget-container\">\n\t\t\t\t\t\t\t\t\t\t\t\t\t<img fetchpriority=\"high\" decoding=\"async\" width=\"512\" height=\"512\" src=\"https:\/\/www.visitsantamariadelcami.com\/wp-content\/uploads\/2024\/08\/Demoni.jpg\" class=\"attachment-large size-large wp-image-209\" alt=\"\" srcset=\"https:\/\/www.visitsantamariadelcami.com\/wp-content\/uploads\/2024\/08\/Demoni.jpg 512w, https:\/\/www.visitsantamariadelcami.com\/wp-content\/uploads\/2024\/08\/Demoni-300x300.jpg 300w, https:\/\/www.visitsantamariadelcami.com\/wp-content\/uploads\/2024\/08\/Demoni-150x150.jpg 150w\" sizes=\"(max-width: 512px) 100vw, 512px\" \/>\t\t\t\t\t\t\t\t\t\t\t\t\t<\/div>\n\t\t\t\t<\/div>\n\t\t\t\t<div class=\"elementor-element elementor-element-c595ca8 elementor-widget elementor-widget-heading\" data-id=\"c595ca8\" data-element_type=\"widget\" data-widget_type=\"heading.default\">\n\t\t\t\t<div class=\"elementor-widget-container\">\n\t\t\t<h2 class=\"elementor-heading-title elementor-size-default\">Sant Antoni<\/h2>\t\t<\/div>\n\t\t\t\t<\/div>\n\t\t\t\t<div class=\"elementor-element elementor-element-887a60d elementor-widget elementor-widget-text-editor\" data-id=\"887a60d\" data-element_type=\"widget\" data-widget_type=\"text-editor.default\">\n\t\t\t\t<div class=\"elementor-widget-container\">\n\t\t\t\t\t\t\t<p>F\u00fcr Sant Antoni sind Feuer und D\u00e4monen die Hauptakteure.  <\/p>\n\t\t\t\t\t\t<\/div>\n\t\t\t\t<\/div>\n\t\t\t\t<\/div>\n\t\t<div class=\"elementor-element elementor-element-8c9696c e-con-full e-flex e-con e-child\" data-id=\"8c9696c\" data-element_type=\"container\">\n\t\t\t\t<div class=\"elementor-element elementor-element-007e404 elementor-widget elementor-widget-image\" data-id=\"007e404\" data-element_type=\"widget\" data-widget_type=\"image.default\">\n\t\t\t\t<div class=\"elementor-widget-container\">\n\t\t\t\t\t\t\t\t\t\t\t\t\t<img decoding=\"async\" width=\"562\" height=\"562\" src=\"https:\/\/www.visitsantamariadelcami.com\/wp-content\/uploads\/2024\/08\/Carnestoltes.jpg\" class=\"attachment-large size-large wp-image-208\" alt=\"\" srcset=\"https:\/\/www.visitsantamariadelcami.com\/wp-content\/uploads\/2024\/08\/Carnestoltes.jpg 562w, https:\/\/www.visitsantamariadelcami.com\/wp-content\/uploads\/2024\/08\/Carnestoltes-300x300.jpg 300w, https:\/\/www.visitsantamariadelcami.com\/wp-content\/uploads\/2024\/08\/Carnestoltes-150x150.jpg 150w\" sizes=\"(max-width: 562px) 100vw, 562px\" \/>\t\t\t\t\t\t\t\t\t\t\t\t\t<\/div>\n\t\t\t\t<\/div>\n\t\t\t\t<div class=\"elementor-element elementor-element-1c792d2 elementor-widget elementor-widget-heading\" data-id=\"1c792d2\" data-element_type=\"widget\" data-widget_type=\"heading.default\">\n\t\t\t\t<div class=\"elementor-widget-container\">\n\t\t\t<h2 class=\"elementor-heading-title elementor-size-default\">Karneval<\/h2>\t\t<\/div>\n\t\t\t\t<\/div>\n\t\t\t\t<div class=\"elementor-element elementor-element-fa10a1c elementor-widget elementor-widget-text-editor\" data-id=\"fa10a1c\" data-element_type=\"widget\" data-widget_type=\"text-editor.default\">\n\t\t\t\t<div class=\"elementor-widget-container\">\n\t\t\t\t\t\t\t<p>Carnestoltes ist eine unterhaltsame und beliebte Party, bei der Kost\u00fcme, Umzugswagen, Musik und Farben die Protagonisten der Rua sind.<\/p>\n\t\t\t\t\t\t<\/div>\n\t\t\t\t<\/div>\n\t\t\t\t<\/div>\n\t\t<div class=\"elementor-element elementor-element-27d48bc e-con-full e-flex e-con e-child\" data-id=\"27d48bc\" data-element_type=\"container\">\n\t\t\t\t<div class=\"elementor-element elementor-element-a51e532 elementor-widget elementor-widget-image\" data-id=\"a51e532\" data-element_type=\"widget\" data-widget_type=\"image.default\">\n\t\t\t\t<div class=\"elementor-widget-container\">\n\t\t\t\t\t\t\t\t\t\t\t\t\t<img decoding=\"async\" width=\"800\" height=\"800\" src=\"https:\/\/www.visitsantamariadelcami.com\/wp-content\/uploads\/2024\/08\/Pasqua.jpg\" class=\"attachment-large size-large wp-image-210\" alt=\"\" srcset=\"https:\/\/www.visitsantamariadelcami.com\/wp-content\/uploads\/2024\/08\/Pasqua.jpg 960w, https:\/\/www.visitsantamariadelcami.com\/wp-content\/uploads\/2024\/08\/Pasqua-300x300.jpg 300w, https:\/\/www.visitsantamariadelcami.com\/wp-content\/uploads\/2024\/08\/Pasqua-150x150.jpg 150w, https:\/\/www.visitsantamariadelcami.com\/wp-content\/uploads\/2024\/08\/Pasqua-768x768.jpg 768w\" sizes=\"(max-width: 800px) 100vw, 800px\" \/>\t\t\t\t\t\t\t\t\t\t\t\t\t<\/div>\n\t\t\t\t<\/div>\n\t\t\t\t<div class=\"elementor-element elementor-element-b15d8a6 elementor-widget elementor-widget-heading\" data-id=\"b15d8a6\" data-element_type=\"widget\" data-widget_type=\"heading.default\">\n\t\t\t\t<div class=\"elementor-widget-container\">\n\t\t\t<h2 class=\"elementor-heading-title elementor-size-default\">Ostern<\/h2>\t\t<\/div>\n\t\t\t\t<\/div>\n\t\t\t\t<div class=\"elementor-element elementor-element-5d96349 elementor-widget elementor-widget-text-editor\" data-id=\"5d96349\" data-element_type=\"widget\" data-widget_type=\"text-editor.default\">\n\t\t\t\t<div class=\"elementor-widget-container\">\n\t\t\t\t\t\t\t<p>Die Karwoche ist die Zeit vom Palmsonntag, dem Ende der Fastenzeit, bis zum Ostersonntag.<\/p>\n\t\t\t\t\t\t<\/div>\n\t\t\t\t<\/div>\n\t\t\t\t<\/div>\n\t\t\t\t\t<\/div>\n\t\t\t\t<\/div>\n\t\t<div class=\"elementor-element elementor-element-3691ca2 e-flex e-con-boxed e-con e-parent\" data-id=\"3691ca2\" data-element_type=\"container\">\n\t\t\t\t\t<div class=\"e-con-inner\">\n\t\t\t\t<div class=\"elementor-element elementor-element-a26bb4b elementor-widget elementor-widget-toggle\" data-id=\"a26bb4b\" data-element_type=\"widget\" data-widget_type=\"toggle.default\">\n\t\t\t\t<div class=\"elementor-widget-container\">\n\t\t\t\t\t<div class=\"elementor-toggle\">\n\t\t\t\t\t\t\t<div class=\"elementor-toggle-item\">\n\t\t\t\t\t<div id=\"elementor-tab-title-1701\" class=\"elementor-tab-title\" data-tab=\"1\" role=\"button\" aria-controls=\"elementor-tab-content-1701\" aria-expanded=\"false\">\n\t\t\t\t\t\t\t\t\t\t\t\t<a class=\"elementor-toggle-title\" tabindex=\"0\"><center>Andere Messen und Festivals<\/center><\/a>\n\t\t\t\t\t<\/div>\n\n\t\t\t\t\t<div id=\"elementor-tab-content-1701\" class=\"elementor-tab-content elementor-clearfix\" data-tab=\"1\" role=\"region\" aria-labelledby=\"elementor-tab-title-1701\"><ul><li>Sant Antoni (16. und 17. Januar)<\/li><li>Karneval (Februar)<\/li><li>Karwoche, Ostern und Engelssonntag (April)<\/li><li>Sa Fira (letzter Sonntag im April)<\/li><li>Sa Nit de Sa Bubota (erster Samstag im Mai)<\/li><li>Schutzheiligenfeste von Santa Margalida (Juli)<\/li><li>Zyklus \u201eKl\u00e4nge und Sterne\u201c (August \u2013 September)<\/li><li>Gemeindefeste (zweite Septemberwoche)<\/li><li>Neues Weinfest (letzter Samstag im November)<\/li><li>Sa Rocketa Festival (erster Samstag im Oktober)<\/li><li>Weihnachtsfeiern<\/li><\/ul><\/div>\n\t\t\t\t<\/div>\n\t\t\t\t\t\t\t\t<\/div>\n\t\t\t\t<\/div>\n\t\t\t\t<\/div>\n\t\t\t\t\t<\/div>\n\t\t\t\t<\/div>\n\t\t<div class=\"elementor-element elementor-element-dcce181 e-flex e-con-boxed e-con e-parent\" data-id=\"dcce181\" data-element_type=\"container\">\n\t\t\t\t\t<div class=\"e-con-inner\">\n\t\t\t\t<div class=\"elementor-element elementor-element-956542c elementor-widget elementor-widget-menu-anchor\" data-id=\"956542c\" data-element_type=\"widget\" data-widget_type=\"menu-anchor.default\">\n\t\t\t\t<div class=\"elementor-widget-container\">\n\t\t\t\t\t<div class=\"elementor-menu-anchor\" id=\"mercat\"><\/div>\n\t\t\t\t<\/div>\n\t\t\t\t<\/div>\n\t\t\t\t\t<\/div>\n\t\t\t\t<\/div>\n\t\t<div class=\"elementor-element elementor-element-b397e7a e-flex e-con-boxed e-con e-parent\" data-id=\"b397e7a\" data-element_type=\"container\" data-settings=\"{&quot;background_background&quot;:&quot;classic&quot;}\">\n\t\t\t\t\t<div class=\"e-con-inner\">\n\t\t<div class=\"elementor-element elementor-element-3468408 e-con-full e-flex e-con e-child\" data-id=\"3468408\" data-element_type=\"container\">\n\t\t\t\t<div class=\"elementor-element elementor-element-21e65528 elementor-widget elementor-widget-heading\" data-id=\"21e65528\" data-element_type=\"widget\" data-widget_type=\"heading.default\">\n\t\t\t\t<div class=\"elementor-widget-container\">\n\t\t\t<h2 class=\"elementor-heading-title elementor-size-default\">Wochenmarkt Santa Maria<\/h2>\t\t<\/div>\n\t\t\t\t<\/div>\n\t\t\t\t<\/div>\n\t\t<div class=\"elementor-element elementor-element-b84b6a7 e-con-full elementor-hidden-mobile e-flex e-con e-child\" data-id=\"b84b6a7\" data-element_type=\"container\">\n\t\t\t\t<div class=\"elementor-element elementor-element-1bb9916 elementor-button-info elementor-align-right elementor-widget elementor-widget-button\" data-id=\"1bb9916\" data-element_type=\"widget\" data-widget_type=\"button.default\">\n\t\t\t\t<div class=\"elementor-widget-container\">\n\t\t\t\t\t<div class=\"elementor-button-wrapper\">\n\t\t\t<a class=\"elementor-button elementor-button-link elementor-size-sm\" href=\"#arriba\">\n\t\t\t\t\t\t<span class=\"elementor-button-content-wrapper\">\n\t\t\t\t\t\t<span class=\"elementor-button-icon\">\n\t\t\t\t<svg aria-hidden=\"true\" class=\"e-font-icon-svg e-fas-arrow-up\" viewBox=\"0 0 448 512\" xmlns=\"http:\/\/www.w3.org\/2000\/svg\"><path d=\"M34.9 289.5l-22.2-22.2c-9.4-9.4-9.4-24.6 0-33.9L207 39c9.4-9.4 24.6-9.4 33.9 0l194.3 194.3c9.4 9.4 9.4 24.6 0 33.9L413 289.4c-9.5 9.5-25 9.3-34.3-.4L264 168.6V456c0 13.3-10.7 24-24 24h-32c-13.3 0-24-10.7-24-24V168.6L69.2 289.1c-9.3 9.8-24.8 10-34.3.4z\"><\/path><\/svg>\t\t\t<\/span>\n\t\t\t\t\t\t\t\t<\/span>\n\t\t\t\t\t<\/a>\n\t\t<\/div>\n\t\t\t\t<\/div>\n\t\t\t\t<\/div>\n\t\t\t\t<\/div>\n\t\t\t\t\t<\/div>\n\t\t\t\t<\/div>\n\t\t<div class=\"elementor-element elementor-element-54facbcb e-flex e-con-boxed e-con e-parent\" data-id=\"54facbcb\" data-element_type=\"container\" data-settings=\"{&quot;background_background&quot;:&quot;classic&quot;}\">\n\t\t\t\t\t<div class=\"e-con-inner\">\n\t\t\t\t<div class=\"elementor-element elementor-element-62c9e4f elementor-widget elementor-widget-text-editor\" data-id=\"62c9e4f\" data-element_type=\"widget\" data-widget_type=\"text-editor.default\">\n\t\t\t\t<div class=\"elementor-widget-container\">\n\t\t\t\t\t\t\t<p><strong>Der Wochenmarkt in Santa Maria del Cam\u00ed: ein Muss auf Mallorca<\/strong><\/p>\n<p><span style=\"font-weight: 400;\">Es ist einer der besten M\u00e4rkte auf Mallorca, was die Ausdehnung, die Produktvielfalt und die Anzahl der K\u00e4ufer und Besucher betrifft. Zu den Highlights z\u00e4hlen der Direktverkauf vieler Hersteller, insbesondere Bio-Produkte, der Verkauf lokaler Kunst- und Handwerksartikel, der Raum zur F\u00f6rderung der lokalen Wirtschaft durch den Verkauf gebrauchter Artikel und Produkte, Catering und Kunsthandwerk <\/span><\/p>\n<p><span style=\"font-weight: 400;\">Jeden Sonntag finden wir von 8.00 bis 14.00 Uhr an der Pla\u00e7a Nova de Santa Maria del Cam\u00ed einen der gr\u00f6\u00dften traditionellen M\u00e4rkte der Insel.<\/span><\/p>\n<p><strong>Vielfalt und Qualit\u00e4t: Die Reize des Marktes<\/strong><\/p>\n<p>Der Markt Santa Maria del Cam\u00ed verf\u00fcgt \u00fcber mehr als 500 St\u00e4nde, die eine beeindruckende Produktvielfalt bieten. Hier treffen sich Bauern, Handwerker, Marktst\u00e4nde und H\u00e4ndler aller Art, um ihre Waren zu pr\u00e4sentieren. <\/p>\n\t\t\t\t\t\t<\/div>\n\t\t\t\t<\/div>\n\t\t\t\t<div class=\"elementor-element elementor-element-023f96c elementor-widget elementor-widget-gallery\" data-id=\"023f96c\" data-element_type=\"widget\" data-settings=\"{&quot;gap&quot;:{&quot;unit&quot;:&quot;px&quot;,&quot;size&quot;:20,&quot;sizes&quot;:[]},&quot;lazyload&quot;:&quot;yes&quot;,&quot;gallery_layout&quot;:&quot;grid&quot;,&quot;columns&quot;:4,&quot;columns_tablet&quot;:2,&quot;columns_mobile&quot;:1,&quot;gap_tablet&quot;:{&quot;unit&quot;:&quot;px&quot;,&quot;size&quot;:10,&quot;sizes&quot;:[]},&quot;gap_mobile&quot;:{&quot;unit&quot;:&quot;px&quot;,&quot;size&quot;:10,&quot;sizes&quot;:[]},&quot;aspect_ratio&quot;:&quot;3:2&quot;,&quot;content_hover_animation&quot;:&quot;fade-in&quot;}\" data-widget_type=\"gallery.default\">\n\t\t\t\t<div class=\"elementor-widget-container\">\n\t\t\t\t\t<div class=\"elementor-gallery__container\">\n\t\t\t\t\t\t\t<div class=\"e-gallery-item elementor-gallery-item elementor-animated-content\">\n\t\t\t\t\t<div class=\"e-gallery-image elementor-gallery-item__image\" data-thumbnail=\"https:\/\/www.visitsantamariadelcami.com\/wp-content\/uploads\/2024\/10\/fruit-stand-background.jpg\" data-width=\"600\" data-height=\"400\" aria-label=\"\" role=\"img\" ><\/div>\n\t\t\t\t\t\t\t\t\t\t\t\t\t\t<\/div>\n\t\t\t\t\t\t\t<div class=\"e-gallery-item elementor-gallery-item elementor-animated-content\">\n\t\t\t\t\t<div class=\"e-gallery-image elementor-gallery-item__image\" data-thumbnail=\"https:\/\/www.visitsantamariadelcami.com\/wp-content\/uploads\/2024\/10\/haunted-house-bicycle-background.jpg\" data-width=\"600\" data-height=\"400\" aria-label=\"\" role=\"img\" ><\/div>\n\t\t\t\t\t\t\t\t\t\t\t\t\t\t<\/div>\n\t\t\t\t\t\t\t<div class=\"e-gallery-item elementor-gallery-item elementor-animated-content\">\n\t\t\t\t\t<div class=\"e-gallery-image elementor-gallery-item__image\" data-thumbnail=\"https:\/\/www.visitsantamariadelcami.com\/wp-content\/uploads\/2024\/10\/red-grapes-vineyard.jpg\" data-width=\"600\" data-height=\"400\" aria-label=\"\" role=\"img\" ><\/div>\n\t\t\t\t\t\t\t\t\t\t\t\t\t\t<\/div>\n\t\t\t\t\t\t\t<div class=\"e-gallery-item elementor-gallery-item elementor-animated-content\">\n\t\t\t\t\t<div class=\"e-gallery-image elementor-gallery-item__image\" data-thumbnail=\"https:\/\/www.visitsantamariadelcami.com\/wp-content\/uploads\/2024\/10\/top-view-shot-autumn-veggies-arrangement.jpg\" data-width=\"600\" data-height=\"400\" aria-label=\"\" role=\"img\" ><\/div>\n\t\t\t\t\t\t\t\t\t\t\t\t\t\t<\/div>\n\t\t\t\t\t<\/div>\n\t\t\t<\/div>\n\t\t\t\t<\/div>\n\t\t\t\t\t<\/div>\n\t\t\t\t<\/div>\n\t\t<div class=\"elementor-element elementor-element-a9ecf1e e-flex e-con-boxed e-con e-parent\" data-id=\"a9ecf1e\" data-element_type=\"container\">\n\t\t\t\t\t<div class=\"e-con-inner\">\n\t\t\t\t<div class=\"elementor-element elementor-element-7b8bf61 elementor-widget elementor-widget-menu-anchor\" data-id=\"7b8bf61\" data-element_type=\"widget\" data-widget_type=\"menu-anchor.default\">\n\t\t\t\t<div class=\"elementor-widget-container\">\n\t\t\t\t\t<div class=\"elementor-menu-anchor\" id=\"actividades\"><\/div>\n\t\t\t\t<\/div>\n\t\t\t\t<\/div>\n\t\t\t\t\t<\/div>\n\t\t\t\t<\/div>\n\t\t<div class=\"elementor-element elementor-element-da3699c e-flex e-con-boxed e-con e-parent\" data-id=\"da3699c\" data-element_type=\"container\">\n\t\t\t\t\t<div class=\"e-con-inner\">\n\t\t<div class=\"elementor-element elementor-element-d51c2a8 e-con-full e-flex e-con e-child\" data-id=\"d51c2a8\" data-element_type=\"container\">\n\t\t\t\t<div class=\"elementor-element elementor-element-55f05a3 elementor-widget elementor-widget-heading\" data-id=\"55f05a3\" data-element_type=\"widget\" data-widget_type=\"heading.default\">\n\t\t\t\t<div class=\"elementor-widget-container\">\n\t\t\t<h2 class=\"elementor-heading-title elementor-size-default\">Aktivit\u00e4ten von Santa Maria<\/h2>\t\t<\/div>\n\t\t\t\t<\/div>\n\t\t\t\t<\/div>\n\t\t<div class=\"elementor-element elementor-element-f1db1bf e-con-full elementor-hidden-mobile e-flex e-con e-child\" data-id=\"f1db1bf\" data-element_type=\"container\">\n\t\t\t\t<div class=\"elementor-element elementor-element-ae6319d elementor-button-info elementor-align-right elementor-widget elementor-widget-button\" data-id=\"ae6319d\" data-element_type=\"widget\" data-widget_type=\"button.default\">\n\t\t\t\t<div class=\"elementor-widget-container\">\n\t\t\t\t\t<div class=\"elementor-button-wrapper\">\n\t\t\t<a class=\"elementor-button elementor-button-link elementor-size-sm\" href=\"#arriba\">\n\t\t\t\t\t\t<span class=\"elementor-button-content-wrapper\">\n\t\t\t\t\t\t<span class=\"elementor-button-icon\">\n\t\t\t\t<svg aria-hidden=\"true\" class=\"e-font-icon-svg e-fas-arrow-up\" viewBox=\"0 0 448 512\" xmlns=\"http:\/\/www.w3.org\/2000\/svg\"><path d=\"M34.9 289.5l-22.2-22.2c-9.4-9.4-9.4-24.6 0-33.9L207 39c9.4-9.4 24.6-9.4 33.9 0l194.3 194.3c9.4 9.4 9.4 24.6 0 33.9L413 289.4c-9.5 9.5-25 9.3-34.3-.4L264 168.6V456c0 13.3-10.7 24-24 24h-32c-13.3 0-24-10.7-24-24V168.6L69.2 289.1c-9.3 9.8-24.8 10-34.3.4z\"><\/path><\/svg>\t\t\t<\/span>\n\t\t\t\t\t\t\t\t<\/span>\n\t\t\t\t\t<\/a>\n\t\t<\/div>\n\t\t\t\t<\/div>\n\t\t\t\t<\/div>\n\t\t\t\t<\/div>\n\t\t\t\t\t<\/div>\n\t\t\t\t<\/div>\n\t\t<div class=\"elementor-element elementor-element-41a7cb8 e-grid e-con-boxed e-con e-parent\" data-id=\"41a7cb8\" data-element_type=\"container\">\n\t\t\t\t\t<div class=\"e-con-inner\">\n\t\t<div class=\"elementor-element elementor-element-e6282ad e-con-full e-flex e-con e-child\" data-id=\"e6282ad\" data-element_type=\"container\" data-settings=\"{&quot;background_background&quot;:&quot;classic&quot;}\">\n\t\t\t\t<div class=\"elementor-element elementor-element-34415bd elementor-widget elementor-widget-image\" data-id=\"34415bd\" data-element_type=\"widget\" data-widget_type=\"image.default\">\n\t\t\t\t<div class=\"elementor-widget-container\">\n\t\t\t\t\t\t\t\t\t\t\t\t\t<img loading=\"lazy\" decoding=\"async\" width=\"350\" height=\"250\" src=\"https:\/\/www.visitsantamariadelcami.com\/wp-content\/uploads\/2024\/08\/Ramanya_.jpg\" class=\"attachment-large size-large wp-image-1124\" alt=\"\" srcset=\"https:\/\/www.visitsantamariadelcami.com\/wp-content\/uploads\/2024\/08\/Ramanya_.jpg 350w, https:\/\/www.visitsantamariadelcami.com\/wp-content\/uploads\/2024\/08\/Ramanya_-300x214.jpg 300w\" sizes=\"(max-width: 350px) 100vw, 350px\" \/>\t\t\t\t\t\t\t\t\t\t\t\t\t<\/div>\n\t\t\t\t<\/div>\n\t\t\t\t<div class=\"elementor-element elementor-element-86453ff elementor-widget elementor-widget-heading\" data-id=\"86453ff\" data-element_type=\"widget\" data-widget_type=\"heading.default\">\n\t\t\t\t<div class=\"elementor-widget-container\">\n\t\t\t<h2 class=\"elementor-heading-title elementor-size-default\">Museum Ramany\u00e0  <\/h2>\t\t<\/div>\n\t\t\t\t<\/div>\n\t\t\t\t<div class=\"elementor-element elementor-element-72b7a99 elementor-widget elementor-widget-button\" data-id=\"72b7a99\" data-element_type=\"widget\" data-widget_type=\"button.default\">\n\t\t\t\t<div class=\"elementor-widget-container\">\n\t\t\t\t\t<div class=\"elementor-button-wrapper\">\n\t\t\t<a class=\"elementor-button elementor-button-link elementor-size-sm\" href=\"http:\/\/bodegaramanya.com\/ca\/\" target=\"_blank\">\n\t\t\t\t\t\t<span class=\"elementor-button-content-wrapper\">\n\t\t\t\t\t\t\t\t\t<span class=\"elementor-button-text\">+ info<\/span>\n\t\t\t\t\t<\/span>\n\t\t\t\t\t<\/a>\n\t\t<\/div>\n\t\t\t\t<\/div>\n\t\t\t\t<\/div>\n\t\t\t\t<\/div>\n\t\t<div class=\"elementor-element elementor-element-a984312 e-con-full e-flex e-con e-child\" data-id=\"a984312\" data-element_type=\"container\" data-settings=\"{&quot;background_background&quot;:&quot;classic&quot;}\">\n\t\t\t\t<div class=\"elementor-element elementor-element-d6229b0 elementor-widget elementor-widget-image\" data-id=\"d6229b0\" data-element_type=\"widget\" data-widget_type=\"image.default\">\n\t\t\t\t<div class=\"elementor-widget-container\">\n\t\t\t\t\t\t\t\t\t\t\t\t\t<img loading=\"lazy\" decoding=\"async\" width=\"350\" height=\"250\" src=\"https:\/\/www.visitsantamariadelcami.com\/wp-content\/uploads\/2024\/08\/ESPAI-PASSATEMPS_.jpg\" class=\"attachment-large size-large wp-image-1121\" alt=\"\" srcset=\"https:\/\/www.visitsantamariadelcami.com\/wp-content\/uploads\/2024\/08\/ESPAI-PASSATEMPS_.jpg 350w, https:\/\/www.visitsantamariadelcami.com\/wp-content\/uploads\/2024\/08\/ESPAI-PASSATEMPS_-300x214.jpg 300w\" sizes=\"(max-width: 350px) 100vw, 350px\" \/>\t\t\t\t\t\t\t\t\t\t\t\t\t<\/div>\n\t\t\t\t<\/div>\n\t\t\t\t<div class=\"elementor-element elementor-element-6ce7255 elementor-widget elementor-widget-heading\" data-id=\"6ce7255\" data-element_type=\"widget\" data-widget_type=\"heading.default\">\n\t\t\t\t<div class=\"elementor-widget-container\">\n\t\t\t<h2 class=\"elementor-heading-title elementor-size-default\">Haus der Kultur<\/h2>\t\t<\/div>\n\t\t\t\t<\/div>\n\t\t\t\t<div class=\"elementor-element elementor-element-836b7c0 elementor-widget elementor-widget-button\" data-id=\"836b7c0\" data-element_type=\"widget\" data-widget_type=\"button.default\">\n\t\t\t\t<div class=\"elementor-widget-container\">\n\t\t\t\t\t<div class=\"elementor-button-wrapper\">\n\t\t\t<a class=\"elementor-button elementor-button-link elementor-size-sm\" href=\"https:\/\/www.lafaula.cat\/\" target=\"_blank\">\n\t\t\t\t\t\t<span class=\"elementor-button-content-wrapper\">\n\t\t\t\t\t\t\t\t\t<span class=\"elementor-button-text\">+ info<\/span>\n\t\t\t\t\t<\/span>\n\t\t\t\t\t<\/a>\n\t\t<\/div>\n\t\t\t\t<\/div>\n\t\t\t\t<\/div>\n\t\t\t\t<\/div>\n\t\t\t\t\t<\/div>\n\t\t\t\t<\/div>\n\t\t<div class=\"elementor-element elementor-element-4d4c8fb e-grid e-con-boxed e-con e-parent\" data-id=\"4d4c8fb\" data-element_type=\"container\">\n\t\t\t\t\t<div class=\"e-con-inner\">\n\t\t<div class=\"elementor-element elementor-element-b48fc70 e-con-full e-flex e-con e-child\" data-id=\"b48fc70\" data-element_type=\"container\" data-settings=\"{&quot;background_background&quot;:&quot;classic&quot;}\">\n\t\t\t\t<div class=\"elementor-element elementor-element-ac40ad3 elementor-widget elementor-widget-image\" data-id=\"ac40ad3\" data-element_type=\"widget\" data-widget_type=\"image.default\">\n\t\t\t\t<div class=\"elementor-widget-container\">\n\t\t\t\t\t\t\t\t\t\t\t\t\t<img loading=\"lazy\" decoding=\"async\" width=\"800\" height=\"450\" src=\"https:\/\/www.visitsantamariadelcami.com\/wp-content\/uploads\/2024\/08\/Ca-Ses-Mestres-1-1536x864-2.jpg\" class=\"attachment-large size-large wp-image-1126\" alt=\"\" srcset=\"https:\/\/www.visitsantamariadelcami.com\/wp-content\/uploads\/2024\/08\/Ca-Ses-Mestres-1-1536x864-2.jpg 800w, https:\/\/www.visitsantamariadelcami.com\/wp-content\/uploads\/2024\/08\/Ca-Ses-Mestres-1-1536x864-2-300x169.jpg 300w, https:\/\/www.visitsantamariadelcami.com\/wp-content\/uploads\/2024\/08\/Ca-Ses-Mestres-1-1536x864-2-768x432.jpg 768w\" sizes=\"(max-width: 800px) 100vw, 800px\" \/>\t\t\t\t\t\t\t\t\t\t\t\t\t<\/div>\n\t\t\t\t<\/div>\n\t\t\t\t<div class=\"elementor-element elementor-element-e00a3df elementor-widget elementor-widget-heading\" data-id=\"e00a3df\" data-element_type=\"widget\" data-widget_type=\"heading.default\">\n\t\t\t\t<div class=\"elementor-widget-container\">\n\t\t\t<h2 class=\"elementor-heading-title elementor-size-default\">Auditorium von Ses Casas des Mestres  <\/h2>\t\t<\/div>\n\t\t\t\t<\/div>\n\t\t\t\t<div class=\"elementor-element elementor-element-3e1b8ee elementor-widget elementor-widget-text-editor\" data-id=\"3e1b8ee\" data-element_type=\"widget\" data-widget_type=\"text-editor.default\">\n\t\t\t\t<div class=\"elementor-widget-container\">\n\t\t\t\t\t\t\t<p><span style=\"font-weight: 400;\">Ses Cases des Mestres ist eine Mehrzweckeinrichtung, die einen gro\u00dfen Teil des kulturellen Angebots der Gemeinde beherbergt. Im Auditorium finden das Theaterprogramm, die Family Show Series und die Santa Maria Amateur Theatre Show statt. <\/span><\/p>\n<p><span style=\"font-weight: 400;\">Es tr\u00e4gt den Namen des alten Geb\u00e4udes, das auf diesem Grundst\u00fcck stand: die Lehrerh\u00e4user der alten \u00f6ffentlichen Schule. Es wurde im Jahr 2000 vom Architekten Jaume Jaume erbaut. <\/span><\/p>\n<p><span style=\"font-weight: 400;\">Es ist die Heimat unserer Giganten Soler, der Verbannten und na Maria de Coanegra und der Sitz der St\u00e4dtischen Musikschule Andreu Torrens.<\/span><\/p>\n\t\t\t\t\t\t<\/div>\n\t\t\t\t<\/div>\n\t\t\t\t<div class=\"elementor-element elementor-element-aa3b4ae elementor-widget elementor-widget-button\" data-id=\"aa3b4ae\" data-element_type=\"widget\" data-widget_type=\"button.default\">\n\t\t\t\t<div class=\"elementor-widget-container\">\n\t\t\t\t\t<div class=\"elementor-button-wrapper\">\n\t\t\t<a class=\"elementor-button elementor-button-link elementor-size-sm\" href=\"https:\/\/www.ajsantamariadelcami.org\/serveis-municipals\/cultura\/ses-cases-des-mestres\/\" target=\"_blank\">\n\t\t\t\t\t\t<span class=\"elementor-button-content-wrapper\">\n\t\t\t\t\t\t\t\t\t<span class=\"elementor-button-text\">+ info<\/span>\n\t\t\t\t\t<\/span>\n\t\t\t\t\t<\/a>\n\t\t<\/div>\n\t\t\t\t<\/div>\n\t\t\t\t<\/div>\n\t\t\t\t<\/div>\n\t\t<div class=\"elementor-element elementor-element-8730842 e-con-full e-flex e-con e-child\" data-id=\"8730842\" data-element_type=\"container\" data-settings=\"{&quot;background_background&quot;:&quot;classic&quot;}\">\n\t\t\t\t<div class=\"elementor-element elementor-element-c9db8d6 elementor-widget elementor-widget-image\" data-id=\"c9db8d6\" data-element_type=\"widget\" data-widget_type=\"image.default\">\n\t\t\t\t<div class=\"elementor-widget-container\">\n\t\t\t\t\t\t\t\t\t\t\t\t\t<img loading=\"lazy\" decoding=\"async\" width=\"800\" height=\"600\" src=\"https:\/\/www.visitsantamariadelcami.com\/wp-content\/uploads\/2024\/10\/Casal-de-joves-1.jpg\" class=\"attachment-large size-large wp-image-4378\" alt=\"\" srcset=\"https:\/\/www.visitsantamariadelcami.com\/wp-content\/uploads\/2024\/10\/Casal-de-joves-1.jpg 1000w, https:\/\/www.visitsantamariadelcami.com\/wp-content\/uploads\/2024\/10\/Casal-de-joves-1-300x225.jpg 300w, https:\/\/www.visitsantamariadelcami.com\/wp-content\/uploads\/2024\/10\/Casal-de-joves-1-768x576.jpg 768w\" sizes=\"(max-width: 800px) 100vw, 800px\" \/>\t\t\t\t\t\t\t\t\t\t\t\t\t<\/div>\n\t\t\t\t<\/div>\n\t\t\t\t<div class=\"elementor-element elementor-element-732ab72 elementor-widget elementor-widget-heading\" data-id=\"732ab72\" data-element_type=\"widget\" data-widget_type=\"heading.default\">\n\t\t\t\t<div class=\"elementor-widget-container\">\n\t\t\t<h2 class=\"elementor-heading-title elementor-size-default\">Casal de Joves<\/h2>\t\t<\/div>\n\t\t\t\t<\/div>\n\t\t\t\t<div class=\"elementor-element elementor-element-48700cb elementor-widget elementor-widget-text-editor\" data-id=\"48700cb\" data-element_type=\"widget\" data-widget_type=\"text-editor.default\">\n\t\t\t\t<div class=\"elementor-widget-container\">\n\t\t\t\t\t\t\t<p>Das Casal de Joves ist ein kommunaler Raum, der allen Jugendlichen ab 12 Jahren offen steht. Sie k\u00f6nnen hier Fu\u00dfball spielen, Billard spielen, Brettspiele spielen&#8230; Es ist ein Treffpunkt, der Freundschaften f\u00f6rdert und dar\u00fcber hinaus pers\u00f6nliche und soziale F\u00e4higkeiten f\u00f6rdert und F\u00e4higkeiten.<\/p><p>In jeder Saison sind je nach Nachfrage unterschiedliche Aktivit\u00e4ten und Workshops geplant.<\/p><p>Das Casal de Joves befindet sich im alten Geb\u00e4ude der Graduiertenschule, heute Casal d&#8217;Entitats, an der Pla\u00e7a Andreu Torrens, 4.<\/p>\t\t\t\t\t\t<\/div>\n\t\t\t\t<\/div>\n\t\t\t\t<\/div>\n\t\t\t\t\t<\/div>\n\t\t\t\t<\/div>\n\t\t<div class=\"elementor-element elementor-element-5f1ff28 e-flex e-con-boxed e-con e-parent\" data-id=\"5f1ff28\" data-element_type=\"container\">\n\t\t\t\t\t<div class=\"e-con-inner\">\n\t\t\t\t<div class=\"elementor-element elementor-element-ae45ae2 elementor-widget elementor-widget-menu-anchor\" data-id=\"ae45ae2\" data-element_type=\"widget\" data-widget_type=\"menu-anchor.default\">\n\t\t\t\t<div class=\"elementor-widget-container\">\n\t\t\t\t\t<div class=\"elementor-menu-anchor\" id=\"instalaciones\"><\/div>\n\t\t\t\t<\/div>\n\t\t\t\t<\/div>\n\t\t\t\t\t<\/div>\n\t\t\t\t<\/div>\n\t\t<div class=\"elementor-element elementor-element-5bc2084 e-flex e-con-boxed e-con e-parent\" data-id=\"5bc2084\" data-element_type=\"container\">\n\t\t\t\t\t<div class=\"e-con-inner\">\n\t\t<div class=\"elementor-element elementor-element-4c32144 e-con-full e-flex e-con e-child\" data-id=\"4c32144\" data-element_type=\"container\">\n\t\t\t\t<div class=\"elementor-element elementor-element-2b99c47 elementor-widget elementor-widget-heading\" data-id=\"2b99c47\" data-element_type=\"widget\" data-widget_type=\"heading.default\">\n\t\t\t\t<div class=\"elementor-widget-container\">\n\t\t\t<h2 class=\"elementor-heading-title elementor-size-default\">Kommunale Einrichtungen  <\/h2>\t\t<\/div>\n\t\t\t\t<\/div>\n\t\t\t\t<\/div>\n\t\t<div class=\"elementor-element elementor-element-37f2d4a e-con-full e-flex e-con e-child\" data-id=\"37f2d4a\" data-element_type=\"container\">\n\t\t\t\t<div class=\"elementor-element elementor-element-4bd3d8a elementor-button-info elementor-align-right elementor-widget elementor-widget-button\" data-id=\"4bd3d8a\" data-element_type=\"widget\" data-widget_type=\"button.default\">\n\t\t\t\t<div class=\"elementor-widget-container\">\n\t\t\t\t\t<div class=\"elementor-button-wrapper\">\n\t\t\t<a class=\"elementor-button elementor-button-link elementor-size-sm\" href=\"#arriba\">\n\t\t\t\t\t\t<span class=\"elementor-button-content-wrapper\">\n\t\t\t\t\t\t<span class=\"elementor-button-icon\">\n\t\t\t\t<svg aria-hidden=\"true\" class=\"e-font-icon-svg e-fas-arrow-up\" viewBox=\"0 0 448 512\" xmlns=\"http:\/\/www.w3.org\/2000\/svg\"><path d=\"M34.9 289.5l-22.2-22.2c-9.4-9.4-9.4-24.6 0-33.9L207 39c9.4-9.4 24.6-9.4 33.9 0l194.3 194.3c9.4 9.4 9.4 24.6 0 33.9L413 289.4c-9.5 9.5-25 9.3-34.3-.4L264 168.6V456c0 13.3-10.7 24-24 24h-32c-13.3 0-24-10.7-24-24V168.6L69.2 289.1c-9.3 9.8-24.8 10-34.3.4z\"><\/path><\/svg>\t\t\t<\/span>\n\t\t\t\t\t\t\t\t<\/span>\n\t\t\t\t\t<\/a>\n\t\t<\/div>\n\t\t\t\t<\/div>\n\t\t\t\t<\/div>\n\t\t\t\t<\/div>\n\t\t\t\t\t<\/div>\n\t\t\t\t<\/div>\n\t\t<div class=\"elementor-element elementor-element-a701d5b e-flex e-con-boxed e-con e-parent\" data-id=\"a701d5b\" data-element_type=\"container\">\n\t\t\t\t\t<div class=\"e-con-inner\">\n\t\t\t\t<div class=\"elementor-element elementor-element-6cc51d7 elementor-widget elementor-widget-text-editor\" data-id=\"6cc51d7\" data-element_type=\"widget\" data-widget_type=\"text-editor.default\">\n\t\t\t\t<div class=\"elementor-widget-container\">\n\t\t\t\t\t\t\t<p>In Santa Maria del Cam\u00ed spielen die st\u00e4dtischen Einrichtungen eine entscheidende Rolle bei der Entwicklung kultureller und sportlicher Aktivit\u00e4ten sowie bei der Organisation gemeinschaftlicher Veranstaltungen. Diese Infrastrukturen sollen Bewohnern und Besuchern geeignete R\u00e4ume f\u00fcr Erholung, Sportaus\u00fcbung und die Feier gesellschaftlicher Veranstaltungen bieten. <\/p>\n\t\t\t\t\t\t<\/div>\n\t\t\t\t<\/div>\n\t\t\t\t\t<\/div>\n\t\t\t\t<\/div>\n\t\t<div class=\"elementor-element elementor-element-7bd9749 e-grid e-con-boxed e-con e-parent\" data-id=\"7bd9749\" data-element_type=\"container\">\n\t\t\t\t\t<div class=\"e-con-inner\">\n\t\t<div class=\"elementor-element elementor-element-8e636f3 e-con-full e-flex e-con e-child\" data-id=\"8e636f3\" data-element_type=\"container\" data-settings=\"{&quot;background_background&quot;:&quot;classic&quot;}\">\n\t\t\t\t<div class=\"elementor-element elementor-element-f211be3 elementor-widget elementor-widget-image\" data-id=\"f211be3\" data-element_type=\"widget\" data-widget_type=\"image.default\">\n\t\t\t\t<div class=\"elementor-widget-container\">\n\t\t\t\t\t\t\t\t\t\t\t\t\t<img loading=\"lazy\" decoding=\"async\" width=\"800\" height=\"600\" src=\"https:\/\/www.visitsantamariadelcami.com\/wp-content\/uploads\/2024\/10\/Camp-dEsports-Municipal-5-1-1.jpg\" class=\"attachment-large size-large wp-image-4347\" alt=\"\" srcset=\"https:\/\/www.visitsantamariadelcami.com\/wp-content\/uploads\/2024\/10\/Camp-dEsports-Municipal-5-1-1.jpg 1000w, https:\/\/www.visitsantamariadelcami.com\/wp-content\/uploads\/2024\/10\/Camp-dEsports-Municipal-5-1-1-300x225.jpg 300w, https:\/\/www.visitsantamariadelcami.com\/wp-content\/uploads\/2024\/10\/Camp-dEsports-Municipal-5-1-1-768x576.jpg 768w\" sizes=\"(max-width: 800px) 100vw, 800px\" \/>\t\t\t\t\t\t\t\t\t\t\t\t\t<\/div>\n\t\t\t\t<\/div>\n\t\t\t\t<div class=\"elementor-element elementor-element-c73c143 elementor-widget elementor-widget-heading\" data-id=\"c73c143\" data-element_type=\"widget\" data-widget_type=\"heading.default\">\n\t\t\t\t<div class=\"elementor-widget-container\">\n\t\t\t<h2 class=\"elementor-heading-title elementor-size-default\">St\u00e4dtischer Sportplatz Antoni Gelabert<\/h2>\t\t<\/div>\n\t\t\t\t<\/div>\n\t\t\t\t<div class=\"elementor-element elementor-element-c5afeed elementor-widget elementor-widget-text-editor\" data-id=\"c5afeed\" data-element_type=\"widget\" data-widget_type=\"text-editor.default\">\n\t\t\t\t<div class=\"elementor-widget-container\">\n\t\t\t\t\t\t\t<p>Das st\u00e4dtische Sportzentrum ist ein vielseitiger Raum, der Einrichtungen f\u00fcr eine Vielzahl von Sportarten beherbergt, darunter Fu\u00dfball, Basketball und Tennis. Dar\u00fcber hinaus verf\u00fcgt es \u00fcber ein Schwimmbad, das sowohl zur Freizeitgestaltung als auch f\u00fcr Schwimmaktivit\u00e4ten und Wassergymnastikkurse genutzt wird. Dieser Veranstaltungsort ist das Herzst\u00fcck der sportlichen Aktivit\u00e4ten in der Gemeinde.  <\/p>\n\t\t\t\t\t\t<\/div>\n\t\t\t\t<\/div>\n\t\t\t\t<\/div>\n\t\t<div class=\"elementor-element elementor-element-6c1b2f8 e-con-full e-flex e-con e-child\" data-id=\"6c1b2f8\" data-element_type=\"container\" data-settings=\"{&quot;background_background&quot;:&quot;classic&quot;}\">\n\t\t\t\t<div class=\"elementor-element elementor-element-d2e30b0 elementor-widget elementor-widget-image-carousel\" data-id=\"d2e30b0\" data-element_type=\"widget\" data-settings=\"{&quot;slides_to_show&quot;:&quot;1&quot;,&quot;navigation&quot;:&quot;none&quot;,&quot;autoplay&quot;:&quot;yes&quot;,&quot;pause_on_hover&quot;:&quot;yes&quot;,&quot;pause_on_interaction&quot;:&quot;yes&quot;,&quot;autoplay_speed&quot;:5000,&quot;infinite&quot;:&quot;yes&quot;,&quot;effect&quot;:&quot;slide&quot;,&quot;speed&quot;:500}\" data-widget_type=\"image-carousel.default\">\n\t\t\t\t<div class=\"elementor-widget-container\">\n\t\t\t\t\t<div class=\"elementor-image-carousel-wrapper swiper\" dir=\"ltr\">\n\t\t\t<div class=\"elementor-image-carousel swiper-wrapper\" aria-live=\"off\">\n\t\t\t\t\t\t\t\t<div class=\"swiper-slide\" role=\"group\" aria-roledescription=\"slide\" aria-label=\"1 von 3\"><a data-elementor-open-lightbox=\"yes\" data-elementor-lightbox-slideshow=\"d2e30b0\" data-elementor-lightbox-title=\"Placa-de-la-Vila.jpg\" data-e-action-hash=\"#elementor-action%3Aaction%3Dlightbox%26settings%3DeyJpZCI6IjQzMjkiLCJ1cmwiOiJodHRwczpcL1wvd3d3LnZpc2l0c2FudGFtYXJpYWRlbGNhbWkuY29tXC93cC1jb250ZW50XC91cGxvYWRzXC8yMDI0XC8xMFwvUGxhY2EtZGUtbGEtVmlsYS0xLmpwZyIsInNsaWRlc2hvdyI6ImQyZTMwYjAifQ%3D%3D\" href=\"https:\/\/www.visitsantamariadelcami.com\/wp-content\/uploads\/2024\/10\/Placa-de-la-Vila-1.jpg\"><figure class=\"swiper-slide-inner\"><img decoding=\"async\" class=\"swiper-slide-image\" src=\"https:\/\/www.visitsantamariadelcami.com\/wp-content\/uploads\/2024\/10\/Placa-de-la-Vila-1.jpg\" alt=\"\" \/><\/figure><\/a><\/div><div class=\"swiper-slide\" role=\"group\" aria-roledescription=\"slide\" aria-label=\"2 von 3\"><a data-elementor-open-lightbox=\"yes\" data-elementor-lightbox-slideshow=\"d2e30b0\" data-elementor-lightbox-title=\"Placa-Nova-1.jpg\" data-e-action-hash=\"#elementor-action%3Aaction%3Dlightbox%26settings%3DeyJpZCI6IjQzMzMiLCJ1cmwiOiJodHRwczpcL1wvd3d3LnZpc2l0c2FudGFtYXJpYWRlbGNhbWkuY29tXC93cC1jb250ZW50XC91cGxvYWRzXC8yMDI0XC8xMFwvUGxhY2EtTm92YS0xLTEuanBnIiwic2xpZGVzaG93IjoiZDJlMzBiMCJ9\" href=\"https:\/\/www.visitsantamariadelcami.com\/wp-content\/uploads\/2024\/10\/Placa-Nova-1-1.jpg\"><figure class=\"swiper-slide-inner\"><img decoding=\"async\" class=\"swiper-slide-image\" src=\"https:\/\/www.visitsantamariadelcami.com\/wp-content\/uploads\/2024\/10\/Placa-Nova-1-1.jpg\" alt=\"\" \/><\/figure><\/a><\/div><div class=\"swiper-slide\" role=\"group\" aria-roledescription=\"slide\" aria-label=\"3 von 3\"><a data-elementor-open-lightbox=\"yes\" data-elementor-lightbox-slideshow=\"d2e30b0\" data-elementor-lightbox-title=\"Can-Borreo-2-1.jpg\" data-e-action-hash=\"#elementor-action%3Aaction%3Dlightbox%26settings%3DeyJpZCI6IjQzMzciLCJ1cmwiOiJodHRwczpcL1wvd3d3LnZpc2l0c2FudGFtYXJpYWRlbGNhbWkuY29tXC93cC1jb250ZW50XC91cGxvYWRzXC8yMDI0XC8xMFwvQ2FuLUJvcnJlby0yLTEtMS5qcGciLCJzbGlkZXNob3ciOiJkMmUzMGIwIn0%3D\" href=\"https:\/\/www.visitsantamariadelcami.com\/wp-content\/uploads\/2024\/10\/Can-Borreo-2-1-1.jpg\"><figure class=\"swiper-slide-inner\"><img decoding=\"async\" class=\"swiper-slide-image\" src=\"https:\/\/www.visitsantamariadelcami.com\/wp-content\/uploads\/2024\/10\/Can-Borreo-2-1-1.jpg\" alt=\"\" \/><\/figure><\/a><\/div>\t\t\t<\/div>\n\t\t\t\t\t\t\t\n\t\t\t\t\t\t\t\t\t<\/div>\n\t\t\t\t<\/div>\n\t\t\t\t<\/div>\n\t\t\t\t<div class=\"elementor-element elementor-element-be4bd59 elementor-widget elementor-widget-heading\" data-id=\"be4bd59\" data-element_type=\"widget\" data-widget_type=\"heading.default\">\n\t\t\t\t<div class=\"elementor-widget-container\">\n\t\t\t<h2 class=\"elementor-heading-title elementor-size-default\">Freifl\u00e4chen<\/h2>\t\t<\/div>\n\t\t\t\t<\/div>\n\t\t\t\t<div class=\"elementor-element elementor-element-b06308c elementor-widget elementor-widget-text-editor\" data-id=\"b06308c\" data-element_type=\"widget\" data-widget_type=\"text-editor.default\">\n\t\t\t\t<div class=\"elementor-widget-container\">\n\t\t\t\t\t\t\t<p>Santa Maria del Cam\u00ed verf\u00fcgt \u00fcber mehrere Au\u00dfenbereiche, die f\u00fcr Gemeinschaftsveranstaltungen, M\u00e4rkte und Messen genutzt werden. Pla\u00e7a de la Vila und Pla\u00e7a Nova sind zentrale Orte, an denen einige der wichtigsten Feste der Stadt stattfinden. <\/p>\n\t\t\t\t\t\t<\/div>\n\t\t\t\t<\/div>\n\t\t\t\t<\/div>\n\t\t\t\t<div class=\"elementor-element elementor-element-52164eb elementor-align-center elementor-hidden-desktop elementor-hidden-tablet elementor-hidden-mobile elementor-widget elementor-widget-button\" data-id=\"52164eb\" data-element_type=\"widget\" data-widget_type=\"button.default\">\n\t\t\t\t<div class=\"elementor-widget-container\">\n\t\t\t\t\t<div class=\"elementor-button-wrapper\">\n\t\t\t<a class=\"elementor-button elementor-button-link elementor-size-sm\" href=\"#\">\n\t\t\t\t\t\t<span class=\"elementor-button-content-wrapper\">\n\t\t\t\t\t\t\t\t\t<span class=\"elementor-button-text\">Kontaktformular<\/span>\n\t\t\t\t\t<\/span>\n\t\t\t\t\t<\/a>\n\t\t<\/div>\n\t\t\t\t<\/div>\n\t\t\t\t<\/div>\n\t\t\t\t\t<\/div>\n\t\t\t\t<\/div>\n\t\t\t\t<\/div>\n\t\t","protected":false},"excerpt":{"rendered":"<p>Santa Maria del Cam\u00ed Santa Maria voller Kultur Parteien Markt Aktivit\u00e4ten Einrichtungen Wie komme ich nach Santa Maria del Cam\u00ed? Santa Maria ist sehr gut angebunden, vor allem mit der Bahn ist die Anreise sehr einfach. Der Bahnhof liegt in der Stadt, nur wenige Minuten von Gesch\u00e4ften, Restaurants, dem Markt oder der Pla\u00e7a de la [&hellip;]<\/p>\n","protected":false},"author":1,"featured_media":0,"parent":0,"menu_order":0,"comment_status":"closed","ping_status":"closed","template":"","meta":{"_acf_changed":false,"footnotes":""},"class_list":["post-1523","page","type-page","status-publish","hentry"],"acf":[],"yoast_head":"<!-- This site is optimized with the Yoast SEO plugin v23.6 - https:\/\/yoast.com\/wordpress\/plugins\/seo\/ -->\n<title>Santa Maria - Visit Santa Maria del Cam\u00ed<\/title>\n<meta name=\"robots\" content=\"index, follow, max-snippet:-1, max-image-preview:large, max-video-preview:-1\" \/>\n<link rel=\"canonical\" href=\"https:\/\/www.visitsantamariadelcami.com\/de\/santa-maria\/\" \/>\n<meta property=\"og:locale\" content=\"de_DE\" \/>\n<meta property=\"og:type\" content=\"article\" \/>\n<meta property=\"og:title\" content=\"Santa Maria - Visit Santa Maria del Cam\u00ed\" \/>\n<meta property=\"og:description\" content=\"Santa Maria del Cam\u00ed Santa Maria voller Kultur Parteien Markt Aktivit\u00e4ten Einrichtungen Wie komme ich nach Santa Maria del Cam\u00ed? Santa Maria ist sehr gut angebunden, vor allem mit der Bahn ist die Anreise sehr einfach. Der Bahnhof liegt in der Stadt, nur wenige Minuten von Gesch\u00e4ften, Restaurants, dem Markt oder der Pla\u00e7a de la [&hellip;]\" \/>\n<meta property=\"og:url\" content=\"https:\/\/www.visitsantamariadelcami.com\/de\/santa-maria\/\" \/>\n<meta property=\"og:site_name\" content=\"Visit Santa Maria del Cam\u00ed\" \/>\n<meta property=\"article:publisher\" content=\"https:\/\/www.facebook.com\/ajuntament.santamariadelcami\" \/>\n<meta property=\"article:modified_time\" content=\"2024-10-14T09:25:16+00:00\" \/>\n<meta property=\"og:image\" content=\"https:\/\/www.visitsantamariadelcami.com\/wp-content\/uploads\/2024\/08\/Demoni.jpg\" \/>\n<meta name=\"twitter:card\" content=\"summary_large_image\" \/>\n<meta name=\"twitter:label1\" content=\"Gesch\u00e4tzte Lesezeit\" \/>\n\t<meta name=\"twitter:data1\" content=\"8\u00a0Minuten\" \/>\n<script type=\"application\/ld+json\" class=\"yoast-schema-graph\">{\"@context\":\"https:\/\/schema.org\",\"@graph\":[{\"@type\":\"WebPage\",\"@id\":\"https:\/\/www.visitsantamariadelcami.com\/de\/santa-maria\/\",\"url\":\"https:\/\/www.visitsantamariadelcami.com\/de\/santa-maria\/\",\"name\":\"Santa Maria - Visit Santa Maria del Cam\u00ed\",\"isPartOf\":{\"@id\":\"https:\/\/www.visitsantamariadelcami.com\/#website\"},\"primaryImageOfPage\":{\"@id\":\"https:\/\/www.visitsantamariadelcami.com\/de\/santa-maria\/#primaryimage\"},\"image\":{\"@id\":\"https:\/\/www.visitsantamariadelcami.com\/de\/santa-maria\/#primaryimage\"},\"thumbnailUrl\":\"https:\/\/www.visitsantamariadelcami.com\/wp-content\/uploads\/2024\/08\/Demoni.jpg\",\"datePublished\":\"2024-08-16T11:50:58+00:00\",\"dateModified\":\"2024-10-14T09:25:16+00:00\",\"breadcrumb\":{\"@id\":\"https:\/\/www.visitsantamariadelcami.com\/de\/santa-maria\/#breadcrumb\"},\"inLanguage\":\"de\",\"potentialAction\":[{\"@type\":\"ReadAction\",\"target\":[\"https:\/\/www.visitsantamariadelcami.com\/de\/santa-maria\/\"]}]},{\"@type\":\"ImageObject\",\"inLanguage\":\"de\",\"@id\":\"https:\/\/www.visitsantamariadelcami.com\/de\/santa-maria\/#primaryimage\",\"url\":\"https:\/\/www.visitsantamariadelcami.com\/wp-content\/uploads\/2024\/08\/Demoni.jpg\",\"contentUrl\":\"https:\/\/www.visitsantamariadelcami.com\/wp-content\/uploads\/2024\/08\/Demoni.jpg\"},{\"@type\":\"BreadcrumbList\",\"@id\":\"https:\/\/www.visitsantamariadelcami.com\/de\/santa-maria\/#breadcrumb\",\"itemListElement\":[{\"@type\":\"ListItem\",\"position\":1,\"name\":\"Inici\",\"item\":\"https:\/\/www.visitsantamariadelcami.com\/de\/heim\/\"},{\"@type\":\"ListItem\",\"position\":2,\"name\":\"Santa Maria\"}]},{\"@type\":\"WebSite\",\"@id\":\"https:\/\/www.visitsantamariadelcami.com\/#website\",\"url\":\"https:\/\/www.visitsantamariadelcami.com\/\",\"name\":\"Visit Santa Maria del Cam\u00ed\",\"description\":\"Santa Maria et convida a descobrir la seva rica cultura, hist\u00f2ria, i tradicions. Des de vinyes i cellers de renom fins a una vibrant escena gastron\u00f2mica\",\"publisher\":{\"@id\":\"https:\/\/www.visitsantamariadelcami.com\/#organization\"},\"potentialAction\":[{\"@type\":\"SearchAction\",\"target\":{\"@type\":\"EntryPoint\",\"urlTemplate\":\"https:\/\/www.visitsantamariadelcami.com\/?s={search_term_string}\"},\"query-input\":{\"@type\":\"PropertyValueSpecification\",\"valueRequired\":true,\"valueName\":\"search_term_string\"}}],\"inLanguage\":\"de\"},{\"@type\":\"Organization\",\"@id\":\"https:\/\/www.visitsantamariadelcami.com\/#organization\",\"name\":\"Visit Santa Maria del Cam\u00ed\",\"url\":\"https:\/\/www.visitsantamariadelcami.com\/\",\"logo\":{\"@type\":\"ImageObject\",\"inLanguage\":\"de\",\"@id\":\"https:\/\/www.visitsantamariadelcami.com\/#\/schema\/logo\/image\/\",\"url\":\"https:\/\/www.visitsantamariadelcami.com\/wp-content\/uploads\/2024\/08\/uva-1.svg\",\"contentUrl\":\"https:\/\/www.visitsantamariadelcami.com\/wp-content\/uploads\/2024\/08\/uva-1.svg\",\"caption\":\"Visit Santa Maria del Cam\u00ed\"},\"image\":{\"@id\":\"https:\/\/www.visitsantamariadelcami.com\/#\/schema\/logo\/image\/\"},\"sameAs\":[\"https:\/\/www.facebook.com\/ajuntament.santamariadelcami\",\"https:\/\/www.instagram.com\/ajsantamariadelcami\/\"]}]}<\/script>\n<!-- \/ Yoast SEO plugin. -->","yoast_head_json":{"title":"Santa Maria - Visit Santa Maria del Cam\u00ed","robots":{"index":"index","follow":"follow","max-snippet":"max-snippet:-1","max-image-preview":"max-image-preview:large","max-video-preview":"max-video-preview:-1"},"canonical":"https:\/\/www.visitsantamariadelcami.com\/de\/santa-maria\/","og_locale":"de_DE","og_type":"article","og_title":"Santa Maria - Visit Santa Maria del Cam\u00ed","og_description":"Santa Maria del Cam\u00ed Santa Maria voller Kultur Parteien Markt Aktivit\u00e4ten Einrichtungen Wie komme ich nach Santa Maria del Cam\u00ed? Santa Maria ist sehr gut angebunden, vor allem mit der Bahn ist die Anreise sehr einfach. Der Bahnhof liegt in der Stadt, nur wenige Minuten von Gesch\u00e4ften, Restaurants, dem Markt oder der Pla\u00e7a de la [&hellip;]","og_url":"https:\/\/www.visitsantamariadelcami.com\/de\/santa-maria\/","og_site_name":"Visit Santa Maria del Cam\u00ed","article_publisher":"https:\/\/www.facebook.com\/ajuntament.santamariadelcami","article_modified_time":"2024-10-14T09:25:16+00:00","og_image":[{"url":"https:\/\/www.visitsantamariadelcami.com\/wp-content\/uploads\/2024\/08\/Demoni.jpg"}],"twitter_card":"summary_large_image","twitter_misc":{"Gesch\u00e4tzte Lesezeit":"8\u00a0Minuten"},"schema":{"@context":"https:\/\/schema.org","@graph":[{"@type":"WebPage","@id":"https:\/\/www.visitsantamariadelcami.com\/de\/santa-maria\/","url":"https:\/\/www.visitsantamariadelcami.com\/de\/santa-maria\/","name":"Santa Maria - Visit Santa Maria del Cam\u00ed","isPartOf":{"@id":"https:\/\/www.visitsantamariadelcami.com\/#website"},"primaryImageOfPage":{"@id":"https:\/\/www.visitsantamariadelcami.com\/de\/santa-maria\/#primaryimage"},"image":{"@id":"https:\/\/www.visitsantamariadelcami.com\/de\/santa-maria\/#primaryimage"},"thumbnailUrl":"https:\/\/www.visitsantamariadelcami.com\/wp-content\/uploads\/2024\/08\/Demoni.jpg","datePublished":"2024-08-16T11:50:58+00:00","dateModified":"2024-10-14T09:25:16+00:00","breadcrumb":{"@id":"https:\/\/www.visitsantamariadelcami.com\/de\/santa-maria\/#breadcrumb"},"inLanguage":"de","potentialAction":[{"@type":"ReadAction","target":["https:\/\/www.visitsantamariadelcami.com\/de\/santa-maria\/"]}]},{"@type":"ImageObject","inLanguage":"de","@id":"https:\/\/www.visitsantamariadelcami.com\/de\/santa-maria\/#primaryimage","url":"https:\/\/www.visitsantamariadelcami.com\/wp-content\/uploads\/2024\/08\/Demoni.jpg","contentUrl":"https:\/\/www.visitsantamariadelcami.com\/wp-content\/uploads\/2024\/08\/Demoni.jpg"},{"@type":"BreadcrumbList","@id":"https:\/\/www.visitsantamariadelcami.com\/de\/santa-maria\/#breadcrumb","itemListElement":[{"@type":"ListItem","position":1,"name":"Inici","item":"https:\/\/www.visitsantamariadelcami.com\/de\/heim\/"},{"@type":"ListItem","position":2,"name":"Santa Maria"}]},{"@type":"WebSite","@id":"https:\/\/www.visitsantamariadelcami.com\/#website","url":"https:\/\/www.visitsantamariadelcami.com\/","name":"Visit Santa Maria del Cam\u00ed","description":"Santa Maria et convida a descobrir la seva rica cultura, hist\u00f2ria, i tradicions. Des de vinyes i cellers de renom fins a una vibrant escena gastron\u00f2mica","publisher":{"@id":"https:\/\/www.visitsantamariadelcami.com\/#organization"},"potentialAction":[{"@type":"SearchAction","target":{"@type":"EntryPoint","urlTemplate":"https:\/\/www.visitsantamariadelcami.com\/?s={search_term_string}"},"query-input":{"@type":"PropertyValueSpecification","valueRequired":true,"valueName":"search_term_string"}}],"inLanguage":"de"},{"@type":"Organization","@id":"https:\/\/www.visitsantamariadelcami.com\/#organization","name":"Visit Santa Maria del Cam\u00ed","url":"https:\/\/www.visitsantamariadelcami.com\/","logo":{"@type":"ImageObject","inLanguage":"de","@id":"https:\/\/www.visitsantamariadelcami.com\/#\/schema\/logo\/image\/","url":"https:\/\/www.visitsantamariadelcami.com\/wp-content\/uploads\/2024\/08\/uva-1.svg","contentUrl":"https:\/\/www.visitsantamariadelcami.com\/wp-content\/uploads\/2024\/08\/uva-1.svg","caption":"Visit Santa Maria del Cam\u00ed"},"image":{"@id":"https:\/\/www.visitsantamariadelcami.com\/#\/schema\/logo\/image\/"},"sameAs":["https:\/\/www.facebook.com\/ajuntament.santamariadelcami","https:\/\/www.instagram.com\/ajsantamariadelcami\/"]}]}},"_links":{"self":[{"href":"https:\/\/www.visitsantamariadelcami.com\/de\/wp-json\/wp\/v2\/pages\/1523","targetHints":{"allow":["GET"]}}],"collection":[{"href":"https:\/\/www.visitsantamariadelcami.com\/de\/wp-json\/wp\/v2\/pages"}],"about":[{"href":"https:\/\/www.visitsantamariadelcami.com\/de\/wp-json\/wp\/v2\/types\/page"}],"author":[{"embeddable":true,"href":"https:\/\/www.visitsantamariadelcami.com\/de\/wp-json\/wp\/v2\/users\/1"}],"replies":[{"embeddable":true,"href":"https:\/\/www.visitsantamariadelcami.com\/de\/wp-json\/wp\/v2\/comments?post=1523"}],"version-history":[{"count":20,"href":"https:\/\/www.visitsantamariadelcami.com\/de\/wp-json\/wp\/v2\/pages\/1523\/revisions"}],"predecessor-version":[{"id":4392,"href":"https:\/\/www.visitsantamariadelcami.com\/de\/wp-json\/wp\/v2\/pages\/1523\/revisions\/4392"}],"wp:attachment":[{"href":"https:\/\/www.visitsantamariadelcami.com\/de\/wp-json\/wp\/v2\/media?parent=1523"}],"curies":[{"name":"wp","href":"https:\/\/api.w.org\/{rel}","templated":true}]}}