{"id":1480,"date":"2024-09-09T11:53:50","date_gmt":"2024-09-09T11:53:50","guid":{"rendered":"https:\/\/www.visitsantamariadelcami.com\/datenschutzrichtlinie\/"},"modified":"2024-09-10T11:27:04","modified_gmt":"2024-09-10T11:27:04","slug":"datenschutzrichtlinie","status":"publish","type":"page","link":"https:\/\/www.visitsantamariadelcami.com\/de\/datenschutzrichtlinie\/","title":{"rendered":"Datenschutzrichtlinie"},"content":{"rendered":"\t\t<div data-elementor-type=\"wp-page\" data-elementor-id=\"1480\" class=\"elementor elementor-1480 elementor-1241\" data-elementor-post-type=\"page\">\n\t\t\t\t<div class=\"elementor-element elementor-element-6dec3586 e-flex e-con-boxed e-con e-parent\" data-id=\"6dec3586\" data-element_type=\"container\">\n\t\t\t\t\t<div class=\"e-con-inner\">\n\t\t\t\t<div class=\"elementor-element elementor-element-3b9a2a3 elementor-widget elementor-widget-heading\" data-id=\"3b9a2a3\" data-element_type=\"widget\" data-widget_type=\"heading.default\">\n\t\t\t\t<div class=\"elementor-widget-container\">\n\t\t\t<h2 class=\"elementor-heading-title elementor-size-default\">Datenschutzrichtlinie<\/h2>\t\t<\/div>\n\t\t\t\t<\/div>\n\t\t\t\t<div class=\"elementor-element elementor-element-47b284ce elementor-widget elementor-widget-text-editor\" data-id=\"47b284ce\" data-element_type=\"widget\" data-widget_type=\"text-editor.default\">\n\t\t\t\t<div class=\"elementor-widget-container\">\n\t\t\t\t\t\t\t<p>INFORMATIONEN F\u00dcR DEN BENUTZER<br \/> Wer ist f\u00fcr die Verarbeitung Ihrer personenbezogenen Daten verantwortlich?<br \/>Ajunrament de Santa Maria del Cam\u00ed ist f\u00fcr die Verarbeitung der personenbezogenen Daten des NUTZERS VERANTWORTLICH und informiert Sie dar\u00fcber, dass diese Daten gem\u00e4\u00df den Bestimmungen der Verordnung (EU) 2016\/679 vom 27. April (DSGVO) und dem Organgesetz 3 verarbeitet werden \/2018, vom 5. Dezember (LOPDGDD).<br \/>Wie lange werden wir Ihre personenbezogenen Daten aufbewahren?<br \/>Sie werden nicht l\u00e4nger aufbewahrt, als es zur Aufrechterhaltung des Zwecks der Behandlung erforderlich ist oder gesetzliche Vorschriften ihre Aufbewahrung vorschreiben. Wenn dies nicht mehr erforderlich ist, werden sie mit angemessenen Sicherheitsma\u00dfnahmen gel\u00f6scht, um die Anonymisierung der Daten zu gew\u00e4hrleisten ihre v\u00f6llige Zerst\u00f6rung derselben<br \/>An wen geben wir Ihre personenbezogenen Daten weiter?<br \/>Es ist keine Weitergabe personenbezogener Daten an Dritte vorgesehen, au\u00dfer, sofern dies f\u00fcr die Entwicklung und Durchf\u00fchrung der Verarbeitungszwecke erforderlich ist, an unsere Dienstleister im Zusammenhang mit der Kommunikation, mit denen der VERANTWORTLICHE Vertraulichkeits- und Datenverarbeitungsvertr\u00e4ge gem\u00e4\u00df den geltenden Datenschutzbestimmungen unterzeichnet hat .<br \/>Welche Rechte haben Sie?<br \/>Die dem BENUTZER zustehenden Rechte sind:<br \/> Recht, die Einwilligung jederzeit zu widerrufen.<br \/>Recht auf Zugang, Berichtigung, \u00dcbertragbarkeit und L\u00f6schung Ihrer Daten sowie Einschr\u00e4nkung oder Widerspruch gegen die Verarbeitung.<br \/>Das Recht, eine Beschwerde bei der Kontrollbeh\u00f6rde (www.aepd.es) einzureichen, wenn Sie der Meinung sind, dass die Behandlung nicht den geltenden Vorschriften entspricht.<\/p>\n<p>Kontaktdaten zur Aus\u00fcbung Ihrer Rechte: Pla\u00e7a de la Vila, 1. 07320 Santa Maria del Cam\u00ed.<br \/> Telefon: 971 620 131.<br \/> OBLIGATORISCHER ODER FAKULTATIVER CHARAKTER DER VOM BENUTZER BEREITGESTELLTEN INFORMATIONEN<br \/> Der BENUTZER erkl\u00e4rt sich ausdr\u00fccklich und freiwillig einverstanden, indem er die entsprechenden K\u00e4stchen ankreuzt und Daten in die mit einem Sternchen (*) gekennzeichneten Felder im Kontaktformular oder in Download-Formularen eingibt.<br \/> Wir weisen ausdr\u00fccklich darauf hin, dass Ihre Daten f\u00fcr die Bearbeitung Ihres Anliegens seitens des Kreditgebers erforderlich sind und die Angabe der Daten in den \u00fcbrigen Feldern freiwillig ist. Der NUTZER garantiert, dass die dem VERANTWORTLICHEN zur Verf\u00fcgung gestellten personenbezogenen Daten der Wahrheit entsprechen und ist f\u00fcr die Mitteilung etwaiger \u00c4nderungen verantwortlich.  <br \/>Der VERANTWORTLICHE weist darauf hin, dass alle \u00fcber die Website angeforderten Daten obligatorisch sind, da sie f\u00fcr die Bereitstellung eines optimalen Dienstes f\u00fcr den NUTZER erforderlich sind. F\u00fcr den Fall, dass nicht alle Daten bereitgestellt werden, kann nicht gew\u00e4hrleistet werden, dass die bereitgestellten Informationen und Dienste vollst\u00e4ndig an Ihre Bed\u00fcrfnisse angepasst werden. <br \/>SICHERHEITSMASSNAHMEN<br \/> Dass der VERANTWORTLICHE in \u00dcbereinstimmung mit den Bestimmungen der geltenden Vorschriften zum Schutz personenbezogener Daten alle Bestimmungen der DSGVO- und LOPDGDD-Vorschriften f\u00fcr die Behandlung der personenbezogenen Daten in seinem Verantwortungsbereich und offensichtlich die in aufgef\u00fchrten Grunds\u00e4tze einh\u00e4lt Artikel 5 der DSGVO, wonach sie rechtm\u00e4\u00dfig, loyal und transparent gegen\u00fcber der betroffenen Partei behandelt werden und angemessen, relevant und auf das f\u00fcr die Zwecke, f\u00fcr die sie behandelt werden, erforderliche Ma\u00df beschr\u00e4nkt ist.<br \/>Der VERANTWORTLICHE garantiert, dass er geeignete technische und organisatorische Richtlinien zur Anwendung der in der DSGVO und der LOPDGDD festgelegten Sicherheitsma\u00dfnahmen zum Schutz der Rechte und Freiheiten der NUTZER implementiert und ihnen die entsprechenden Informationen mitgeteilt hat, damit sie diese aus\u00fcben k\u00f6nnen.<\/p>\n\t\t\t\t\t\t<\/div>\n\t\t\t\t<\/div>\n\t\t\t\t\t<\/div>\n\t\t\t\t<\/div>\n\t\t\t\t<\/div>\n\t\t","protected":false},"excerpt":{"rendered":"<p>Datenschutzrichtlinie INFORMATIONEN F\u00dcR DEN BENUTZER Wer ist f\u00fcr die Verarbeitung Ihrer personenbezogenen Daten verantwortlich?Ajunrament de Santa Maria del Cam\u00ed ist f\u00fcr die Verarbeitung der personenbezogenen Daten des NUTZERS VERANTWORTLICH und informiert Sie dar\u00fcber, dass diese Daten gem\u00e4\u00df den Bestimmungen der Verordnung (EU) 2016\/679 vom 27. April (DSGVO) und dem Organgesetz 3 verarbeitet werden \/2018, vom [&hellip;]<\/p>\n","protected":false},"author":1,"featured_media":0,"parent":0,"menu_order":0,"comment_status":"closed","ping_status":"closed","template":"","meta":{"_acf_changed":false,"footnotes":""},"class_list":["post-1480","page","type-page","status-publish","hentry"],"acf":[],"yoast_head":"<!-- This site is optimized with the Yoast SEO plugin v23.6 - https:\/\/yoast.com\/wordpress\/plugins\/seo\/ -->\n<title>Datenschutzrichtlinie - Visit Santa Maria del Cam\u00ed<\/title>\n<meta name=\"robots\" content=\"index, follow, max-snippet:-1, max-image-preview:large, max-video-preview:-1\" \/>\n<link rel=\"canonical\" href=\"https:\/\/www.visitsantamariadelcami.com\/de\/datenschutzrichtlinie\/\" \/>\n<meta property=\"og:locale\" content=\"de_DE\" \/>\n<meta property=\"og:type\" content=\"article\" \/>\n<meta property=\"og:title\" content=\"Datenschutzrichtlinie - Visit Santa Maria del Cam\u00ed\" \/>\n<meta property=\"og:description\" content=\"Datenschutzrichtlinie INFORMATIONEN F\u00dcR DEN BENUTZER Wer ist f\u00fcr die Verarbeitung Ihrer personenbezogenen Daten verantwortlich?Ajunrament de Santa Maria del Cam\u00ed ist f\u00fcr die Verarbeitung der personenbezogenen Daten des NUTZERS VERANTWORTLICH und informiert Sie dar\u00fcber, dass diese Daten gem\u00e4\u00df den Bestimmungen der Verordnung (EU) 2016\/679 vom 27. April (DSGVO) und dem Organgesetz 3 verarbeitet werden \/2018, vom [&hellip;]\" \/>\n<meta property=\"og:url\" content=\"https:\/\/www.visitsantamariadelcami.com\/de\/datenschutzrichtlinie\/\" \/>\n<meta property=\"og:site_name\" content=\"Visit Santa Maria del Cam\u00ed\" \/>\n<meta property=\"article:publisher\" content=\"https:\/\/www.facebook.com\/ajuntament.santamariadelcami\" \/>\n<meta property=\"article:modified_time\" content=\"2024-09-10T11:27:04+00:00\" \/>\n<meta name=\"twitter:card\" content=\"summary_large_image\" \/>\n<meta name=\"twitter:label1\" content=\"Gesch\u00e4tzte Lesezeit\" \/>\n\t<meta name=\"twitter:data1\" content=\"3\u00a0Minuten\" \/>\n<script type=\"application\/ld+json\" class=\"yoast-schema-graph\">{\"@context\":\"https:\/\/schema.org\",\"@graph\":[{\"@type\":\"WebPage\",\"@id\":\"https:\/\/www.visitsantamariadelcami.com\/de\/datenschutzrichtlinie\/\",\"url\":\"https:\/\/www.visitsantamariadelcami.com\/de\/datenschutzrichtlinie\/\",\"name\":\"Datenschutzrichtlinie - Visit Santa Maria del Cam\u00ed\",\"isPartOf\":{\"@id\":\"https:\/\/www.visitsantamariadelcami.com\/#website\"},\"datePublished\":\"2024-09-09T11:53:50+00:00\",\"dateModified\":\"2024-09-10T11:27:04+00:00\",\"breadcrumb\":{\"@id\":\"https:\/\/www.visitsantamariadelcami.com\/de\/datenschutzrichtlinie\/#breadcrumb\"},\"inLanguage\":\"de\",\"potentialAction\":[{\"@type\":\"ReadAction\",\"target\":[\"https:\/\/www.visitsantamariadelcami.com\/de\/datenschutzrichtlinie\/\"]}]},{\"@type\":\"BreadcrumbList\",\"@id\":\"https:\/\/www.visitsantamariadelcami.com\/de\/datenschutzrichtlinie\/#breadcrumb\",\"itemListElement\":[{\"@type\":\"ListItem\",\"position\":1,\"name\":\"Inici\",\"item\":\"https:\/\/www.visitsantamariadelcami.com\/de\/heim\/\"},{\"@type\":\"ListItem\",\"position\":2,\"name\":\"Datenschutzrichtlinie\"}]},{\"@type\":\"WebSite\",\"@id\":\"https:\/\/www.visitsantamariadelcami.com\/#website\",\"url\":\"https:\/\/www.visitsantamariadelcami.com\/\",\"name\":\"Visit Santa Maria del Cam\u00ed\",\"description\":\"Santa Maria et convida a descobrir la seva rica cultura, hist\u00f2ria, i tradicions. Des de vinyes i cellers de renom fins a una vibrant escena gastron\u00f2mica\",\"publisher\":{\"@id\":\"https:\/\/www.visitsantamariadelcami.com\/#organization\"},\"potentialAction\":[{\"@type\":\"SearchAction\",\"target\":{\"@type\":\"EntryPoint\",\"urlTemplate\":\"https:\/\/www.visitsantamariadelcami.com\/?s={search_term_string}\"},\"query-input\":{\"@type\":\"PropertyValueSpecification\",\"valueRequired\":true,\"valueName\":\"search_term_string\"}}],\"inLanguage\":\"de\"},{\"@type\":\"Organization\",\"@id\":\"https:\/\/www.visitsantamariadelcami.com\/#organization\",\"name\":\"Visit Santa Maria del Cam\u00ed\",\"url\":\"https:\/\/www.visitsantamariadelcami.com\/\",\"logo\":{\"@type\":\"ImageObject\",\"inLanguage\":\"de\",\"@id\":\"https:\/\/www.visitsantamariadelcami.com\/#\/schema\/logo\/image\/\",\"url\":\"https:\/\/www.visitsantamariadelcami.com\/wp-content\/uploads\/2024\/08\/uva-1.svg\",\"contentUrl\":\"https:\/\/www.visitsantamariadelcami.com\/wp-content\/uploads\/2024\/08\/uva-1.svg\",\"caption\":\"Visit Santa Maria del Cam\u00ed\"},\"image\":{\"@id\":\"https:\/\/www.visitsantamariadelcami.com\/#\/schema\/logo\/image\/\"},\"sameAs\":[\"https:\/\/www.facebook.com\/ajuntament.santamariadelcami\",\"https:\/\/www.instagram.com\/ajsantamariadelcami\/\"]}]}<\/script>\n<!-- \/ Yoast SEO plugin. -->","yoast_head_json":{"title":"Datenschutzrichtlinie - Visit Santa Maria del Cam\u00ed","robots":{"index":"index","follow":"follow","max-snippet":"max-snippet:-1","max-image-preview":"max-image-preview:large","max-video-preview":"max-video-preview:-1"},"canonical":"https:\/\/www.visitsantamariadelcami.com\/de\/datenschutzrichtlinie\/","og_locale":"de_DE","og_type":"article","og_title":"Datenschutzrichtlinie - Visit Santa Maria del Cam\u00ed","og_description":"Datenschutzrichtlinie INFORMATIONEN F\u00dcR DEN BENUTZER Wer ist f\u00fcr die Verarbeitung Ihrer personenbezogenen Daten verantwortlich?Ajunrament de Santa Maria del Cam\u00ed ist f\u00fcr die Verarbeitung der personenbezogenen Daten des NUTZERS VERANTWORTLICH und informiert Sie dar\u00fcber, dass diese Daten gem\u00e4\u00df den Bestimmungen der Verordnung (EU) 2016\/679 vom 27. April (DSGVO) und dem Organgesetz 3 verarbeitet werden \/2018, vom [&hellip;]","og_url":"https:\/\/www.visitsantamariadelcami.com\/de\/datenschutzrichtlinie\/","og_site_name":"Visit Santa Maria del Cam\u00ed","article_publisher":"https:\/\/www.facebook.com\/ajuntament.santamariadelcami","article_modified_time":"2024-09-10T11:27:04+00:00","twitter_card":"summary_large_image","twitter_misc":{"Gesch\u00e4tzte Lesezeit":"3\u00a0Minuten"},"schema":{"@context":"https:\/\/schema.org","@graph":[{"@type":"WebPage","@id":"https:\/\/www.visitsantamariadelcami.com\/de\/datenschutzrichtlinie\/","url":"https:\/\/www.visitsantamariadelcami.com\/de\/datenschutzrichtlinie\/","name":"Datenschutzrichtlinie - Visit Santa Maria del Cam\u00ed","isPartOf":{"@id":"https:\/\/www.visitsantamariadelcami.com\/#website"},"datePublished":"2024-09-09T11:53:50+00:00","dateModified":"2024-09-10T11:27:04+00:00","breadcrumb":{"@id":"https:\/\/www.visitsantamariadelcami.com\/de\/datenschutzrichtlinie\/#breadcrumb"},"inLanguage":"de","potentialAction":[{"@type":"ReadAction","target":["https:\/\/www.visitsantamariadelcami.com\/de\/datenschutzrichtlinie\/"]}]},{"@type":"BreadcrumbList","@id":"https:\/\/www.visitsantamariadelcami.com\/de\/datenschutzrichtlinie\/#breadcrumb","itemListElement":[{"@type":"ListItem","position":1,"name":"Inici","item":"https:\/\/www.visitsantamariadelcami.com\/de\/heim\/"},{"@type":"ListItem","position":2,"name":"Datenschutzrichtlinie"}]},{"@type":"WebSite","@id":"https:\/\/www.visitsantamariadelcami.com\/#website","url":"https:\/\/www.visitsantamariadelcami.com\/","name":"Visit Santa Maria del Cam\u00ed","description":"Santa Maria et convida a descobrir la seva rica cultura, hist\u00f2ria, i tradicions. Des de vinyes i cellers de renom fins a una vibrant escena gastron\u00f2mica","publisher":{"@id":"https:\/\/www.visitsantamariadelcami.com\/#organization"},"potentialAction":[{"@type":"SearchAction","target":{"@type":"EntryPoint","urlTemplate":"https:\/\/www.visitsantamariadelcami.com\/?s={search_term_string}"},"query-input":{"@type":"PropertyValueSpecification","valueRequired":true,"valueName":"search_term_string"}}],"inLanguage":"de"},{"@type":"Organization","@id":"https:\/\/www.visitsantamariadelcami.com\/#organization","name":"Visit Santa Maria del Cam\u00ed","url":"https:\/\/www.visitsantamariadelcami.com\/","logo":{"@type":"ImageObject","inLanguage":"de","@id":"https:\/\/www.visitsantamariadelcami.com\/#\/schema\/logo\/image\/","url":"https:\/\/www.visitsantamariadelcami.com\/wp-content\/uploads\/2024\/08\/uva-1.svg","contentUrl":"https:\/\/www.visitsantamariadelcami.com\/wp-content\/uploads\/2024\/08\/uva-1.svg","caption":"Visit Santa Maria del Cam\u00ed"},"image":{"@id":"https:\/\/www.visitsantamariadelcami.com\/#\/schema\/logo\/image\/"},"sameAs":["https:\/\/www.facebook.com\/ajuntament.santamariadelcami","https:\/\/www.instagram.com\/ajsantamariadelcami\/"]}]}},"_links":{"self":[{"href":"https:\/\/www.visitsantamariadelcami.com\/de\/wp-json\/wp\/v2\/pages\/1480","targetHints":{"allow":["GET"]}}],"collection":[{"href":"https:\/\/www.visitsantamariadelcami.com\/de\/wp-json\/wp\/v2\/pages"}],"about":[{"href":"https:\/\/www.visitsantamariadelcami.com\/de\/wp-json\/wp\/v2\/types\/page"}],"author":[{"embeddable":true,"href":"https:\/\/www.visitsantamariadelcami.com\/de\/wp-json\/wp\/v2\/users\/1"}],"replies":[{"embeddable":true,"href":"https:\/\/www.visitsantamariadelcami.com\/de\/wp-json\/wp\/v2\/comments?post=1480"}],"version-history":[{"count":2,"href":"https:\/\/www.visitsantamariadelcami.com\/de\/wp-json\/wp\/v2\/pages\/1480\/revisions"}],"predecessor-version":[{"id":1487,"href":"https:\/\/www.visitsantamariadelcami.com\/de\/wp-json\/wp\/v2\/pages\/1480\/revisions\/1487"}],"wp:attachment":[{"href":"https:\/\/www.visitsantamariadelcami.com\/de\/wp-json\/wp\/v2\/media?parent=1480"}],"curies":[{"name":"wp","href":"https:\/\/api.w.org\/{rel}","templated":true}]}}